{"id":3468,"date":"2018-03-22T19:29:10","date_gmt":"2018-03-22T22:29:10","guid":{"rendered":"https:\/\/www.vitaimagem.com.br\/sobre-nosotros\/"},"modified":"2025-01-13T13:36:32","modified_gmt":"2025-01-13T16:36:32","slug":"sobre-nosotros","status":"publish","type":"page","link":"https:\/\/www.vitaimagem.com.br\/es\/sobre-nosotros\/","title":{"rendered":"Sobre nosotros"},"content":{"rendered":"<p><div class=\"fusion-fullwidth fullwidth-box fusion-builder-row-1 fusion-flex-container nonhundred-percent-fullwidth non-hundred-percent-height-scrolling\" style=\"--awb-border-radius-top-left:0px;--awb-border-radius-top-right:0px;--awb-border-radius-bottom-right:0px;--awb-border-radius-bottom-left:0px;--awb-margin-bottom:25px;--awb-flex-wrap:wrap;\" ><div class=\"fusion-builder-row fusion-row fusion-flex-align-items-stretch fusion-flex-content-wrap\" style=\"max-width:1248px;margin-left: calc(-4% \/ 2 );margin-right: calc(-4% \/ 2 );\"><div class=\"fusion-layout-column fusion_builder_column fusion-builder-column-0 fusion_builder_column_1_2 1_2 fusion-flex-column fusion-animated\" style=\"--awb-bg-blend:overlay;--awb-bg-size:cover;--awb-width-large:50%;--awb-margin-top-large:0px;--awb-spacing-right-large:3.84%;--awb-margin-bottom-large:0px;--awb-spacing-left-large:3.84%;--awb-width-medium:100%;--awb-spacing-right-medium:1.92%;--awb-spacing-left-medium:1.92%;--awb-width-small:100%;--awb-spacing-right-small:1.92%;--awb-spacing-left-small:1.92%;\" data-animationType=\"fadeInLeft\" data-animationDuration=\"1.0\" data-animationOffset=\"top-into-view\"><div class=\"fusion-column-wrapper fusion-flex-justify-content-center fusion-content-layout-column\"><div class=\"fusion-video fusion-youtube\" style=\"--awb-max-width:600px;--awb-max-height:360px;\"><div class=\"video-shortcode\"><lite-youtube videoid=\"XFw1HQsDQXA\" class=\"landscape\" params=\"wmode=transparent&autoplay=1&enablejsapi=1\" title=\"YouTube video player 1\" width=\"600\" height=\"360\" data-thumbnail-size=\"auto\"><\/lite-youtube><\/div><\/div><div class=\"fusion-separator fusion-full-width-sep\" style=\"align-self: center;margin-left: auto;margin-right: auto;margin-bottom:2%;width:100%;\"><\/div><div class=\"fusion-text fusion-text-1 fusion-animated\" data-animationType=\"fadeInLeft\" data-animationDuration=\"1.0\" data-animationOffset=\"top-into-view\"><p style=\"font-size: 13px; text-align: center;\" data-fusion-font=\"true\"><em><strong>Historia de Vita.Imagen<\/strong><\/em><\/p>\n<\/div><\/div><\/div><div class=\"fusion-layout-column fusion_builder_column fusion-builder-column-1 fusion_builder_column_1_2 1_2 fusion-flex-column\" style=\"--awb-bg-blend:overlay;--awb-bg-size:cover;--awb-width-large:50%;--awb-margin-top-large:0px;--awb-spacing-right-large:3.84%;--awb-margin-bottom-large:0px;--awb-spacing-left-large:3.84%;--awb-width-medium:100%;--awb-spacing-right-medium:1.92%;--awb-spacing-left-medium:1.92%;--awb-width-small:100%;--awb-spacing-right-small:1.92%;--awb-spacing-left-small:1.92%;\"><div class=\"fusion-column-wrapper fusion-flex-justify-content-center fusion-content-layout-column\"><div class=\"fusion-text fusion-text-2 fusion-animated\" data-animationType=\"fadeInUp\" data-animationDuration=\"0.8\" data-animationOffset=\"top-into-view\"><p><strong>Vita.Imagem<\/strong> es una empresa de diagn\u00f3stico m\u00e9dico que inicia sus actividades en el a\u00f1o de 1995, con la uni\u00f3n del <strong>Dr\u00aa Luiz Carlos Piotto y la Dr\u00aa Elaine Lucia Rossoni.<\/strong> Era conocida, en la \u00e9poca como <strong>RX del Costa<\/strong>, y despu\u00e9s pas\u00f3 a ser llamada de <strong>Radimagem<\/strong>.<\/p>\n<p>A partir de 2001, con el aumento de las complejidades de las actividades desarrolladas por el Hospital Itamed, la empresa agrego nuevos profesionales, tales como Dr. Alexandro Rodrigues de Oliveira para las actividades de Resonancia Magn\u00e9tica y el Dr. Evandro Costa Rosa, atendiendo la demanda de la Ultrasonograf\u00eda.<\/p>\n<\/div><\/div><\/div><\/div><\/div><div class=\"fusion-fullwidth fullwidth-box fusion-builder-row-2 fusion-flex-container nonhundred-percent-fullwidth non-hundred-percent-height-scrolling\" style=\"--awb-border-radius-top-left:0px;--awb-border-radius-top-right:0px;--awb-border-radius-bottom-right:0px;--awb-border-radius-bottom-left:0px;--awb-flex-wrap:wrap;\" ><div class=\"fusion-builder-row fusion-row fusion-flex-align-items-stretch fusion-flex-content-wrap\" style=\"max-width:1248px;margin-left: calc(-4% \/ 2 );margin-right: calc(-4% \/ 2 );\"><div class=\"fusion-layout-column fusion_builder_column fusion-builder-column-2 fusion_builder_column_1_2 1_2 fusion-flex-column\" style=\"--awb-bg-blend:overlay;--awb-bg-size:cover;--awb-width-large:50%;--awb-margin-top-large:0px;--awb-spacing-right-large:3.84%;--awb-margin-bottom-large:0px;--awb-spacing-left-large:3.84%;--awb-width-medium:100%;--awb-spacing-right-medium:1.92%;--awb-spacing-left-medium:1.92%;--awb-width-small:100%;--awb-spacing-right-small:1.92%;--awb-spacing-left-small:1.92%;\"><div class=\"fusion-column-wrapper fusion-flex-justify-content-flex-start fusion-content-layout-column\"><div class=\"fusion-text fusion-text-3 fusion-animated\" data-animationType=\"fadeInUp\" data-animationDuration=\"0.3\" data-animationOffset=\"top-into-view\"><p>Desde entonces, el n\u00famero de pacientes atendidos y el reconocimiento del trabajo m\u00e9dico posibilitaron la llegada de m\u00e1s colegas m\u00e9dicos para agregarse al equipo, tales como: el Dr.\u00a0 Rogerio Gon\u00e7alves de Campos Meirelles, Dr. Pedro Leonardo Cabral Fernandes, Dr. Christo\u0301va\u0303o Conde Peres Junior y Dr. Jarbas Siqueira Paranhos.<\/p>\n<p>En 2003, se iniciaron las actividades en la nueva unidad del centro, para atender con mayor agilidad a la poblaci\u00f3n. La expansi\u00f3n del atendimiento luego requer\u00eda una reforma del espacio f\u00edsico, asociada a modernizaci\u00f3n de los equipos, como los ex\u00e1menes de radiolog\u00eda y mamograf\u00edas digitales.<\/p>\n<p>A partir de 2008, con la llegada del Dr. Cristiano Ferrari Siqueira, avanzamos nuevamente con la inauguraci\u00f3n del sector de Medicina Nuclear, en conjunto con el Hospital Itamed.<\/p>\n<p>Con la Tomograf\u00eda de Multidetectores, incorporada en 2009, se vio la posibilidad de visualizar milim\u00e9tricamente el cuerpo humano, incluyendo la visi\u00f3n de las arterias a coronarias. Antes, solamente pod\u00edan ser vistas a trav\u00e9s de m\u00e9todos invasivos.<\/p>\n<\/div><\/div><\/div><div class=\"fusion-layout-column fusion_builder_column fusion-builder-column-3 fusion_builder_column_1_2 1_2 fusion-flex-column\" style=\"--awb-bg-blend:overlay;--awb-bg-size:cover;--awb-width-large:50%;--awb-margin-top-large:0px;--awb-spacing-right-large:3.84%;--awb-margin-bottom-large:0px;--awb-spacing-left-large:3.84%;--awb-width-medium:100%;--awb-spacing-right-medium:1.92%;--awb-spacing-left-medium:1.92%;--awb-width-small:100%;--awb-spacing-right-small:1.92%;--awb-spacing-left-small:1.92%;\"><div class=\"fusion-column-wrapper fusion-flex-justify-content-center fusion-content-layout-column\"><div class=\"fusion-image-element \" style=\"text-align:center;--awb-liftup-border-radius:5px;--awb-caption-title-font-family:var(--h2_typography-font-family);--awb-caption-title-font-weight:var(--h2_typography-font-weight);--awb-caption-title-font-style:var(--h2_typography-font-style);--awb-caption-title-size:var(--h2_typography-font-size);--awb-caption-title-transform:var(--h2_typography-text-transform);--awb-caption-title-line-height:var(--h2_typography-line-height);--awb-caption-title-letter-spacing:var(--h2_typography-letter-spacing);\"><div class=\"awb-image-frame awb-image-frame-1 imageframe-liftup imageframe-1 fusion-animated\" data-animationType=\"fadeInRight\" data-animationDuration=\"1.0\" data-animationOffset=\"top-into-view\"><span class=\" fusion-imageframe imageframe-dropshadow imageframe-1\" style=\"border-radius:5px;-webkit-box-shadow: 3px 3px 7px rgba(0,0,0,0.3);box-shadow: 3px 3px 7px rgba(0,0,0,0.3);\"><img decoding=\"async\" width=\"1122\" height=\"768\" alt=\"Unidad Vita Imagem - Hospital Itamed\" title=\"unidade-costacavalcanti-foz-do-iguacu\" src=\"https:\/\/www.vitaimagem.com.br\/wp-content\/uploads\/2020\/07\/unidade-costacavalcanti-foz-do-iguacu.jpg\" data-orig-src=\"https:\/\/www.vitaimagem.com.br\/wp-content\/uploads\/2020\/07\/unidade-costacavalcanti-foz-do-iguacu.jpg\" class=\"lazyload img-responsive wp-image-3355\" srcset=\"data:image\/svg+xml,%3Csvg%20xmlns%3D%27http%3A%2F%2Fwww.w3.org%2F2000%2Fsvg%27%20width%3D%271122%27%20height%3D%27768%27%20viewBox%3D%270%200%201122%20768%27%3E%3Crect%20width%3D%271122%27%20height%3D%27768%27%20fill-opacity%3D%220%22%2F%3E%3C%2Fsvg%3E\" data-srcset=\"https:\/\/www.vitaimagem.com.br\/wp-content\/uploads\/2020\/07\/unidade-costacavalcanti-foz-do-iguacu-200x137.jpg 200w, https:\/\/www.vitaimagem.com.br\/wp-content\/uploads\/2020\/07\/unidade-costacavalcanti-foz-do-iguacu-400x274.jpg 400w, https:\/\/www.vitaimagem.com.br\/wp-content\/uploads\/2020\/07\/unidade-costacavalcanti-foz-do-iguacu-600x411.jpg 600w, https:\/\/www.vitaimagem.com.br\/wp-content\/uploads\/2020\/07\/unidade-costacavalcanti-foz-do-iguacu-800x548.jpg 800w, https:\/\/www.vitaimagem.com.br\/wp-content\/uploads\/2020\/07\/unidade-costacavalcanti-foz-do-iguacu.jpg 1122w\" data-sizes=\"auto\" data-orig-sizes=\"(max-width: 1024px) 100vw, (max-width: 640px) 100vw, 600px\" \/><\/span><\/div><\/div><div class=\"fusion-separator fusion-full-width-sep\" style=\"align-self: center;margin-left: auto;margin-right: auto;margin-bottom:2%;width:100%;\"><\/div><div class=\"fusion-text fusion-text-4 fusion-animated\" data-animationType=\"fadeInLeft\" data-animationDuration=\"1.0\" data-animationOffset=\"top-into-view\"><p style=\"font-size: 13px; text-align: center;\" data-fusion-font=\"true\"><em><strong>Unidad del Hospital Itamed<\/strong><\/em><\/p>\n<\/div><\/div><\/div><\/div><\/div><div class=\"fusion-fullwidth fullwidth-box fusion-builder-row-3 fusion-flex-container nonhundred-percent-fullwidth non-hundred-percent-height-scrolling\" style=\"--awb-border-radius-top-left:0px;--awb-border-radius-top-right:0px;--awb-border-radius-bottom-right:0px;--awb-border-radius-bottom-left:0px;--awb-margin-bottom:25px;--awb-flex-wrap:wrap;\" ><div class=\"fusion-builder-row fusion-row fusion-flex-align-items-stretch fusion-flex-content-wrap\" style=\"max-width:1248px;margin-left: calc(-4% \/ 2 );margin-right: calc(-4% \/ 2 );\"><div class=\"fusion-layout-column fusion_builder_column fusion-builder-column-4 fusion_builder_column_1_2 1_2 fusion-flex-column\" style=\"--awb-bg-blend:overlay;--awb-bg-size:cover;--awb-width-large:50%;--awb-margin-top-large:0px;--awb-spacing-right-large:3.84%;--awb-margin-bottom-large:0px;--awb-spacing-left-large:3.84%;--awb-width-medium:100%;--awb-spacing-right-medium:1.92%;--awb-spacing-left-medium:1.92%;--awb-width-small:100%;--awb-spacing-right-small:1.92%;--awb-spacing-left-small:1.92%;\"><div class=\"fusion-column-wrapper fusion-flex-justify-content-center fusion-content-layout-column\"><div class=\"fusion-image-element \" style=\"text-align:center;--awb-liftup-border-radius:5px;--awb-caption-title-font-family:var(--h2_typography-font-family);--awb-caption-title-font-weight:var(--h2_typography-font-weight);--awb-caption-title-font-style:var(--h2_typography-font-style);--awb-caption-title-size:var(--h2_typography-font-size);--awb-caption-title-transform:var(--h2_typography-text-transform);--awb-caption-title-line-height:var(--h2_typography-line-height);--awb-caption-title-letter-spacing:var(--h2_typography-letter-spacing);\"><div class=\"awb-image-frame awb-image-frame-2 imageframe-liftup imageframe-2 fusion-animated\" data-animationType=\"fadeInRight\" data-animationDuration=\"1.0\" data-animationOffset=\"top-into-view\"><span class=\" fusion-imageframe imageframe-dropshadow imageframe-2\" style=\"border-radius:5px;-webkit-box-shadow: 3px 3px 7px rgba(0,0,0,0.3);box-shadow: 3px 3px 7px rgba(0,0,0,0.3);\"><img decoding=\"async\" width=\"1000\" height=\"750\" alt=\"Unidad Vita Imagem - Hospital Itamed\" title=\"vita-image-torremarechal\" src=\"https:\/\/www.vitaimagem.com.br\/wp-content\/uploads\/2022\/01\/vita-image-torremarechal.jpg\" data-orig-src=\"https:\/\/www.vitaimagem.com.br\/wp-content\/uploads\/2022\/01\/vita-image-torremarechal.jpg\" class=\"lazyload img-responsive wp-image-3433\" srcset=\"data:image\/svg+xml,%3Csvg%20xmlns%3D%27http%3A%2F%2Fwww.w3.org%2F2000%2Fsvg%27%20width%3D%271000%27%20height%3D%27750%27%20viewBox%3D%270%200%201000%20750%27%3E%3Crect%20width%3D%271000%27%20height%3D%27750%27%20fill-opacity%3D%220%22%2F%3E%3C%2Fsvg%3E\" data-srcset=\"https:\/\/www.vitaimagem.com.br\/wp-content\/uploads\/2022\/01\/vita-image-torremarechal-200x150.jpg 200w, https:\/\/www.vitaimagem.com.br\/wp-content\/uploads\/2022\/01\/vita-image-torremarechal-400x300.jpg 400w, https:\/\/www.vitaimagem.com.br\/wp-content\/uploads\/2022\/01\/vita-image-torremarechal-600x450.jpg 600w, https:\/\/www.vitaimagem.com.br\/wp-content\/uploads\/2022\/01\/vita-image-torremarechal-800x600.jpg 800w, https:\/\/www.vitaimagem.com.br\/wp-content\/uploads\/2022\/01\/vita-image-torremarechal.jpg 1000w\" data-sizes=\"auto\" data-orig-sizes=\"(max-width: 1024px) 100vw, (max-width: 640px) 100vw, 600px\" \/><\/span><\/div><\/div><div class=\"fusion-separator fusion-full-width-sep\" style=\"align-self: center;margin-left: auto;margin-right: auto;margin-bottom:2%;width:100%;\"><\/div><div class=\"fusion-text fusion-text-5 fusion-animated\" data-animationType=\"fadeInLeft\" data-animationDuration=\"1.0\" data-animationOffset=\"top-into-view\"><p style=\"font-size: 13px; text-align: center;\" data-fusion-font=\"true\"><strong><em>Vita.Imagem en el centro de Foz do Igua\u00e7u<\/em><\/strong><\/p>\n<\/div><\/div><\/div><div class=\"fusion-layout-column fusion_builder_column fusion-builder-column-5 fusion_builder_column_1_2 1_2 fusion-flex-column\" style=\"--awb-bg-blend:overlay;--awb-bg-size:cover;--awb-width-large:50%;--awb-margin-top-large:0px;--awb-spacing-right-large:3.84%;--awb-margin-bottom-large:0px;--awb-spacing-left-large:3.84%;--awb-width-medium:100%;--awb-spacing-right-medium:1.92%;--awb-spacing-left-medium:1.92%;--awb-width-small:100%;--awb-spacing-right-small:1.92%;--awb-spacing-left-small:1.92%;\"><div class=\"fusion-column-wrapper fusion-flex-justify-content-center fusion-content-layout-column\"><div class=\"fusion-text fusion-text-6\"><p>Mantener la calidad que conquista la confianza de la comunidad de pacientes y m\u00e9dicos de Foz do Igua\u00e7u: este es el foco de nuestra atenci\u00f3n. En 2010, alteramos nuestro nombre para Vita.Imagem, como forma de modernizar y humanizar la marca, trabajando el concepto de tecnolog\u00eda a favor de la vida.<\/p>\n<p>El grupo de m\u00e9dicos contin\u00faa creciendo, agregando los doctores: Dr. Ali Barisi, Dr. Luiz Fernando Zarpelon y Dr. Eduardo Martins Baltazar, para atendimiento de diagn\u00f3stico en cardiolog\u00eda en la medicina nuclear.<\/p>\n<p>En 2012 recibimos la primera m\u00e9dica, Dr\u00aa Karla Cavallieri Nacif Juliani, actuando en la ultrasonograf\u00eda, y tambi\u00e9n el Dr. Nillo Posse Wanderley, para atendimientos en la ultrasonograf\u00eda y la angiotomografia coronariana.<\/p>\n<\/div><\/div><\/div><\/div><\/div><div class=\"fusion-fullwidth fullwidth-box fusion-builder-row-4 fusion-flex-container nonhundred-percent-fullwidth non-hundred-percent-height-scrolling\" style=\"--awb-border-radius-top-left:0px;--awb-border-radius-top-right:0px;--awb-border-radius-bottom-right:0px;--awb-border-radius-bottom-left:0px;--awb-flex-wrap:wrap;\" ><div class=\"fusion-builder-row fusion-row fusion-flex-align-items-stretch fusion-flex-content-wrap\" style=\"max-width:1248px;margin-left: calc(-4% \/ 2 );margin-right: calc(-4% \/ 2 );\"><div class=\"fusion-layout-column fusion_builder_column fusion-builder-column-6 fusion_builder_column_1_2 1_2 fusion-flex-column\" style=\"--awb-bg-blend:overlay;--awb-bg-size:cover;--awb-width-large:50%;--awb-margin-top-large:0px;--awb-spacing-right-large:3.84%;--awb-margin-bottom-large:0px;--awb-spacing-left-large:3.84%;--awb-width-medium:100%;--awb-spacing-right-medium:1.92%;--awb-spacing-left-medium:1.92%;--awb-width-small:100%;--awb-spacing-right-small:1.92%;--awb-spacing-left-small:1.92%;\"><div class=\"fusion-column-wrapper fusion-flex-justify-content-center fusion-content-layout-column\"><div class=\"fusion-text fusion-text-7\"><p>Al fin del a\u00f1o de 2013, y comienzo del 2014, agregamos cuatro nuevos m\u00e9dicos a nuestro Cuerpo Cl\u00ednico: Dr. Alexander Miraglia Steiner, Dr. Eduardo Cesar Juliani Santos, Dr. Atilio Hummel Azevedo y Dr\u00aa Eloana Diorio Azevedo.<\/p>\n<p>En ese mismo a\u00f1o, en colaboraci\u00f3n con el Hospital Itamed, se consolid\u00f3 la adquisici\u00f3n de un nuevo equipamiento de Resonancia Magn\u00e9tica de 1,5 tesla, posibilitando la realizaci\u00f3n de ex\u00e1menes hasta entonces, disponible en los grandes centros, como resonancia cardiaca y resonancia de mamas.<\/p>\n<p>En mayo de 2015, Vita.Imagem agreg\u00f3 una nueva medica: la Dr\u00aa Jane Nassif, y tambi\u00e9n iniciamos la asociaci\u00f3n para el atendimiento de rayos-X y ultrasonograf\u00eda en la nueva unidad en el Hospital Unimed.<\/p>\n<\/div><\/div><\/div><div class=\"fusion-layout-column fusion_builder_column fusion-builder-column-7 fusion_builder_column_1_2 1_2 fusion-flex-column\" style=\"--awb-bg-blend:overlay;--awb-bg-size:cover;--awb-width-large:50%;--awb-margin-top-large:0px;--awb-spacing-right-large:3.84%;--awb-margin-bottom-large:0px;--awb-spacing-left-large:3.84%;--awb-width-medium:100%;--awb-spacing-right-medium:1.92%;--awb-spacing-left-medium:1.92%;--awb-width-small:100%;--awb-spacing-right-small:1.92%;--awb-spacing-left-small:1.92%;\"><div class=\"fusion-column-wrapper fusion-flex-justify-content-center fusion-content-layout-column\"><div class=\"fusion-image-element \" style=\"text-align:center;--awb-liftup-border-radius:5px;--awb-caption-title-font-family:var(--h2_typography-font-family);--awb-caption-title-font-weight:var(--h2_typography-font-weight);--awb-caption-title-font-style:var(--h2_typography-font-style);--awb-caption-title-size:var(--h2_typography-font-size);--awb-caption-title-transform:var(--h2_typography-text-transform);--awb-caption-title-line-height:var(--h2_typography-line-height);--awb-caption-title-letter-spacing:var(--h2_typography-letter-spacing);\"><div class=\"awb-image-frame awb-image-frame-3 imageframe-liftup imageframe-3 fusion-animated\" data-animationType=\"fadeInRight\" data-animationDuration=\"1.0\" data-animationOffset=\"top-into-view\"><span class=\" fusion-imageframe imageframe-dropshadow imageframe-3\" style=\"border-radius:5px;-webkit-box-shadow: 3px 3px 7px rgba(0,0,0,0.3);box-shadow: 3px 3px 7px rgba(0,0,0,0.3);\"><img decoding=\"async\" width=\"960\" height=\"752\" alt=\"Unidad Vita Imagem - Hospital Itamed\" title=\"unidade-hospital-unimed\" src=\"https:\/\/www.vitaimagem.com.br\/wp-content\/uploads\/2020\/08\/unidade-hospital-unimed.png\" data-orig-src=\"https:\/\/www.vitaimagem.com.br\/wp-content\/uploads\/2020\/08\/unidade-hospital-unimed.png\" class=\"lazyload img-responsive wp-image-3390\" srcset=\"data:image\/svg+xml,%3Csvg%20xmlns%3D%27http%3A%2F%2Fwww.w3.org%2F2000%2Fsvg%27%20width%3D%27960%27%20height%3D%27752%27%20viewBox%3D%270%200%20960%20752%27%3E%3Crect%20width%3D%27960%27%20height%3D%27752%27%20fill-opacity%3D%220%22%2F%3E%3C%2Fsvg%3E\" data-srcset=\"https:\/\/www.vitaimagem.com.br\/wp-content\/uploads\/2020\/08\/unidade-hospital-unimed-200x157.png 200w, https:\/\/www.vitaimagem.com.br\/wp-content\/uploads\/2020\/08\/unidade-hospital-unimed-400x313.png 400w, https:\/\/www.vitaimagem.com.br\/wp-content\/uploads\/2020\/08\/unidade-hospital-unimed-600x470.png 600w, https:\/\/www.vitaimagem.com.br\/wp-content\/uploads\/2020\/08\/unidade-hospital-unimed-800x627.png 800w, https:\/\/www.vitaimagem.com.br\/wp-content\/uploads\/2020\/08\/unidade-hospital-unimed.png 960w\" data-sizes=\"auto\" data-orig-sizes=\"(max-width: 1024px) 100vw, (max-width: 640px) 100vw, 600px\" \/><\/span><\/div><\/div><div class=\"fusion-separator fusion-full-width-sep\" style=\"align-self: center;margin-left: auto;margin-right: auto;margin-bottom:2%;width:100%;\"><\/div><div class=\"fusion-text fusion-text-8 fusion-animated\" data-animationType=\"fadeInLeft\" data-animationDuration=\"1.0\" data-animationOffset=\"top-into-view\"><p style=\"font-size: 13px; text-align: center;\" data-fusion-font=\"true\"><strong><em>Unidad Unimed<\/em><\/strong><\/p>\n<\/div><\/div><\/div><\/div><\/div><div class=\"fusion-fullwidth fullwidth-box fusion-builder-row-5 fusion-flex-container nonhundred-percent-fullwidth non-hundred-percent-height-scrolling\" style=\"--awb-border-radius-top-left:0px;--awb-border-radius-top-right:0px;--awb-border-radius-bottom-right:0px;--awb-border-radius-bottom-left:0px;--awb-flex-wrap:wrap;\" ><div class=\"fusion-builder-row fusion-row fusion-flex-align-items-stretch fusion-flex-content-wrap\" style=\"max-width:calc( 1200px + 0px );margin-left: calc(-0px \/ 2 );margin-right: calc(-0px \/ 2 );\"><div class=\"fusion-layout-column fusion_builder_column fusion-builder-column-8 fusion_builder_column_1_1 1_1 fusion-flex-column\" style=\"--awb-bg-blend:overlay;--awb-bg-size:cover;--awb-width-large:100%;--awb-margin-top-large:0px;--awb-spacing-right-large:0px;--awb-margin-bottom-large:0px;--awb-spacing-left-large:0px;--awb-width-medium:100%;--awb-spacing-right-medium:0px;--awb-spacing-left-medium:0px;--awb-width-small:100%;--awb-spacing-right-small:0px;--awb-spacing-left-small:0px;\"><div class=\"fusion-column-wrapper fusion-flex-justify-content-center fusion-content-layout-column\"><div class=\"fusion-text fusion-text-9\"><p>En inicios de 2016, juntamente con el Hospital Itamed, adquirimos m\u00e1s un equipamiento de resonancia magn\u00e9tica, de 1,5 tesla, y tuvimos el comienzo de la Residencia Medica en Radiolog\u00eda.<\/p>\n<p>Para ofrecer mayor agilidad en nuestro atendimiento, agregamos en 2017 dos nuevos miembros al equipo m\u00e9dico: Dr. Jeferson Luis Castellano y Dr\u00aa Flavia Coelho D\u2019Oliveira.<\/p>\n<p>El cuerpo cl\u00ednico de Vita.Imagem es compuesto por especialistas en vasta formaci\u00f3n y experiencia profesional. Buscamos ofrecer tecnolog\u00eda avanzada, asociada al compromiso del diagn\u00f3stico confiable, para beneficio de la poblaci\u00f3n de Foz do Igua\u00e7u y de la Triple Frontera.<\/p>\n<p>Y con la credibilidad que Vita.Imagem posee en <strong>27 a\u00f1os de historia<\/strong>, la <strong>Torre Marechal<\/strong> es nuestra m\u00e1s nueva unidad, que ofrece a la poblaci\u00f3n de Foz do Igua\u00e7u instalaciones amplias, con mayor comodidad, confort y variedades de servicios de diagn\u00f3sticos por im\u00e1genes. Adem\u00e1s de un Espacio Kids, la recepci\u00f3n cuenta tambi\u00e9n con un T\u00f3tem Digital de pre-atendimiento, trayendo m\u00e1s agilidad al paciente.<\/p>\n<\/div><\/div><\/div><\/div><\/div><div class=\"fusion-fullwidth fullwidth-box fusion-builder-row-6 fusion-flex-container nonhundred-percent-fullwidth non-hundred-percent-height-scrolling\" style=\"--awb-border-radius-top-left:0px;--awb-border-radius-top-right:0px;--awb-border-radius-bottom-right:0px;--awb-border-radius-bottom-left:0px;--awb-flex-wrap:wrap;\" ><div class=\"fusion-builder-row fusion-row fusion-flex-align-items-stretch fusion-flex-content-wrap\" style=\"max-width:1248px;margin-left: calc(-4% \/ 2 );margin-right: calc(-4% \/ 2 );\"><div class=\"fusion-layout-column fusion_builder_column fusion-builder-column-9 fusion_builder_column_1_2 1_2 fusion-flex-column fusion-flex-align-self-flex-start fusion-column-no-min-height\" style=\"--awb-bg-size:cover;--awb-width-large:50%;--awb-margin-top-large:0px;--awb-spacing-right-large:3.84%;--awb-margin-bottom-large:0px;--awb-spacing-left-large:3.84%;--awb-width-medium:100%;--awb-spacing-right-medium:1.92%;--awb-spacing-left-medium:1.92%;--awb-width-small:100%;--awb-spacing-right-small:1.92%;--awb-spacing-left-small:1.92%;\"><div class=\"fusion-column-wrapper fusion-column-has-shadow fusion-flex-justify-content-flex-start fusion-content-layout-column\"><div class=\"fusion-text fusion-text-10\"><h3>Conoce a nuestros doctores<\/h3>\n<\/div>        <div class=\"owl-carousel medicos-carrossel\">\n                    <div class=\"item-medico\">\n                <a href=\"https:\/\/www.vitaimagem.com.br\/es\/medicos\/dr-alexsandro-rodrigues-de-oliveira\/\">\n                    <div class=\"img\"><img decoding=\"async\" width=\"600\" height=\"600\" src=\"https:\/\/www.vitaimagem.com.br\/wp-content\/uploads\/2018\/05\/dralex.png\" class=\"attachment-full size-full lazyload wp-post-image\" alt=\"Dr. Alexsandro Rodrigues de Oliveira - M\u00e9dico da Vita.Imagem em Foz do Igua\u00e7u\" srcset=\"data:image\/svg+xml,%3Csvg%20xmlns%3D%27http%3A%2F%2Fwww.w3.org%2F2000%2Fsvg%27%20width%3D%27600%27%20height%3D%27600%27%20viewBox%3D%270%200%20600%20600%27%3E%3Crect%20width%3D%27600%27%20height%3D%27600%27%20fill-opacity%3D%220%22%2F%3E%3C%2Fsvg%3E\" data-orig-src=\"https:\/\/www.vitaimagem.com.br\/wp-content\/uploads\/2018\/05\/dralex.png\" data-srcset=\"https:\/\/www.vitaimagem.com.br\/wp-content\/uploads\/2018\/05\/dralex-96x96.png 96w, https:\/\/www.vitaimagem.com.br\/wp-content\/uploads\/2018\/05\/dralex-150x150.png 150w, https:\/\/www.vitaimagem.com.br\/wp-content\/uploads\/2018\/05\/dralex-200x200.png 200w, https:\/\/www.vitaimagem.com.br\/wp-content\/uploads\/2018\/05\/dralex-300x300.png 300w, https:\/\/www.vitaimagem.com.br\/wp-content\/uploads\/2018\/05\/dralex-554x554.png 554w, https:\/\/www.vitaimagem.com.br\/wp-content\/uploads\/2018\/05\/dralex.png 600w\" data-sizes=\"auto\" \/><\/div>\n                    <div class=\"texto\">\n                        <h3>Dr. Alexsandro Rodrigues de Oliveira<\/h3>\n                    <\/div>\n               <\/a>\n            <\/div>\n                    <div class=\"item-medico\">\n                <a href=\"https:\/\/www.vitaimagem.com.br\/es\/medicos\/dr-atilio-hummel-azevedo\/\">\n                    <div class=\"img\"><img decoding=\"async\" width=\"600\" height=\"600\" src=\"https:\/\/www.vitaimagem.com.br\/wp-content\/uploads\/2021\/03\/doutor_atilio.png\" class=\"attachment-full size-full lazyload wp-post-image\" alt=\"\" srcset=\"data:image\/svg+xml,%3Csvg%20xmlns%3D%27http%3A%2F%2Fwww.w3.org%2F2000%2Fsvg%27%20width%3D%27600%27%20height%3D%27600%27%20viewBox%3D%270%200%20600%20600%27%3E%3Crect%20width%3D%27600%27%20height%3D%27600%27%20fill-opacity%3D%220%22%2F%3E%3C%2Fsvg%3E\" data-orig-src=\"https:\/\/www.vitaimagem.com.br\/wp-content\/uploads\/2021\/03\/doutor_atilio.png\" data-srcset=\"https:\/\/www.vitaimagem.com.br\/wp-content\/uploads\/2021\/03\/doutor_atilio-66x66.png 66w, https:\/\/www.vitaimagem.com.br\/wp-content\/uploads\/2021\/03\/doutor_atilio-150x150.png 150w, https:\/\/www.vitaimagem.com.br\/wp-content\/uploads\/2021\/03\/doutor_atilio-200x200.png 200w, https:\/\/www.vitaimagem.com.br\/wp-content\/uploads\/2021\/03\/doutor_atilio-300x300.png 300w, https:\/\/www.vitaimagem.com.br\/wp-content\/uploads\/2021\/03\/doutor_atilio-400x400.png 400w, https:\/\/www.vitaimagem.com.br\/wp-content\/uploads\/2021\/03\/doutor_atilio.png 600w\" data-sizes=\"auto\" \/><\/div>\n                    <div class=\"texto\">\n                        <h3>Dr. Atilio Hummel Azevedo<\/h3>\n                    <\/div>\n               <\/a>\n            <\/div>\n                    <div class=\"item-medico\">\n                <a href=\"https:\/\/www.vitaimagem.com.br\/es\/medicos\/dr-alexander-miraglia-steiner\/\">\n                    <div class=\"img\"><img decoding=\"async\" width=\"600\" height=\"600\" src=\"https:\/\/www.vitaimagem.com.br\/wp-content\/uploads\/2018\/05\/dr-alexandre.png\" class=\"attachment-full size-full lazyload wp-post-image\" alt=\"Dr. Alexander Miraglia Steiner\" srcset=\"data:image\/svg+xml,%3Csvg%20xmlns%3D%27http%3A%2F%2Fwww.w3.org%2F2000%2Fsvg%27%20width%3D%27600%27%20height%3D%27600%27%20viewBox%3D%270%200%20600%20600%27%3E%3Crect%20width%3D%27600%27%20height%3D%27600%27%20fill-opacity%3D%220%22%2F%3E%3C%2Fsvg%3E\" data-orig-src=\"https:\/\/www.vitaimagem.com.br\/wp-content\/uploads\/2018\/05\/dr-alexandre.png\" data-srcset=\"https:\/\/www.vitaimagem.com.br\/wp-content\/uploads\/2018\/05\/dr-alexandre-96x96.png 96w, https:\/\/www.vitaimagem.com.br\/wp-content\/uploads\/2018\/05\/dr-alexandre-150x150.png 150w, https:\/\/www.vitaimagem.com.br\/wp-content\/uploads\/2018\/05\/dr-alexandre-200x200.png 200w, https:\/\/www.vitaimagem.com.br\/wp-content\/uploads\/2018\/05\/dr-alexandre-300x300.png 300w, https:\/\/www.vitaimagem.com.br\/wp-content\/uploads\/2018\/05\/dr-alexandre-554x554.png 554w, https:\/\/www.vitaimagem.com.br\/wp-content\/uploads\/2018\/05\/dr-alexandre.png 600w\" data-sizes=\"auto\" \/><\/div>\n                    <div class=\"texto\">\n                        <h3>Dr. Alexander Miraglia Steiner<\/h3>\n                    <\/div>\n               <\/a>\n            <\/div>\n                    <div class=\"item-medico\">\n                <a href=\"https:\/\/www.vitaimagem.com.br\/es\/medicos\/dr-christovao-conde-peres-junior\/\">\n                    <div class=\"img\"><img decoding=\"async\" width=\"600\" height=\"600\" src=\"https:\/\/www.vitaimagem.com.br\/wp-content\/uploads\/2018\/05\/drcristovao.png\" class=\"attachment-full size-full lazyload wp-post-image\" alt=\"Dr. Christovan Conde Peres Junior\" srcset=\"data:image\/svg+xml,%3Csvg%20xmlns%3D%27http%3A%2F%2Fwww.w3.org%2F2000%2Fsvg%27%20width%3D%27600%27%20height%3D%27600%27%20viewBox%3D%270%200%20600%20600%27%3E%3Crect%20width%3D%27600%27%20height%3D%27600%27%20fill-opacity%3D%220%22%2F%3E%3C%2Fsvg%3E\" data-orig-src=\"https:\/\/www.vitaimagem.com.br\/wp-content\/uploads\/2018\/05\/drcristovao.png\" data-srcset=\"https:\/\/www.vitaimagem.com.br\/wp-content\/uploads\/2018\/05\/drcristovao-96x96.png 96w, https:\/\/www.vitaimagem.com.br\/wp-content\/uploads\/2018\/05\/drcristovao-150x150.png 150w, https:\/\/www.vitaimagem.com.br\/wp-content\/uploads\/2018\/05\/drcristovao-200x200.png 200w, https:\/\/www.vitaimagem.com.br\/wp-content\/uploads\/2018\/05\/drcristovao-300x300.png 300w, https:\/\/www.vitaimagem.com.br\/wp-content\/uploads\/2018\/05\/drcristovao-554x554.png 554w, https:\/\/www.vitaimagem.com.br\/wp-content\/uploads\/2018\/05\/drcristovao.png 600w\" data-sizes=\"auto\" \/><\/div>\n                    <div class=\"texto\">\n                        <h3>Dr. Christ\u00f3v\u00e3o Conde Peres Junior<\/h3>\n                    <\/div>\n               <\/a>\n            <\/div>\n                    <div class=\"item-medico\">\n                <a href=\"https:\/\/www.vitaimagem.com.br\/es\/medicos\/dr-cristiano-ferrari-siqueira\/\">\n                    <div class=\"img\"><img decoding=\"async\" width=\"600\" height=\"600\" src=\"https:\/\/www.vitaimagem.com.br\/wp-content\/uploads\/2021\/03\/doutor_cristiano.png\" class=\"attachment-full size-full lazyload wp-post-image\" alt=\"\" srcset=\"data:image\/svg+xml,%3Csvg%20xmlns%3D%27http%3A%2F%2Fwww.w3.org%2F2000%2Fsvg%27%20width%3D%27600%27%20height%3D%27600%27%20viewBox%3D%270%200%20600%20600%27%3E%3Crect%20width%3D%27600%27%20height%3D%27600%27%20fill-opacity%3D%220%22%2F%3E%3C%2Fsvg%3E\" data-orig-src=\"https:\/\/www.vitaimagem.com.br\/wp-content\/uploads\/2021\/03\/doutor_cristiano.png\" data-srcset=\"https:\/\/www.vitaimagem.com.br\/wp-content\/uploads\/2021\/03\/doutor_cristiano-66x66.png 66w, https:\/\/www.vitaimagem.com.br\/wp-content\/uploads\/2021\/03\/doutor_cristiano-150x150.png 150w, https:\/\/www.vitaimagem.com.br\/wp-content\/uploads\/2021\/03\/doutor_cristiano-200x200.png 200w, https:\/\/www.vitaimagem.com.br\/wp-content\/uploads\/2021\/03\/doutor_cristiano-300x300.png 300w, https:\/\/www.vitaimagem.com.br\/wp-content\/uploads\/2021\/03\/doutor_cristiano-400x400.png 400w, https:\/\/www.vitaimagem.com.br\/wp-content\/uploads\/2021\/03\/doutor_cristiano.png 600w\" data-sizes=\"auto\" \/><\/div>\n                    <div class=\"texto\">\n                        <h3>Dr. Cristiano Ferrari Siqueira<\/h3>\n                    <\/div>\n               <\/a>\n            <\/div>\n                    <div class=\"item-medico\">\n                <a href=\"https:\/\/www.vitaimagem.com.br\/es\/medicos\/dr-eduardo-cesar-juliani-santos\/\">\n                    <div class=\"img\"><img decoding=\"async\" width=\"600\" height=\"600\" src=\"https:\/\/www.vitaimagem.com.br\/wp-content\/uploads\/2021\/03\/doutor_eduardo.png\" class=\"attachment-full size-full lazyload wp-post-image\" alt=\"\" srcset=\"data:image\/svg+xml,%3Csvg%20xmlns%3D%27http%3A%2F%2Fwww.w3.org%2F2000%2Fsvg%27%20width%3D%27600%27%20height%3D%27600%27%20viewBox%3D%270%200%20600%20600%27%3E%3Crect%20width%3D%27600%27%20height%3D%27600%27%20fill-opacity%3D%220%22%2F%3E%3C%2Fsvg%3E\" data-orig-src=\"https:\/\/www.vitaimagem.com.br\/wp-content\/uploads\/2021\/03\/doutor_eduardo.png\" data-srcset=\"https:\/\/www.vitaimagem.com.br\/wp-content\/uploads\/2021\/03\/doutor_eduardo-66x66.png 66w, https:\/\/www.vitaimagem.com.br\/wp-content\/uploads\/2021\/03\/doutor_eduardo-150x150.png 150w, https:\/\/www.vitaimagem.com.br\/wp-content\/uploads\/2021\/03\/doutor_eduardo-200x200.png 200w, https:\/\/www.vitaimagem.com.br\/wp-content\/uploads\/2021\/03\/doutor_eduardo-300x300.png 300w, https:\/\/www.vitaimagem.com.br\/wp-content\/uploads\/2021\/03\/doutor_eduardo-400x400.png 400w, https:\/\/www.vitaimagem.com.br\/wp-content\/uploads\/2021\/03\/doutor_eduardo.png 600w\" data-sizes=\"auto\" \/><\/div>\n                    <div class=\"texto\">\n                        <h3>Dr. Eduardo Cesar Juliani Santos<\/h3>\n                    <\/div>\n               <\/a>\n            <\/div>\n                    <div class=\"item-medico\">\n                <a href=\"https:\/\/www.vitaimagem.com.br\/es\/medicos\/dra-elaine-lucia-rossoni\/\">\n                    <div class=\"img\"><img decoding=\"async\" width=\"600\" height=\"600\" src=\"https:\/\/www.vitaimagem.com.br\/wp-content\/uploads\/2018\/05\/drelaine.png\" class=\"attachment-full size-full lazyload wp-post-image\" alt=\"Dra. Elaine Lucia Rossoni - Equipe da Vita.Imagem em Foz\" srcset=\"data:image\/svg+xml,%3Csvg%20xmlns%3D%27http%3A%2F%2Fwww.w3.org%2F2000%2Fsvg%27%20width%3D%27600%27%20height%3D%27600%27%20viewBox%3D%270%200%20600%20600%27%3E%3Crect%20width%3D%27600%27%20height%3D%27600%27%20fill-opacity%3D%220%22%2F%3E%3C%2Fsvg%3E\" data-orig-src=\"https:\/\/www.vitaimagem.com.br\/wp-content\/uploads\/2018\/05\/drelaine.png\" data-srcset=\"https:\/\/www.vitaimagem.com.br\/wp-content\/uploads\/2018\/05\/drelaine-96x96.png 96w, https:\/\/www.vitaimagem.com.br\/wp-content\/uploads\/2018\/05\/drelaine-150x150.png 150w, https:\/\/www.vitaimagem.com.br\/wp-content\/uploads\/2018\/05\/drelaine-200x200.png 200w, https:\/\/www.vitaimagem.com.br\/wp-content\/uploads\/2018\/05\/drelaine-300x300.png 300w, https:\/\/www.vitaimagem.com.br\/wp-content\/uploads\/2018\/05\/drelaine-554x554.png 554w, https:\/\/www.vitaimagem.com.br\/wp-content\/uploads\/2018\/05\/drelaine.png 600w\" data-sizes=\"auto\" \/><\/div>\n                    <div class=\"texto\">\n                        <h3>Dra. Elaine Lucia Rossoni<\/h3>\n                    <\/div>\n               <\/a>\n            <\/div>\n                    <div class=\"item-medico\">\n                <a href=\"https:\/\/www.vitaimagem.com.br\/es\/medicos\/dra-eloana-diorio-azevedo\/\">\n                    <div class=\"img\"><img decoding=\"async\" width=\"600\" height=\"600\" src=\"https:\/\/www.vitaimagem.com.br\/wp-content\/uploads\/2021\/03\/doutora_eloana.png\" class=\"attachment-full size-full lazyload wp-post-image\" alt=\"\" srcset=\"data:image\/svg+xml,%3Csvg%20xmlns%3D%27http%3A%2F%2Fwww.w3.org%2F2000%2Fsvg%27%20width%3D%27600%27%20height%3D%27600%27%20viewBox%3D%270%200%20600%20600%27%3E%3Crect%20width%3D%27600%27%20height%3D%27600%27%20fill-opacity%3D%220%22%2F%3E%3C%2Fsvg%3E\" data-orig-src=\"https:\/\/www.vitaimagem.com.br\/wp-content\/uploads\/2021\/03\/doutora_eloana.png\" data-srcset=\"https:\/\/www.vitaimagem.com.br\/wp-content\/uploads\/2021\/03\/doutora_eloana-66x66.png 66w, https:\/\/www.vitaimagem.com.br\/wp-content\/uploads\/2021\/03\/doutora_eloana-150x150.png 150w, https:\/\/www.vitaimagem.com.br\/wp-content\/uploads\/2021\/03\/doutora_eloana-200x200.png 200w, https:\/\/www.vitaimagem.com.br\/wp-content\/uploads\/2021\/03\/doutora_eloana-300x300.png 300w, https:\/\/www.vitaimagem.com.br\/wp-content\/uploads\/2021\/03\/doutora_eloana-400x400.png 400w, https:\/\/www.vitaimagem.com.br\/wp-content\/uploads\/2021\/03\/doutora_eloana.png 600w\" data-sizes=\"auto\" \/><\/div>\n                    <div class=\"texto\">\n                        <h3>Dra. Eloana Diorio Azevedo<\/h3>\n                    <\/div>\n               <\/a>\n            <\/div>\n                    <div class=\"item-medico\">\n                <a href=\"https:\/\/www.vitaimagem.com.br\/es\/medicos\/dr-evandro-costa-rosa\/\">\n                    <div class=\"img\"><img decoding=\"async\" width=\"600\" height=\"600\" src=\"https:\/\/www.vitaimagem.com.br\/wp-content\/uploads\/2021\/03\/dr-evandro.png\" class=\"attachment-full size-full lazyload wp-post-image\" alt=\"\" srcset=\"data:image\/svg+xml,%3Csvg%20xmlns%3D%27http%3A%2F%2Fwww.w3.org%2F2000%2Fsvg%27%20width%3D%27600%27%20height%3D%27600%27%20viewBox%3D%270%200%20600%20600%27%3E%3Crect%20width%3D%27600%27%20height%3D%27600%27%20fill-opacity%3D%220%22%2F%3E%3C%2Fsvg%3E\" data-orig-src=\"https:\/\/www.vitaimagem.com.br\/wp-content\/uploads\/2021\/03\/dr-evandro.png\" data-srcset=\"https:\/\/www.vitaimagem.com.br\/wp-content\/uploads\/2021\/03\/dr-evandro-66x66.png 66w, https:\/\/www.vitaimagem.com.br\/wp-content\/uploads\/2021\/03\/dr-evandro-150x150.png 150w, https:\/\/www.vitaimagem.com.br\/wp-content\/uploads\/2021\/03\/dr-evandro-200x200.png 200w, https:\/\/www.vitaimagem.com.br\/wp-content\/uploads\/2021\/03\/dr-evandro-300x300.png 300w, https:\/\/www.vitaimagem.com.br\/wp-content\/uploads\/2021\/03\/dr-evandro-400x400.png 400w, https:\/\/www.vitaimagem.com.br\/wp-content\/uploads\/2021\/03\/dr-evandro.png 600w\" data-sizes=\"auto\" \/><\/div>\n                    <div class=\"texto\">\n                        <h3>Dr. Evandro Costa Rosa<\/h3>\n                    <\/div>\n               <\/a>\n            <\/div>\n                    <div class=\"item-medico\">\n                <a href=\"https:\/\/www.vitaimagem.com.br\/es\/medicos\/dra-flavia-coelho-doliveira\/\">\n                    <div class=\"img\"><img decoding=\"async\" width=\"600\" height=\"600\" src=\"https:\/\/www.vitaimagem.com.br\/wp-content\/uploads\/2018\/05\/drflavia.png\" class=\"attachment-full size-full lazyload wp-post-image\" alt=\"Dra. Flavia Coelho D&#039;Oliveira - M\u00e9dica da equipe da Vita.Imagem\" srcset=\"data:image\/svg+xml,%3Csvg%20xmlns%3D%27http%3A%2F%2Fwww.w3.org%2F2000%2Fsvg%27%20width%3D%27600%27%20height%3D%27600%27%20viewBox%3D%270%200%20600%20600%27%3E%3Crect%20width%3D%27600%27%20height%3D%27600%27%20fill-opacity%3D%220%22%2F%3E%3C%2Fsvg%3E\" data-orig-src=\"https:\/\/www.vitaimagem.com.br\/wp-content\/uploads\/2018\/05\/drflavia.png\" data-srcset=\"https:\/\/www.vitaimagem.com.br\/wp-content\/uploads\/2018\/05\/drflavia-96x96.png 96w, https:\/\/www.vitaimagem.com.br\/wp-content\/uploads\/2018\/05\/drflavia-150x150.png 150w, https:\/\/www.vitaimagem.com.br\/wp-content\/uploads\/2018\/05\/drflavia-200x200.png 200w, https:\/\/www.vitaimagem.com.br\/wp-content\/uploads\/2018\/05\/drflavia-300x300.png 300w, https:\/\/www.vitaimagem.com.br\/wp-content\/uploads\/2018\/05\/drflavia-554x554.png 554w, https:\/\/www.vitaimagem.com.br\/wp-content\/uploads\/2018\/05\/drflavia.png 600w\" data-sizes=\"auto\" \/><\/div>\n                    <div class=\"texto\">\n                        <h3>Dra. Flavia Coelho D&#8217;Oliveira<\/h3>\n                    <\/div>\n               <\/a>\n            <\/div>\n                    <div class=\"item-medico\">\n                <a href=\"https:\/\/www.vitaimagem.com.br\/es\/medicos\/dra-jane-nassif\/\">\n                    <div class=\"img\"><img decoding=\"async\" width=\"600\" height=\"600\" src=\"https:\/\/www.vitaimagem.com.br\/wp-content\/uploads\/2021\/03\/doutora_jane.png\" class=\"attachment-full size-full lazyload wp-post-image\" alt=\"\" srcset=\"data:image\/svg+xml,%3Csvg%20xmlns%3D%27http%3A%2F%2Fwww.w3.org%2F2000%2Fsvg%27%20width%3D%27600%27%20height%3D%27600%27%20viewBox%3D%270%200%20600%20600%27%3E%3Crect%20width%3D%27600%27%20height%3D%27600%27%20fill-opacity%3D%220%22%2F%3E%3C%2Fsvg%3E\" data-orig-src=\"https:\/\/www.vitaimagem.com.br\/wp-content\/uploads\/2021\/03\/doutora_jane.png\" data-srcset=\"https:\/\/www.vitaimagem.com.br\/wp-content\/uploads\/2021\/03\/doutora_jane-66x66.png 66w, https:\/\/www.vitaimagem.com.br\/wp-content\/uploads\/2021\/03\/doutora_jane-150x150.png 150w, https:\/\/www.vitaimagem.com.br\/wp-content\/uploads\/2021\/03\/doutora_jane-200x200.png 200w, https:\/\/www.vitaimagem.com.br\/wp-content\/uploads\/2021\/03\/doutora_jane-300x300.png 300w, https:\/\/www.vitaimagem.com.br\/wp-content\/uploads\/2021\/03\/doutora_jane-400x400.png 400w, https:\/\/www.vitaimagem.com.br\/wp-content\/uploads\/2021\/03\/doutora_jane.png 600w\" data-sizes=\"auto\" \/><\/div>\n                    <div class=\"texto\">\n                        <h3>Dra. Jane Nassif<\/h3>\n                    <\/div>\n               <\/a>\n            <\/div>\n                    <div class=\"item-medico\">\n                <a href=\"https:\/\/www.vitaimagem.com.br\/es\/medicos\/dr-jarbas-siqueira-paranhos\/\">\n                    <div class=\"img\"><img decoding=\"async\" width=\"600\" height=\"600\" src=\"https:\/\/www.vitaimagem.com.br\/wp-content\/uploads\/2018\/05\/doutor-jarbas.png\" class=\"attachment-full size-full lazyload wp-post-image\" alt=\"Dr. Jarbas Siqueira Paranhos\" srcset=\"data:image\/svg+xml,%3Csvg%20xmlns%3D%27http%3A%2F%2Fwww.w3.org%2F2000%2Fsvg%27%20width%3D%27600%27%20height%3D%27600%27%20viewBox%3D%270%200%20600%20600%27%3E%3Crect%20width%3D%27600%27%20height%3D%27600%27%20fill-opacity%3D%220%22%2F%3E%3C%2Fsvg%3E\" data-orig-src=\"https:\/\/www.vitaimagem.com.br\/wp-content\/uploads\/2018\/05\/doutor-jarbas.png\" data-srcset=\"https:\/\/www.vitaimagem.com.br\/wp-content\/uploads\/2018\/05\/doutor-jarbas-96x96.png 96w, https:\/\/www.vitaimagem.com.br\/wp-content\/uploads\/2018\/05\/doutor-jarbas-150x150.png 150w, https:\/\/www.vitaimagem.com.br\/wp-content\/uploads\/2018\/05\/doutor-jarbas-200x200.png 200w, https:\/\/www.vitaimagem.com.br\/wp-content\/uploads\/2018\/05\/doutor-jarbas-300x300.png 300w, https:\/\/www.vitaimagem.com.br\/wp-content\/uploads\/2018\/05\/doutor-jarbas-554x554.png 554w, https:\/\/www.vitaimagem.com.br\/wp-content\/uploads\/2018\/05\/doutor-jarbas.png 600w\" data-sizes=\"auto\" \/><\/div>\n                    <div class=\"texto\">\n                        <h3>Dr. Jarbas Siqueira Paranhos<\/h3>\n                    <\/div>\n               <\/a>\n            <\/div>\n                    <div class=\"item-medico\">\n                <a href=\"https:\/\/www.vitaimagem.com.br\/es\/medicos\/dra-karla-cavallieri-nacif-juliani\/\">\n                    <div class=\"img\"><img decoding=\"async\" width=\"600\" height=\"600\" src=\"https:\/\/www.vitaimagem.com.br\/wp-content\/uploads\/2018\/05\/dr-karla-2020-1.png\" class=\"attachment-full size-full lazyload wp-post-image\" alt=\"Dra. Karla Cavallieri Nacif Juliani - Vita Imagem\" srcset=\"data:image\/svg+xml,%3Csvg%20xmlns%3D%27http%3A%2F%2Fwww.w3.org%2F2000%2Fsvg%27%20width%3D%27600%27%20height%3D%27600%27%20viewBox%3D%270%200%20600%20600%27%3E%3Crect%20width%3D%27600%27%20height%3D%27600%27%20fill-opacity%3D%220%22%2F%3E%3C%2Fsvg%3E\" data-orig-src=\"https:\/\/www.vitaimagem.com.br\/wp-content\/uploads\/2018\/05\/dr-karla-2020-1.png\" data-srcset=\"https:\/\/www.vitaimagem.com.br\/wp-content\/uploads\/2018\/05\/dr-karla-2020-1-66x66.png 66w, https:\/\/www.vitaimagem.com.br\/wp-content\/uploads\/2018\/05\/dr-karla-2020-1-150x150.png 150w, https:\/\/www.vitaimagem.com.br\/wp-content\/uploads\/2018\/05\/dr-karla-2020-1-200x200.png 200w, https:\/\/www.vitaimagem.com.br\/wp-content\/uploads\/2018\/05\/dr-karla-2020-1-300x300.png 300w, https:\/\/www.vitaimagem.com.br\/wp-content\/uploads\/2018\/05\/dr-karla-2020-1-400x400.png 400w, https:\/\/www.vitaimagem.com.br\/wp-content\/uploads\/2018\/05\/dr-karla-2020-1.png 600w\" data-sizes=\"auto\" \/><\/div>\n                    <div class=\"texto\">\n                        <h3>Dra. Karla Cavallieri Nacif Juliani<\/h3>\n                    <\/div>\n               <\/a>\n            <\/div>\n                    <div class=\"item-medico\">\n                <a href=\"https:\/\/www.vitaimagem.com.br\/es\/medicos\/dr-luiz-carlos-piotto\/\">\n                    <div class=\"img\"><img decoding=\"async\" width=\"600\" height=\"600\" src=\"https:\/\/www.vitaimagem.com.br\/wp-content\/uploads\/2021\/03\/doutor_piotto.png\" class=\"attachment-full size-full lazyload wp-post-image\" alt=\"\" srcset=\"data:image\/svg+xml,%3Csvg%20xmlns%3D%27http%3A%2F%2Fwww.w3.org%2F2000%2Fsvg%27%20width%3D%27600%27%20height%3D%27600%27%20viewBox%3D%270%200%20600%20600%27%3E%3Crect%20width%3D%27600%27%20height%3D%27600%27%20fill-opacity%3D%220%22%2F%3E%3C%2Fsvg%3E\" data-orig-src=\"https:\/\/www.vitaimagem.com.br\/wp-content\/uploads\/2021\/03\/doutor_piotto.png\" data-srcset=\"https:\/\/www.vitaimagem.com.br\/wp-content\/uploads\/2021\/03\/doutor_piotto-66x66.png 66w, https:\/\/www.vitaimagem.com.br\/wp-content\/uploads\/2021\/03\/doutor_piotto-150x150.png 150w, https:\/\/www.vitaimagem.com.br\/wp-content\/uploads\/2021\/03\/doutor_piotto-200x200.png 200w, https:\/\/www.vitaimagem.com.br\/wp-content\/uploads\/2021\/03\/doutor_piotto-300x300.png 300w, https:\/\/www.vitaimagem.com.br\/wp-content\/uploads\/2021\/03\/doutor_piotto-400x400.png 400w, https:\/\/www.vitaimagem.com.br\/wp-content\/uploads\/2021\/03\/doutor_piotto.png 600w\" data-sizes=\"auto\" \/><\/div>\n                    <div class=\"texto\">\n                        <h3>Dr. Luiz Carlos Piotto<\/h3>\n                    <\/div>\n               <\/a>\n            <\/div>\n                    <div class=\"item-medico\">\n                <a href=\"https:\/\/www.vitaimagem.com.br\/es\/medicos\/dr-nillo-posse-wanderley\/\">\n                    <div class=\"img\"><img decoding=\"async\" width=\"600\" height=\"600\" src=\"https:\/\/www.vitaimagem.com.br\/wp-content\/uploads\/2018\/05\/drnillo.png\" class=\"attachment-full size-full lazyload wp-post-image\" alt=\"Dr. Nillo Posse Wanderley\" srcset=\"data:image\/svg+xml,%3Csvg%20xmlns%3D%27http%3A%2F%2Fwww.w3.org%2F2000%2Fsvg%27%20width%3D%27600%27%20height%3D%27600%27%20viewBox%3D%270%200%20600%20600%27%3E%3Crect%20width%3D%27600%27%20height%3D%27600%27%20fill-opacity%3D%220%22%2F%3E%3C%2Fsvg%3E\" data-orig-src=\"https:\/\/www.vitaimagem.com.br\/wp-content\/uploads\/2018\/05\/drnillo.png\" data-srcset=\"https:\/\/www.vitaimagem.com.br\/wp-content\/uploads\/2018\/05\/drnillo-96x96.png 96w, https:\/\/www.vitaimagem.com.br\/wp-content\/uploads\/2018\/05\/drnillo-150x150.png 150w, https:\/\/www.vitaimagem.com.br\/wp-content\/uploads\/2018\/05\/drnillo-200x200.png 200w, https:\/\/www.vitaimagem.com.br\/wp-content\/uploads\/2018\/05\/drnillo-300x300.png 300w, https:\/\/www.vitaimagem.com.br\/wp-content\/uploads\/2018\/05\/drnillo-554x554.png 554w, https:\/\/www.vitaimagem.com.br\/wp-content\/uploads\/2018\/05\/drnillo.png 600w\" data-sizes=\"auto\" \/><\/div>\n                    <div class=\"texto\">\n                        <h3>Dr. Nillo Posse Wanderley<\/h3>\n                    <\/div>\n               <\/a>\n            <\/div>\n                    <div class=\"item-medico\">\n                <a href=\"https:\/\/www.vitaimagem.com.br\/es\/medicos\/dr-pedro-leonardo-cabral-fernandes\/\">\n                    <div class=\"img\"><img decoding=\"async\" width=\"600\" height=\"600\" src=\"https:\/\/www.vitaimagem.com.br\/wp-content\/uploads\/2021\/03\/doutor_pedro.png\" class=\"attachment-full size-full lazyload wp-post-image\" alt=\"\" srcset=\"data:image\/svg+xml,%3Csvg%20xmlns%3D%27http%3A%2F%2Fwww.w3.org%2F2000%2Fsvg%27%20width%3D%27600%27%20height%3D%27600%27%20viewBox%3D%270%200%20600%20600%27%3E%3Crect%20width%3D%27600%27%20height%3D%27600%27%20fill-opacity%3D%220%22%2F%3E%3C%2Fsvg%3E\" data-orig-src=\"https:\/\/www.vitaimagem.com.br\/wp-content\/uploads\/2021\/03\/doutor_pedro.png\" data-srcset=\"https:\/\/www.vitaimagem.com.br\/wp-content\/uploads\/2021\/03\/doutor_pedro-66x66.png 66w, https:\/\/www.vitaimagem.com.br\/wp-content\/uploads\/2021\/03\/doutor_pedro-150x150.png 150w, https:\/\/www.vitaimagem.com.br\/wp-content\/uploads\/2021\/03\/doutor_pedro-200x200.png 200w, https:\/\/www.vitaimagem.com.br\/wp-content\/uploads\/2021\/03\/doutor_pedro-300x300.png 300w, https:\/\/www.vitaimagem.com.br\/wp-content\/uploads\/2021\/03\/doutor_pedro-400x400.png 400w, https:\/\/www.vitaimagem.com.br\/wp-content\/uploads\/2021\/03\/doutor_pedro.png 600w\" data-sizes=\"auto\" \/><\/div>\n                    <div class=\"texto\">\n                        <h3>Dr. Pedro Leonardo Cabral Fernandes<\/h3>\n                    <\/div>\n               <\/a>\n            <\/div>\n                    <div class=\"item-medico\">\n                <a href=\"https:\/\/www.vitaimagem.com.br\/es\/medicos\/dr-rogerio-goncalves-de-campos-meirelles\/\">\n                    <div class=\"img\"><img decoding=\"async\" width=\"600\" height=\"600\" src=\"https:\/\/www.vitaimagem.com.br\/wp-content\/uploads\/2018\/05\/dr-rogerio.png\" class=\"attachment-full size-full lazyload wp-post-image\" alt=\"Dr. Rog\u00e9rio Gon\u00e7alves de Campos Meirelles\" srcset=\"data:image\/svg+xml,%3Csvg%20xmlns%3D%27http%3A%2F%2Fwww.w3.org%2F2000%2Fsvg%27%20width%3D%27600%27%20height%3D%27600%27%20viewBox%3D%270%200%20600%20600%27%3E%3Crect%20width%3D%27600%27%20height%3D%27600%27%20fill-opacity%3D%220%22%2F%3E%3C%2Fsvg%3E\" data-orig-src=\"https:\/\/www.vitaimagem.com.br\/wp-content\/uploads\/2018\/05\/dr-rogerio.png\" data-srcset=\"https:\/\/www.vitaimagem.com.br\/wp-content\/uploads\/2018\/05\/dr-rogerio-96x96.png 96w, https:\/\/www.vitaimagem.com.br\/wp-content\/uploads\/2018\/05\/dr-rogerio-150x150.png 150w, https:\/\/www.vitaimagem.com.br\/wp-content\/uploads\/2018\/05\/dr-rogerio-200x200.png 200w, https:\/\/www.vitaimagem.com.br\/wp-content\/uploads\/2018\/05\/dr-rogerio-300x300.png 300w, https:\/\/www.vitaimagem.com.br\/wp-content\/uploads\/2018\/05\/dr-rogerio-554x554.png 554w, https:\/\/www.vitaimagem.com.br\/wp-content\/uploads\/2018\/05\/dr-rogerio.png 600w\" data-sizes=\"auto\" \/><\/div>\n                    <div class=\"texto\">\n                        <h3>Dr. Rog\u00e9rio Gon\u00e7alves de Campos Meirelles<\/h3>\n                    <\/div>\n               <\/a>\n            <\/div>\n                <\/div>\n    <script>\njQuery(document).ready( function($) {\n\t$('.medicos-carrossel').owlCarousel({\n        loop:true,\n    \tmargin:10,\n      \tresponsiveClass:true,\n   \t\tresponsive:{\n        0:{items:1, nav:true, autoplay:true,autoplayTimeout:5000,autoplayHoverPause:true,stagePadding: 0},\n        375:{items:2,nav:true, autoplay:true,autoplayTimeout:5000,autoplayHoverPause:true,stagePadding: 0},\n        1000:{items:2,nav:true,loop:true,autoplay:true,autoplayTimeout:5000,autoplayHoverPause:true,}\n    }\n});\n});\n<\/script><\/div><\/div><div class=\"fusion-layout-column fusion_builder_column fusion-builder-column-10 fusion_builder_column_1_2 1_2 fusion-flex-column fusion-flex-align-self-flex-start fusion-column-no-min-height\" style=\"--awb-bg-size:cover;--awb-width-large:50%;--awb-margin-top-large:0px;--awb-spacing-right-large:3.84%;--awb-margin-bottom-large:0px;--awb-spacing-left-large:3.84%;--awb-width-medium:100%;--awb-spacing-right-medium:1.92%;--awb-spacing-left-medium:1.92%;--awb-width-small:100%;--awb-spacing-right-small:1.92%;--awb-spacing-left-small:1.92%;\"><div class=\"fusion-column-wrapper fusion-column-has-shadow fusion-flex-justify-content-flex-start fusion-content-layout-column\"><div class=\"fusion-text fusion-text-11\"><h3 style=\"text-align: right;\">Nuestros Ex\u00e1menes<\/h3>\n<\/div>        <div class=\"owl-carousel exames-carrossel\">\r\n                    <div class=\"item-exame\">\r\n                <a href=\"https:\/\/www.vitaimagem.com.br\/es\/exames\/densitometria-osea\/\">\r\n                    <div class=\"img\"><img decoding=\"async\" width=\"1190\" height=\"547\" src=\"https:\/\/www.vitaimagem.com.br\/wp-content\/uploads\/2020\/08\/densitometria-ossea.jpg\" class=\"attachment-full size-full lazyload wp-post-image\" alt=\"\" srcset=\"data:image\/svg+xml,%3Csvg%20xmlns%3D%27http%3A%2F%2Fwww.w3.org%2F2000%2Fsvg%27%20width%3D%271190%27%20height%3D%27547%27%20viewBox%3D%270%200%201190%20547%27%3E%3Crect%20width%3D%271190%27%20height%3D%27547%27%20fill-opacity%3D%220%22%2F%3E%3C%2Fsvg%3E\" data-orig-src=\"https:\/\/www.vitaimagem.com.br\/wp-content\/uploads\/2020\/08\/densitometria-ossea.jpg\" data-srcset=\"https:\/\/www.vitaimagem.com.br\/wp-content\/uploads\/2020\/08\/densitometria-ossea-200x92.jpg 200w, https:\/\/www.vitaimagem.com.br\/wp-content\/uploads\/2020\/08\/densitometria-ossea-300x138.jpg 300w, https:\/\/www.vitaimagem.com.br\/wp-content\/uploads\/2020\/08\/densitometria-ossea-400x184.jpg 400w, https:\/\/www.vitaimagem.com.br\/wp-content\/uploads\/2020\/08\/densitometria-ossea-600x276.jpg 600w, https:\/\/www.vitaimagem.com.br\/wp-content\/uploads\/2020\/08\/densitometria-ossea-768x353.jpg 768w, https:\/\/www.vitaimagem.com.br\/wp-content\/uploads\/2020\/08\/densitometria-ossea-800x368.jpg 800w, https:\/\/www.vitaimagem.com.br\/wp-content\/uploads\/2020\/08\/densitometria-ossea-1024x471.jpg 1024w, https:\/\/www.vitaimagem.com.br\/wp-content\/uploads\/2020\/08\/densitometria-ossea.jpg 1190w\" data-sizes=\"auto\" \/><\/div>\r\n                    <div class=\"texto\"><h3>Densitometr\u00eda \u00d3sea<\/h3><\/div>\r\n                <\/a>\r\n            <\/div>\r\n                    <div class=\"item-exame\">\r\n                <a href=\"https:\/\/www.vitaimagem.com.br\/es\/exames\/mamografia\/\">\r\n                    <div class=\"img\"><img decoding=\"async\" width=\"1190\" height=\"547\" src=\"https:\/\/www.vitaimagem.com.br\/wp-content\/uploads\/2020\/08\/mamografia.jpg\" class=\"attachment-full size-full lazyload wp-post-image\" alt=\"\" srcset=\"data:image\/svg+xml,%3Csvg%20xmlns%3D%27http%3A%2F%2Fwww.w3.org%2F2000%2Fsvg%27%20width%3D%271190%27%20height%3D%27547%27%20viewBox%3D%270%200%201190%20547%27%3E%3Crect%20width%3D%271190%27%20height%3D%27547%27%20fill-opacity%3D%220%22%2F%3E%3C%2Fsvg%3E\" data-orig-src=\"https:\/\/www.vitaimagem.com.br\/wp-content\/uploads\/2020\/08\/mamografia.jpg\" data-srcset=\"https:\/\/www.vitaimagem.com.br\/wp-content\/uploads\/2020\/08\/mamografia-200x92.jpg 200w, https:\/\/www.vitaimagem.com.br\/wp-content\/uploads\/2020\/08\/mamografia-300x138.jpg 300w, https:\/\/www.vitaimagem.com.br\/wp-content\/uploads\/2020\/08\/mamografia-400x184.jpg 400w, https:\/\/www.vitaimagem.com.br\/wp-content\/uploads\/2020\/08\/mamografia-600x276.jpg 600w, https:\/\/www.vitaimagem.com.br\/wp-content\/uploads\/2020\/08\/mamografia-768x353.jpg 768w, https:\/\/www.vitaimagem.com.br\/wp-content\/uploads\/2020\/08\/mamografia-800x368.jpg 800w, https:\/\/www.vitaimagem.com.br\/wp-content\/uploads\/2020\/08\/mamografia-1024x471.jpg 1024w, https:\/\/www.vitaimagem.com.br\/wp-content\/uploads\/2020\/08\/mamografia.jpg 1190w\" data-sizes=\"auto\" \/><\/div>\r\n                    <div class=\"texto\"><h3>Mamograf\u00eda<\/h3><\/div>\r\n                <\/a>\r\n            <\/div>\r\n                    <div class=\"item-exame\">\r\n                <a href=\"https:\/\/www.vitaimagem.com.br\/es\/exames\/rayos-x-digital\/\">\r\n                    <div class=\"img\"><img decoding=\"async\" width=\"1190\" height=\"547\" src=\"https:\/\/www.vitaimagem.com.br\/wp-content\/uploads\/2020\/08\/raio-x-digital.jpg\" class=\"attachment-full size-full lazyload wp-post-image\" alt=\"\" srcset=\"data:image\/svg+xml,%3Csvg%20xmlns%3D%27http%3A%2F%2Fwww.w3.org%2F2000%2Fsvg%27%20width%3D%271190%27%20height%3D%27547%27%20viewBox%3D%270%200%201190%20547%27%3E%3Crect%20width%3D%271190%27%20height%3D%27547%27%20fill-opacity%3D%220%22%2F%3E%3C%2Fsvg%3E\" data-orig-src=\"https:\/\/www.vitaimagem.com.br\/wp-content\/uploads\/2020\/08\/raio-x-digital.jpg\" data-srcset=\"https:\/\/www.vitaimagem.com.br\/wp-content\/uploads\/2020\/08\/raio-x-digital-200x92.jpg 200w, https:\/\/www.vitaimagem.com.br\/wp-content\/uploads\/2020\/08\/raio-x-digital-300x138.jpg 300w, https:\/\/www.vitaimagem.com.br\/wp-content\/uploads\/2020\/08\/raio-x-digital-400x184.jpg 400w, https:\/\/www.vitaimagem.com.br\/wp-content\/uploads\/2020\/08\/raio-x-digital-600x276.jpg 600w, https:\/\/www.vitaimagem.com.br\/wp-content\/uploads\/2020\/08\/raio-x-digital-768x353.jpg 768w, https:\/\/www.vitaimagem.com.br\/wp-content\/uploads\/2020\/08\/raio-x-digital-800x368.jpg 800w, https:\/\/www.vitaimagem.com.br\/wp-content\/uploads\/2020\/08\/raio-x-digital-1024x471.jpg 1024w, https:\/\/www.vitaimagem.com.br\/wp-content\/uploads\/2020\/08\/raio-x-digital.jpg 1190w\" data-sizes=\"auto\" \/><\/div>\r\n                    <div class=\"texto\"><h3>Rayos-X Digital<\/h3><\/div>\r\n                <\/a>\r\n            <\/div>\r\n                    <div class=\"item-exame\">\r\n                <a href=\"https:\/\/www.vitaimagem.com.br\/es\/exames\/resonancia-magnetica\/\">\r\n                    <div class=\"img\"><img decoding=\"async\" width=\"1190\" height=\"547\" src=\"https:\/\/www.vitaimagem.com.br\/wp-content\/uploads\/2020\/08\/ressonancia-magnetica.jpg\" class=\"attachment-full size-full lazyload wp-post-image\" alt=\"\" srcset=\"data:image\/svg+xml,%3Csvg%20xmlns%3D%27http%3A%2F%2Fwww.w3.org%2F2000%2Fsvg%27%20width%3D%271190%27%20height%3D%27547%27%20viewBox%3D%270%200%201190%20547%27%3E%3Crect%20width%3D%271190%27%20height%3D%27547%27%20fill-opacity%3D%220%22%2F%3E%3C%2Fsvg%3E\" data-orig-src=\"https:\/\/www.vitaimagem.com.br\/wp-content\/uploads\/2020\/08\/ressonancia-magnetica.jpg\" data-srcset=\"https:\/\/www.vitaimagem.com.br\/wp-content\/uploads\/2020\/08\/ressonancia-magnetica-200x92.jpg 200w, https:\/\/www.vitaimagem.com.br\/wp-content\/uploads\/2020\/08\/ressonancia-magnetica-300x138.jpg 300w, https:\/\/www.vitaimagem.com.br\/wp-content\/uploads\/2020\/08\/ressonancia-magnetica-400x184.jpg 400w, https:\/\/www.vitaimagem.com.br\/wp-content\/uploads\/2020\/08\/ressonancia-magnetica-600x276.jpg 600w, https:\/\/www.vitaimagem.com.br\/wp-content\/uploads\/2020\/08\/ressonancia-magnetica-768x353.jpg 768w, https:\/\/www.vitaimagem.com.br\/wp-content\/uploads\/2020\/08\/ressonancia-magnetica-800x368.jpg 800w, https:\/\/www.vitaimagem.com.br\/wp-content\/uploads\/2020\/08\/ressonancia-magnetica-1024x471.jpg 1024w, https:\/\/www.vitaimagem.com.br\/wp-content\/uploads\/2020\/08\/ressonancia-magnetica.jpg 1190w\" data-sizes=\"auto\" \/><\/div>\r\n                    <div class=\"texto\"><h3>Resonancia Magn\u00e9tica<\/h3><\/div>\r\n                <\/a>\r\n            <\/div>\r\n                    <div class=\"item-exame\">\r\n                <a href=\"https:\/\/www.vitaimagem.com.br\/es\/exames\/tomografia-computadorizada\/\">\r\n                    <div class=\"img\"><img decoding=\"async\" width=\"1190\" height=\"547\" src=\"https:\/\/www.vitaimagem.com.br\/wp-content\/uploads\/2020\/08\/tomografia-computadorizada.jpg\" class=\"attachment-full size-full lazyload wp-post-image\" alt=\"\" srcset=\"data:image\/svg+xml,%3Csvg%20xmlns%3D%27http%3A%2F%2Fwww.w3.org%2F2000%2Fsvg%27%20width%3D%271190%27%20height%3D%27547%27%20viewBox%3D%270%200%201190%20547%27%3E%3Crect%20width%3D%271190%27%20height%3D%27547%27%20fill-opacity%3D%220%22%2F%3E%3C%2Fsvg%3E\" data-orig-src=\"https:\/\/www.vitaimagem.com.br\/wp-content\/uploads\/2020\/08\/tomografia-computadorizada.jpg\" data-srcset=\"https:\/\/www.vitaimagem.com.br\/wp-content\/uploads\/2020\/08\/tomografia-computadorizada-200x92.jpg 200w, https:\/\/www.vitaimagem.com.br\/wp-content\/uploads\/2020\/08\/tomografia-computadorizada-300x138.jpg 300w, https:\/\/www.vitaimagem.com.br\/wp-content\/uploads\/2020\/08\/tomografia-computadorizada-400x184.jpg 400w, https:\/\/www.vitaimagem.com.br\/wp-content\/uploads\/2020\/08\/tomografia-computadorizada-600x276.jpg 600w, https:\/\/www.vitaimagem.com.br\/wp-content\/uploads\/2020\/08\/tomografia-computadorizada-768x353.jpg 768w, https:\/\/www.vitaimagem.com.br\/wp-content\/uploads\/2020\/08\/tomografia-computadorizada-800x368.jpg 800w, https:\/\/www.vitaimagem.com.br\/wp-content\/uploads\/2020\/08\/tomografia-computadorizada-1024x471.jpg 1024w, https:\/\/www.vitaimagem.com.br\/wp-content\/uploads\/2020\/08\/tomografia-computadorizada.jpg 1190w\" data-sizes=\"auto\" \/><\/div>\r\n                    <div class=\"texto\"><h3>Tomograf\u00eda Computadorizada<\/h3><\/div>\r\n                <\/a>\r\n            <\/div>\r\n                    <div class=\"item-exame\">\r\n                <a href=\"https:\/\/www.vitaimagem.com.br\/es\/exames\/ultrasonido\/\">\r\n                    <div class=\"img\"><img decoding=\"async\" width=\"1190\" height=\"547\" src=\"https:\/\/www.vitaimagem.com.br\/wp-content\/uploads\/2020\/08\/ultrassom.jpg\" class=\"attachment-full size-full lazyload wp-post-image\" alt=\"\" srcset=\"data:image\/svg+xml,%3Csvg%20xmlns%3D%27http%3A%2F%2Fwww.w3.org%2F2000%2Fsvg%27%20width%3D%271190%27%20height%3D%27547%27%20viewBox%3D%270%200%201190%20547%27%3E%3Crect%20width%3D%271190%27%20height%3D%27547%27%20fill-opacity%3D%220%22%2F%3E%3C%2Fsvg%3E\" data-orig-src=\"https:\/\/www.vitaimagem.com.br\/wp-content\/uploads\/2020\/08\/ultrassom.jpg\" data-srcset=\"https:\/\/www.vitaimagem.com.br\/wp-content\/uploads\/2020\/08\/ultrassom-200x92.jpg 200w, https:\/\/www.vitaimagem.com.br\/wp-content\/uploads\/2020\/08\/ultrassom-300x138.jpg 300w, https:\/\/www.vitaimagem.com.br\/wp-content\/uploads\/2020\/08\/ultrassom-400x184.jpg 400w, https:\/\/www.vitaimagem.com.br\/wp-content\/uploads\/2020\/08\/ultrassom-600x276.jpg 600w, https:\/\/www.vitaimagem.com.br\/wp-content\/uploads\/2020\/08\/ultrassom-768x353.jpg 768w, https:\/\/www.vitaimagem.com.br\/wp-content\/uploads\/2020\/08\/ultrassom-800x368.jpg 800w, https:\/\/www.vitaimagem.com.br\/wp-content\/uploads\/2020\/08\/ultrassom-1024x471.jpg 1024w, https:\/\/www.vitaimagem.com.br\/wp-content\/uploads\/2020\/08\/ultrassom.jpg 1190w\" data-sizes=\"auto\" \/><\/div>\r\n                    <div class=\"texto\"><h3>Ultrasonido<\/h3><\/div>\r\n                <\/a>\r\n            <\/div>\r\n                    <div class=\"item-exame\">\r\n                <a href=\"https:\/\/www.vitaimagem.com.br\/es\/exames\/medicina-nuclear\/\">\r\n                    <div class=\"img\"><img decoding=\"async\" width=\"650\" height=\"333\" src=\"https:\/\/www.vitaimagem.com.br\/wp-content\/uploads\/2024\/03\/thumb-exame-medicina-nuclear.png\" class=\"attachment-full size-full lazyload wp-post-image\" alt=\"\" srcset=\"data:image\/svg+xml,%3Csvg%20xmlns%3D%27http%3A%2F%2Fwww.w3.org%2F2000%2Fsvg%27%20width%3D%27650%27%20height%3D%27333%27%20viewBox%3D%270%200%20650%20333%27%3E%3Crect%20width%3D%27650%27%20height%3D%27333%27%20fill-opacity%3D%220%22%2F%3E%3C%2Fsvg%3E\" data-orig-src=\"https:\/\/www.vitaimagem.com.br\/wp-content\/uploads\/2024\/03\/thumb-exame-medicina-nuclear.png\" data-srcset=\"https:\/\/www.vitaimagem.com.br\/wp-content\/uploads\/2024\/03\/thumb-exame-medicina-nuclear-200x102.png 200w, https:\/\/www.vitaimagem.com.br\/wp-content\/uploads\/2024\/03\/thumb-exame-medicina-nuclear-300x154.png 300w, https:\/\/www.vitaimagem.com.br\/wp-content\/uploads\/2024\/03\/thumb-exame-medicina-nuclear-400x205.png 400w, https:\/\/www.vitaimagem.com.br\/wp-content\/uploads\/2024\/03\/thumb-exame-medicina-nuclear-600x307.png 600w, https:\/\/www.vitaimagem.com.br\/wp-content\/uploads\/2024\/03\/thumb-exame-medicina-nuclear.png 650w\" data-sizes=\"auto\" \/><\/div>\r\n                    <div class=\"texto\"><h3>Medicina Nuclear<\/h3><\/div>\r\n                <\/a>\r\n            <\/div>\r\n                <\/div>\r\n    <script>\r\njQuery(document).ready( function($) {\r\n\t$('.exames-carrossel').owlCarousel({\r\n        loop:true,\r\n    \tmargin:10,\r\n      \tresponsiveClass:true,\r\n   \t\tresponsive:{\r\n        0:{items:1, nav:true, autoplay:true,autoplayTimeout:5000,autoplayHoverPause:true,stagePadding: 0},\r\n        600:{items:1,nav:true, autoplay:true,autoplayTimeout:5000,autoplayHoverPause:true,stagePadding: 0},\r\n        1000:{items:1,nav:true,loop:true, autoplay:true,autoplayTimeout:5000,autoplayHoverPause:true,stagePadding: 0}\r\n    }\r\n});\r\n});\r\n<\/script><\/div><\/div><\/div><\/div><\/p>\n","protected":false},"excerpt":{"rendered":"","protected":false},"author":7,"featured_media":3351,"parent":0,"menu_order":0,"comment_status":"closed","ping_status":"closed","template":"","meta":{"_acf_changed":false,"footnotes":""},"class_list":["post-3468","page","type-page","status-publish","has-post-thumbnail","hentry"],"acf":[],"yoast_head":"<!-- This site is optimized with the Yoast SEO plugin v25.1 - https:\/\/yoast.com\/wordpress\/plugins\/seo\/ -->\n<title>Sobre nosotros - Vita Imagem<\/title>\n<meta name=\"robots\" content=\"index, follow, max-snippet:-1, max-image-preview:large, max-video-preview:-1\" \/>\n<link rel=\"canonical\" href=\"https:\/\/www.vitaimagem.com.br\/es\/sobre-nosotros\/\" \/>\n<meta property=\"og:locale\" content=\"es_ES\" \/>\n<meta property=\"og:type\" content=\"article\" \/>\n<meta property=\"og:title\" content=\"Sobre nosotros - Vita Imagem\" \/>\n<meta property=\"og:url\" content=\"https:\/\/www.vitaimagem.com.br\/es\/sobre-nosotros\/\" \/>\n<meta property=\"og:site_name\" content=\"Vita Imagem\" \/>\n<meta property=\"article:modified_time\" content=\"2025-01-13T16:36:32+00:00\" \/>\n<meta property=\"og:image\" content=\"https:\/\/www.vitaimagem.com.br\/wp-content\/uploads\/2018\/03\/cerebro-de-um-paciente-com-alzheimer.jpg\" \/>\n\t<meta property=\"og:image:width\" content=\"1500\" \/>\n\t<meta property=\"og:image:height\" content=\"909\" \/>\n\t<meta property=\"og:image:type\" content=\"image\/jpeg\" \/>\n<meta name=\"twitter:card\" content=\"summary_large_image\" \/>\n<meta name=\"twitter:label1\" content=\"Tiempo de lectura\" \/>\n\t<meta name=\"twitter:data1\" content=\"15 minutos\" \/>\n<script type=\"application\/ld+json\" class=\"yoast-schema-graph\">{\"@context\":\"https:\/\/schema.org\",\"@graph\":[{\"@type\":\"WebPage\",\"@id\":\"https:\/\/www.vitaimagem.com.br\/es\/sobre-nosotros\/\",\"url\":\"https:\/\/www.vitaimagem.com.br\/es\/sobre-nosotros\/\",\"name\":\"Sobre nosotros - Vita Imagem\",\"isPartOf\":{\"@id\":\"https:\/\/www.vitaimagem.com.br\/es\/#website\"},\"primaryImageOfPage\":{\"@id\":\"https:\/\/www.vitaimagem.com.br\/es\/sobre-nosotros\/#primaryimage\"},\"image\":{\"@id\":\"https:\/\/www.vitaimagem.com.br\/es\/sobre-nosotros\/#primaryimage\"},\"thumbnailUrl\":\"https:\/\/www.vitaimagem.com.br\/wp-content\/uploads\/2018\/03\/cerebro-de-um-paciente-com-alzheimer.jpg\",\"datePublished\":\"2018-03-22T22:29:10+00:00\",\"dateModified\":\"2025-01-13T16:36:32+00:00\",\"breadcrumb\":{\"@id\":\"https:\/\/www.vitaimagem.com.br\/es\/sobre-nosotros\/#breadcrumb\"},\"inLanguage\":\"es\",\"potentialAction\":[{\"@type\":\"ReadAction\",\"target\":[\"https:\/\/www.vitaimagem.com.br\/es\/sobre-nosotros\/\"]}]},{\"@type\":\"ImageObject\",\"inLanguage\":\"es\",\"@id\":\"https:\/\/www.vitaimagem.com.br\/es\/sobre-nosotros\/#primaryimage\",\"url\":\"https:\/\/www.vitaimagem.com.br\/wp-content\/uploads\/2018\/03\/cerebro-de-um-paciente-com-alzheimer.jpg\",\"contentUrl\":\"https:\/\/www.vitaimagem.com.br\/wp-content\/uploads\/2018\/03\/cerebro-de-um-paciente-com-alzheimer.jpg\",\"width\":1500,\"height\":909},{\"@type\":\"BreadcrumbList\",\"@id\":\"https:\/\/www.vitaimagem.com.br\/es\/sobre-nosotros\/#breadcrumb\",\"itemListElement\":[{\"@type\":\"ListItem\",\"position\":1,\"name\":\"Home\",\"item\":\"https:\/\/www.vitaimagem.com.br\/es\/\"},{\"@type\":\"ListItem\",\"position\":2,\"name\":\"Sobre nosotros\"}]},{\"@type\":\"WebSite\",\"@id\":\"https:\/\/www.vitaimagem.com.br\/es\/#website\",\"url\":\"https:\/\/www.vitaimagem.com.br\/es\/\",\"name\":\"Vita Imagem\",\"description\":\"Tecnologia a Favor da Vida - Foz do Igua\u00e7u - PR\",\"publisher\":{\"@id\":\"https:\/\/www.vitaimagem.com.br\/es\/#organization\"},\"potentialAction\":[{\"@type\":\"SearchAction\",\"target\":{\"@type\":\"EntryPoint\",\"urlTemplate\":\"https:\/\/www.vitaimagem.com.br\/es\/?s={search_term_string}\"},\"query-input\":{\"@type\":\"PropertyValueSpecification\",\"valueRequired\":true,\"valueName\":\"search_term_string\"}}],\"inLanguage\":\"es\"},{\"@type\":\"Organization\",\"@id\":\"https:\/\/www.vitaimagem.com.br\/es\/#organization\",\"name\":\"Vita Imagem\",\"url\":\"https:\/\/www.vitaimagem.com.br\/es\/\",\"logo\":{\"@type\":\"ImageObject\",\"inLanguage\":\"es\",\"@id\":\"https:\/\/www.vitaimagem.com.br\/es\/#\/schema\/logo\/image\/\",\"url\":\"https:\/\/www.vitaimagem.com.br\/wp-content\/uploads\/2019\/05\/logo-da-vita-imagem.png\",\"contentUrl\":\"https:\/\/www.vitaimagem.com.br\/wp-content\/uploads\/2019\/05\/logo-da-vita-imagem.png\",\"width\":1166,\"height\":714,\"caption\":\"Vita Imagem\"},\"image\":{\"@id\":\"https:\/\/www.vitaimagem.com.br\/es\/#\/schema\/logo\/image\/\"}}]}<\/script>\n<!-- \/ Yoast SEO plugin. -->","yoast_head_json":{"title":"Sobre nosotros - Vita Imagem","robots":{"index":"index","follow":"follow","max-snippet":"max-snippet:-1","max-image-preview":"max-image-preview:large","max-video-preview":"max-video-preview:-1"},"canonical":"https:\/\/www.vitaimagem.com.br\/es\/sobre-nosotros\/","og_locale":"es_ES","og_type":"article","og_title":"Sobre nosotros - Vita Imagem","og_url":"https:\/\/www.vitaimagem.com.br\/es\/sobre-nosotros\/","og_site_name":"Vita Imagem","article_modified_time":"2025-01-13T16:36:32+00:00","og_image":[{"width":1500,"height":909,"url":"https:\/\/www.vitaimagem.com.br\/wp-content\/uploads\/2018\/03\/cerebro-de-um-paciente-com-alzheimer.jpg","type":"image\/jpeg"}],"twitter_card":"summary_large_image","twitter_misc":{"Tiempo de lectura":"15 minutos"},"schema":{"@context":"https:\/\/schema.org","@graph":[{"@type":"WebPage","@id":"https:\/\/www.vitaimagem.com.br\/es\/sobre-nosotros\/","url":"https:\/\/www.vitaimagem.com.br\/es\/sobre-nosotros\/","name":"Sobre nosotros - Vita Imagem","isPartOf":{"@id":"https:\/\/www.vitaimagem.com.br\/es\/#website"},"primaryImageOfPage":{"@id":"https:\/\/www.vitaimagem.com.br\/es\/sobre-nosotros\/#primaryimage"},"image":{"@id":"https:\/\/www.vitaimagem.com.br\/es\/sobre-nosotros\/#primaryimage"},"thumbnailUrl":"https:\/\/www.vitaimagem.com.br\/wp-content\/uploads\/2018\/03\/cerebro-de-um-paciente-com-alzheimer.jpg","datePublished":"2018-03-22T22:29:10+00:00","dateModified":"2025-01-13T16:36:32+00:00","breadcrumb":{"@id":"https:\/\/www.vitaimagem.com.br\/es\/sobre-nosotros\/#breadcrumb"},"inLanguage":"es","potentialAction":[{"@type":"ReadAction","target":["https:\/\/www.vitaimagem.com.br\/es\/sobre-nosotros\/"]}]},{"@type":"ImageObject","inLanguage":"es","@id":"https:\/\/www.vitaimagem.com.br\/es\/sobre-nosotros\/#primaryimage","url":"https:\/\/www.vitaimagem.com.br\/wp-content\/uploads\/2018\/03\/cerebro-de-um-paciente-com-alzheimer.jpg","contentUrl":"https:\/\/www.vitaimagem.com.br\/wp-content\/uploads\/2018\/03\/cerebro-de-um-paciente-com-alzheimer.jpg","width":1500,"height":909},{"@type":"BreadcrumbList","@id":"https:\/\/www.vitaimagem.com.br\/es\/sobre-nosotros\/#breadcrumb","itemListElement":[{"@type":"ListItem","position":1,"name":"Home","item":"https:\/\/www.vitaimagem.com.br\/es\/"},{"@type":"ListItem","position":2,"name":"Sobre nosotros"}]},{"@type":"WebSite","@id":"https:\/\/www.vitaimagem.com.br\/es\/#website","url":"https:\/\/www.vitaimagem.com.br\/es\/","name":"Vita Imagem","description":"Tecnologia a Favor da Vida - Foz do Igua\u00e7u - PR","publisher":{"@id":"https:\/\/www.vitaimagem.com.br\/es\/#organization"},"potentialAction":[{"@type":"SearchAction","target":{"@type":"EntryPoint","urlTemplate":"https:\/\/www.vitaimagem.com.br\/es\/?s={search_term_string}"},"query-input":{"@type":"PropertyValueSpecification","valueRequired":true,"valueName":"search_term_string"}}],"inLanguage":"es"},{"@type":"Organization","@id":"https:\/\/www.vitaimagem.com.br\/es\/#organization","name":"Vita Imagem","url":"https:\/\/www.vitaimagem.com.br\/es\/","logo":{"@type":"ImageObject","inLanguage":"es","@id":"https:\/\/www.vitaimagem.com.br\/es\/#\/schema\/logo\/image\/","url":"https:\/\/www.vitaimagem.com.br\/wp-content\/uploads\/2019\/05\/logo-da-vita-imagem.png","contentUrl":"https:\/\/www.vitaimagem.com.br\/wp-content\/uploads\/2019\/05\/logo-da-vita-imagem.png","width":1166,"height":714,"caption":"Vita Imagem"},"image":{"@id":"https:\/\/www.vitaimagem.com.br\/es\/#\/schema\/logo\/image\/"}}]}},"_links":{"self":[{"href":"https:\/\/www.vitaimagem.com.br\/es\/wp-json\/wp\/v2\/pages\/3468","targetHints":{"allow":["GET"]}}],"collection":[{"href":"https:\/\/www.vitaimagem.com.br\/es\/wp-json\/wp\/v2\/pages"}],"about":[{"href":"https:\/\/www.vitaimagem.com.br\/es\/wp-json\/wp\/v2\/types\/page"}],"author":[{"embeddable":true,"href":"https:\/\/www.vitaimagem.com.br\/es\/wp-json\/wp\/v2\/users\/7"}],"replies":[{"embeddable":true,"href":"https:\/\/www.vitaimagem.com.br\/es\/wp-json\/wp\/v2\/comments?post=3468"}],"version-history":[{"count":3,"href":"https:\/\/www.vitaimagem.com.br\/es\/wp-json\/wp\/v2\/pages\/3468\/revisions"}],"predecessor-version":[{"id":3680,"href":"https:\/\/www.vitaimagem.com.br\/es\/wp-json\/wp\/v2\/pages\/3468\/revisions\/3680"}],"wp:featuredmedia":[{"embeddable":true,"href":"https:\/\/www.vitaimagem.com.br\/es\/wp-json\/wp\/v2\/media\/3351"}],"wp:attachment":[{"href":"https:\/\/www.vitaimagem.com.br\/es\/wp-json\/wp\/v2\/media?parent=3468"}],"curies":[{"name":"wp","href":"https:\/\/api.w.org\/{rel}","templated":true}]}}