{"id":2310,"date":"2018-05-28T18:17:44","date_gmt":"2018-05-28T21:17:44","guid":{"rendered":"http:\/\/vitaimagem.astronauta.cc\/?post_type=medicos&#038;p=2310"},"modified":"2021-03-24T12:01:47","modified_gmt":"2021-03-24T15:01:47","slug":"dr-rogerio-goncalves-de-campos-meirelles","status":"publish","type":"medicos","link":"https:\/\/www.vitaimagem.com.br\/es\/medicos\/dr-rogerio-goncalves-de-campos-meirelles\/","title":{"rendered":"Dr. Rog\u00e9rio Gon\u00e7alves de Campos Meirelles"},"content":{"rendered":"<p>M\u00e9dico Radiologista com 20 anos de experi\u00eancia, Dr. Rog\u00e9rio Gon\u00e7alves de Campos Meirelles \u00e9 formado na Faculdade de Ci\u00eancias M\u00e9dicas da Santa Casa de S\u00e3o Paulo em 1999 e parte integrante da equipe da equipe da Vita.Imagem.<\/p>\n<h2>Forma\u00e7\u00e3o<\/h2>\n<p><a href=\"https:\/\/fcmsantacasasp.edu.br\/\" target=\"_blank\" rel=\"noopener\">Faculdade de Ci\u00eancias M\u00e9dicas da Santa Casa de S\u00e3o Paulo<\/a> \u2013 S\u00e3o Paulo \u2013 SP<\/p>\n<p>Resid\u00eancia m\u00e9dica em radiologia no Servi\u00e7o de Diagn\u00f3stico por Imagem da Santa Casa de S\u00e3o Paulo, de fevereiro de 2000 a janeiro de 2003.<\/p>\n<p>Fellow da imagem no Laborat\u00f3rio Fleury \u2013 Centro de Medicina Diagn\u00f3stica, de fevereiro de 2002 a janeiro de 2003.<\/p>\n<p>Est\u00e1gio em Neuroradiologia no Servi\u00e7o de Diagn\u00f3stico por Imagem da Santa Casa de S\u00e3o Paulo, de fevereiro a dezembro de 2003.<\/p>\n<p>Membro Titular do Col\u00e9gio Brasileiro de Radiologia desde 2004.<\/p>\n<h3>Cursos, Congressos e Jornadas<\/h3>\n<p>30\u00ba Jornada Paulista de Radiologia realizada de 27 a 30 de abril de 2000, na qualidade de congressista.<\/p>\n<p>Congresso Internacional de Especialidades Pedi\u00e1tricas \u2013 M\u00f3dulo de Radiologia de 17 a 20 de maio de 2000 em Curitiba \u2013 PR, na qualidade de congressista.<\/p>\n<p>VI Curso Professor Dr. Feres Secaf, de 17 a 19 de agosto de 2001 em S\u00e3o Paulo \u2013 SP, na qualidade de congressista.<\/p>\n<p>XXXI Congresso Brasileiro de Radiologia, de 24 a 27 de outubro de 2002, em S\u00e3o Paulo \u2013 SP, na qualidade de congressista.<\/p>\n<p>Jornada Paulista de Radiologia, realizada de 01 a 04 de maio de 2003, na qualidade de congressista.<\/p>\n<p>Jornada Paulista de Radiologia, realizada de 21 a 24 de abril de 2004, na qualidade de congressista.<\/p>\n<p>Jornada Paulista de Radiologia, realizada em abril de 2007, na qualidade de congressista.<\/p>\n<p>Curso de Tomografia Computadoriza de Alta Resolu\u00e7\u00e3o dos Pulm\u00f5es \u2013 2\u00ba edi\u00e7\u00e3o, para m\u00e9dicos, promovido pelo instituto Cesar Santos, em Porto Alegre\/RS nos dias 07 a 08 de setembro de 2013.<\/p>\n<p>Palestrante da mesa redonda: Papel da Resson\u00e2ncia Magn\u00e9tica no Diagn\u00f3stico da Endometriose Profunda do 1\u00ba Curso Te\u00f3rico-Pr\u00e1tico de Endometriose Intestinal, realizado nos dias 24 e 25 de abril de 2015.<\/p>\n<p>46\u00aa Jornada Paulista de Radiologia (JPR 2016), evento realizado de 28 de abril a 1 de maio de 2016, no Transam\u00e9rica Expo Center, em S\u00e3o Paulo, Brasil.<\/p>\n<p>47\u00ba Congresso Brasileiro de Radiologia e 13\u00ba Congresso da Sociedade Brasileira de Neurorradiologia Diagn\u00f3stica e Terap\u00eautica, realizado de 11 a 13 de outubro de 2018, no Windsor Convention &amp; Expo Center \/ Barra da Tijuca Windsor Oce\u00e2nico, no Rio de Janeiro.<\/p>\n<p>Curso de Ultrassonografia em Elastografia, realizado no per\u00edodo de 07 de fevereiro de 2019 a 9 de fevereiro de 2019.<\/p>\n<p>Atualiza\u00e7\u00e3o em Choque Anafil\u00e1tico e Reanima\u00e7\u00e3o Cardiopulmonar em 17\/07\/2019.<\/p>\n<h3>Experi\u00eancia Profissional<\/h3>\n<p>Radiologista do grupo da Imagem do Laborat\u00f3rio Fleury \u2013 Centro de Medicina Diagn\u00f3stica de fevereiro de 2003 a dezembro de 2003.<\/p>\n<p>Radiologista e plantonista do Hospital S\u00e3o Jos\u00e9 do Braz \u2013 SP desde novembro de 2001 a novembro de 2003.<\/p>\n<p>Radiologista e plantonista do Hospital Geral de Pediatria \u2013 SP desde agosto de 2001 a agosto de 2003.<\/p>\n<p>Plantonista do servi\u00e7o de ultra-sonografia do Hospital Renascen\u00e7a de maio de 2002 a setembro de 2003.<\/p>\n<p>Radiologia e plantonista do Hospital Ministro Costa Cavalcanti \u2013 Foz do Igua\u00e7u \u2013 PR, desde janeiro de 2004 at\u00e9 o momento.<\/p>\n<p>&nbsp;<\/p>\n<p>Qualquer d\u00favida ou algo que queira dizer ao Dr. Rog\u00e9rio Gon\u00e7alves de Campos Meirelles, por favor preencha o formul\u00e1rio abaixo que ele te responder\u00e1 em assim que poss\u00edvel. Mais sobre os outros m\u00e9dicos, <a href=\"https:\/\/www.vitaimagem.com.br\/medicos\/\">clique aqui.<\/a><\/p>\n","protected":false},"featured_media":2322,"template":"","tags":[],"class_list":["post-2310","medicos","type-medicos","status-publish","has-post-thumbnail","hentry"],"acf":[],"yoast_head":"<!-- This site is optimized with the Yoast SEO plugin v25.1 - https:\/\/yoast.com\/wordpress\/plugins\/seo\/ -->\n<title>Dr. Rog\u00e9rio Gon\u00e7alves de Campos Meirelles - Vita Imagem<\/title>\n<meta name=\"description\" content=\"M\u00e9dico Radiologista com 20 anos de experi\u00eancia, Dr. Rog\u00e9rio Gon\u00e7alves de Campos Meirelles \u00e9 formado na Faculdade de Ci\u00eancias M\u00e9dicas da Santa Casa de S\u00e3o Paulo\" \/>\n<meta name=\"robots\" content=\"index, follow, max-snippet:-1, max-image-preview:large, max-video-preview:-1\" \/>\n<link rel=\"canonical\" href=\"https:\/\/www.vitaimagem.com.br\/es\/medicos\/dr-rogerio-goncalves-de-campos-meirelles\/\" \/>\n<meta property=\"og:locale\" content=\"es_ES\" \/>\n<meta property=\"og:type\" content=\"article\" \/>\n<meta property=\"og:title\" content=\"Dr. Rog\u00e9rio Gon\u00e7alves de Campos Meirelles - Vita Imagem\" \/>\n<meta property=\"og:description\" content=\"M\u00e9dico Radiologista com 20 anos de experi\u00eancia, Dr. Rog\u00e9rio Gon\u00e7alves de Campos Meirelles \u00e9 formado na Faculdade de Ci\u00eancias M\u00e9dicas da Santa Casa de S\u00e3o Paulo\" \/>\n<meta property=\"og:url\" content=\"https:\/\/www.vitaimagem.com.br\/es\/medicos\/dr-rogerio-goncalves-de-campos-meirelles\/\" \/>\n<meta property=\"og:site_name\" content=\"Vita Imagem\" \/>\n<meta property=\"article:modified_time\" content=\"2021-03-24T15:01:47+00:00\" \/>\n<meta property=\"og:image\" content=\"https:\/\/www.vitaimagem.com.br\/wp-content\/uploads\/2018\/05\/dr-rogerio.png\" \/>\n\t<meta property=\"og:image:width\" content=\"600\" \/>\n\t<meta property=\"og:image:height\" content=\"600\" \/>\n\t<meta property=\"og:image:type\" content=\"image\/png\" \/>\n<meta name=\"twitter:card\" content=\"summary_large_image\" \/>\n<meta name=\"twitter:label1\" content=\"Tiempo de lectura\" \/>\n\t<meta name=\"twitter:data1\" content=\"3 minutos\" \/>\n<script type=\"application\/ld+json\" class=\"yoast-schema-graph\">{\"@context\":\"https:\/\/schema.org\",\"@graph\":[{\"@type\":\"WebPage\",\"@id\":\"https:\/\/www.vitaimagem.com.br\/es\/medicos\/dr-rogerio-goncalves-de-campos-meirelles\/\",\"url\":\"https:\/\/www.vitaimagem.com.br\/es\/medicos\/dr-rogerio-goncalves-de-campos-meirelles\/\",\"name\":\"Dr. Rog\u00e9rio Gon\u00e7alves de Campos Meirelles - Vita Imagem\",\"isPartOf\":{\"@id\":\"https:\/\/www.vitaimagem.com.br\/es\/#website\"},\"primaryImageOfPage\":{\"@id\":\"https:\/\/www.vitaimagem.com.br\/es\/medicos\/dr-rogerio-goncalves-de-campos-meirelles\/#primaryimage\"},\"image\":{\"@id\":\"https:\/\/www.vitaimagem.com.br\/es\/medicos\/dr-rogerio-goncalves-de-campos-meirelles\/#primaryimage\"},\"thumbnailUrl\":\"https:\/\/www.vitaimagem.com.br\/wp-content\/uploads\/2018\/05\/dr-rogerio.png\",\"datePublished\":\"2018-05-28T21:17:44+00:00\",\"dateModified\":\"2021-03-24T15:01:47+00:00\",\"description\":\"M\u00e9dico Radiologista com 20 anos de experi\u00eancia, Dr. Rog\u00e9rio Gon\u00e7alves de Campos Meirelles \u00e9 formado na Faculdade de Ci\u00eancias M\u00e9dicas da Santa Casa de S\u00e3o Paulo\",\"breadcrumb\":{\"@id\":\"https:\/\/www.vitaimagem.com.br\/es\/medicos\/dr-rogerio-goncalves-de-campos-meirelles\/#breadcrumb\"},\"inLanguage\":\"es\",\"potentialAction\":[{\"@type\":\"ReadAction\",\"target\":[\"https:\/\/www.vitaimagem.com.br\/es\/medicos\/dr-rogerio-goncalves-de-campos-meirelles\/\"]}]},{\"@type\":\"ImageObject\",\"inLanguage\":\"es\",\"@id\":\"https:\/\/www.vitaimagem.com.br\/es\/medicos\/dr-rogerio-goncalves-de-campos-meirelles\/#primaryimage\",\"url\":\"https:\/\/www.vitaimagem.com.br\/wp-content\/uploads\/2018\/05\/dr-rogerio.png\",\"contentUrl\":\"https:\/\/www.vitaimagem.com.br\/wp-content\/uploads\/2018\/05\/dr-rogerio.png\",\"width\":600,\"height\":600,\"caption\":\"Dr. Rog\u00e9rio Gon\u00e7alves de Campos Meirelles\"},{\"@type\":\"BreadcrumbList\",\"@id\":\"https:\/\/www.vitaimagem.com.br\/es\/medicos\/dr-rogerio-goncalves-de-campos-meirelles\/#breadcrumb\",\"itemListElement\":[{\"@type\":\"ListItem\",\"position\":1,\"name\":\"Home\",\"item\":\"https:\/\/www.vitaimagem.com.br\/es\/\"},{\"@type\":\"ListItem\",\"position\":2,\"name\":\"Dr. Rog\u00e9rio Gon\u00e7alves de Campos Meirelles\"}]},{\"@type\":\"WebSite\",\"@id\":\"https:\/\/www.vitaimagem.com.br\/es\/#website\",\"url\":\"https:\/\/www.vitaimagem.com.br\/es\/\",\"name\":\"Vita Imagem\",\"description\":\"Tecnologia a Favor da Vida - Foz do Igua\u00e7u - PR\",\"publisher\":{\"@id\":\"https:\/\/www.vitaimagem.com.br\/es\/#organization\"},\"potentialAction\":[{\"@type\":\"SearchAction\",\"target\":{\"@type\":\"EntryPoint\",\"urlTemplate\":\"https:\/\/www.vitaimagem.com.br\/es\/?s={search_term_string}\"},\"query-input\":{\"@type\":\"PropertyValueSpecification\",\"valueRequired\":true,\"valueName\":\"search_term_string\"}}],\"inLanguage\":\"es\"},{\"@type\":\"Organization\",\"@id\":\"https:\/\/www.vitaimagem.com.br\/es\/#organization\",\"name\":\"Vita Imagem\",\"url\":\"https:\/\/www.vitaimagem.com.br\/es\/\",\"logo\":{\"@type\":\"ImageObject\",\"inLanguage\":\"es\",\"@id\":\"https:\/\/www.vitaimagem.com.br\/es\/#\/schema\/logo\/image\/\",\"url\":\"https:\/\/www.vitaimagem.com.br\/wp-content\/uploads\/2019\/05\/logo-da-vita-imagem.png\",\"contentUrl\":\"https:\/\/www.vitaimagem.com.br\/wp-content\/uploads\/2019\/05\/logo-da-vita-imagem.png\",\"width\":1166,\"height\":714,\"caption\":\"Vita Imagem\"},\"image\":{\"@id\":\"https:\/\/www.vitaimagem.com.br\/es\/#\/schema\/logo\/image\/\"}}]}<\/script>\n<!-- \/ Yoast SEO plugin. -->","yoast_head_json":{"title":"Dr. Rog\u00e9rio Gon\u00e7alves de Campos Meirelles - Vita Imagem","description":"M\u00e9dico Radiologista com 20 anos de experi\u00eancia, Dr. Rog\u00e9rio Gon\u00e7alves de Campos Meirelles \u00e9 formado na Faculdade de Ci\u00eancias M\u00e9dicas da Santa Casa de S\u00e3o Paulo","robots":{"index":"index","follow":"follow","max-snippet":"max-snippet:-1","max-image-preview":"max-image-preview:large","max-video-preview":"max-video-preview:-1"},"canonical":"https:\/\/www.vitaimagem.com.br\/es\/medicos\/dr-rogerio-goncalves-de-campos-meirelles\/","og_locale":"es_ES","og_type":"article","og_title":"Dr. Rog\u00e9rio Gon\u00e7alves de Campos Meirelles - Vita Imagem","og_description":"M\u00e9dico Radiologista com 20 anos de experi\u00eancia, Dr. Rog\u00e9rio Gon\u00e7alves de Campos Meirelles \u00e9 formado na Faculdade de Ci\u00eancias M\u00e9dicas da Santa Casa de S\u00e3o Paulo","og_url":"https:\/\/www.vitaimagem.com.br\/es\/medicos\/dr-rogerio-goncalves-de-campos-meirelles\/","og_site_name":"Vita Imagem","article_modified_time":"2021-03-24T15:01:47+00:00","og_image":[{"width":600,"height":600,"url":"https:\/\/www.vitaimagem.com.br\/wp-content\/uploads\/2018\/05\/dr-rogerio.png","type":"image\/png"}],"twitter_card":"summary_large_image","twitter_misc":{"Tiempo de lectura":"3 minutos"},"schema":{"@context":"https:\/\/schema.org","@graph":[{"@type":"WebPage","@id":"https:\/\/www.vitaimagem.com.br\/es\/medicos\/dr-rogerio-goncalves-de-campos-meirelles\/","url":"https:\/\/www.vitaimagem.com.br\/es\/medicos\/dr-rogerio-goncalves-de-campos-meirelles\/","name":"Dr. Rog\u00e9rio Gon\u00e7alves de Campos Meirelles - Vita Imagem","isPartOf":{"@id":"https:\/\/www.vitaimagem.com.br\/es\/#website"},"primaryImageOfPage":{"@id":"https:\/\/www.vitaimagem.com.br\/es\/medicos\/dr-rogerio-goncalves-de-campos-meirelles\/#primaryimage"},"image":{"@id":"https:\/\/www.vitaimagem.com.br\/es\/medicos\/dr-rogerio-goncalves-de-campos-meirelles\/#primaryimage"},"thumbnailUrl":"https:\/\/www.vitaimagem.com.br\/wp-content\/uploads\/2018\/05\/dr-rogerio.png","datePublished":"2018-05-28T21:17:44+00:00","dateModified":"2021-03-24T15:01:47+00:00","description":"M\u00e9dico Radiologista com 20 anos de experi\u00eancia, Dr. Rog\u00e9rio Gon\u00e7alves de Campos Meirelles \u00e9 formado na Faculdade de Ci\u00eancias M\u00e9dicas da Santa Casa de S\u00e3o Paulo","breadcrumb":{"@id":"https:\/\/www.vitaimagem.com.br\/es\/medicos\/dr-rogerio-goncalves-de-campos-meirelles\/#breadcrumb"},"inLanguage":"es","potentialAction":[{"@type":"ReadAction","target":["https:\/\/www.vitaimagem.com.br\/es\/medicos\/dr-rogerio-goncalves-de-campos-meirelles\/"]}]},{"@type":"ImageObject","inLanguage":"es","@id":"https:\/\/www.vitaimagem.com.br\/es\/medicos\/dr-rogerio-goncalves-de-campos-meirelles\/#primaryimage","url":"https:\/\/www.vitaimagem.com.br\/wp-content\/uploads\/2018\/05\/dr-rogerio.png","contentUrl":"https:\/\/www.vitaimagem.com.br\/wp-content\/uploads\/2018\/05\/dr-rogerio.png","width":600,"height":600,"caption":"Dr. Rog\u00e9rio Gon\u00e7alves de Campos Meirelles"},{"@type":"BreadcrumbList","@id":"https:\/\/www.vitaimagem.com.br\/es\/medicos\/dr-rogerio-goncalves-de-campos-meirelles\/#breadcrumb","itemListElement":[{"@type":"ListItem","position":1,"name":"Home","item":"https:\/\/www.vitaimagem.com.br\/es\/"},{"@type":"ListItem","position":2,"name":"Dr. Rog\u00e9rio Gon\u00e7alves de Campos Meirelles"}]},{"@type":"WebSite","@id":"https:\/\/www.vitaimagem.com.br\/es\/#website","url":"https:\/\/www.vitaimagem.com.br\/es\/","name":"Vita Imagem","description":"Tecnologia a Favor da Vida - Foz do Igua\u00e7u - PR","publisher":{"@id":"https:\/\/www.vitaimagem.com.br\/es\/#organization"},"potentialAction":[{"@type":"SearchAction","target":{"@type":"EntryPoint","urlTemplate":"https:\/\/www.vitaimagem.com.br\/es\/?s={search_term_string}"},"query-input":{"@type":"PropertyValueSpecification","valueRequired":true,"valueName":"search_term_string"}}],"inLanguage":"es"},{"@type":"Organization","@id":"https:\/\/www.vitaimagem.com.br\/es\/#organization","name":"Vita Imagem","url":"https:\/\/www.vitaimagem.com.br\/es\/","logo":{"@type":"ImageObject","inLanguage":"es","@id":"https:\/\/www.vitaimagem.com.br\/es\/#\/schema\/logo\/image\/","url":"https:\/\/www.vitaimagem.com.br\/wp-content\/uploads\/2019\/05\/logo-da-vita-imagem.png","contentUrl":"https:\/\/www.vitaimagem.com.br\/wp-content\/uploads\/2019\/05\/logo-da-vita-imagem.png","width":1166,"height":714,"caption":"Vita Imagem"},"image":{"@id":"https:\/\/www.vitaimagem.com.br\/es\/#\/schema\/logo\/image\/"}}]}},"_links":{"self":[{"href":"https:\/\/www.vitaimagem.com.br\/es\/wp-json\/wp\/v2\/medicos\/2310","targetHints":{"allow":["GET"]}}],"collection":[{"href":"https:\/\/www.vitaimagem.com.br\/es\/wp-json\/wp\/v2\/medicos"}],"about":[{"href":"https:\/\/www.vitaimagem.com.br\/es\/wp-json\/wp\/v2\/types\/medicos"}],"wp:featuredmedia":[{"embeddable":true,"href":"https:\/\/www.vitaimagem.com.br\/es\/wp-json\/wp\/v2\/media\/2322"}],"wp:attachment":[{"href":"https:\/\/www.vitaimagem.com.br\/es\/wp-json\/wp\/v2\/media?parent=2310"}],"wp:term":[{"taxonomy":"post_tag","embeddable":true,"href":"https:\/\/www.vitaimagem.com.br\/es\/wp-json\/wp\/v2\/tags?post=2310"}],"curies":[{"name":"wp","href":"https:\/\/api.w.org\/{rel}","templated":true}]}}