{"id":2309,"date":"2018-05-28T18:17:31","date_gmt":"2018-05-28T21:17:31","guid":{"rendered":"http:\/\/vitaimagem.astronauta.cc\/?post_type=medicos&#038;p=2309"},"modified":"2021-03-24T12:01:07","modified_gmt":"2021-03-24T15:01:07","slug":"dr-pedro-leonardo-cabral-fernandes","status":"publish","type":"medicos","link":"https:\/\/www.vitaimagem.com.br\/es\/medicos\/dr-pedro-leonardo-cabral-fernandes\/","title":{"rendered":"Dr. Pedro Leonardo Cabral Fernandes"},"content":{"rendered":"<p>M\u00e9dico Radiologista com 20 anos de experi\u00eancia, Dr. Pedro Leonardo Cabral Fernandes \u00e9 formado na Universidade de Bras\u00edlia (UnB) em 2001 e parte integrante da equipe da equipe da Vita.Imagem.<\/p>\n<h2>Forma\u00e7\u00e3o<\/h2>\n<p>Curso de Medicina &#8211; <a href=\"https:\/\/www.unb.br\/\" target=\"_blank\" rel=\"noopener\">Universidade de Bras\u00edlia (UnB)<\/a><\/p>\n<ul>\n<li>Julho de 1995 a julho de 2001.<\/li>\n<\/ul>\n<p>Resid\u00eancia M\u00e9dica (MEC\/CBR) Funda\u00e7\u00e3o Hospitalar do Distrito Federal \u2013 Bras\u00edlia \u2013 DF<\/p>\n<p>Hospital Regional de Taguatinga (HRT) \u2013 Radiologia e Diagn\u00f3stico por Imagem<\/p>\n<ul>\n<li>Fevereiro de 2002 a fevereiro de 2004.<\/li>\n<\/ul>\n<p>T\u00edtulo de Especialista em Radiologia e Diagn\u00f3stico por Imagem (MEC\/CRM), 23\/03\/2005.<\/p>\n<p>T\u00edtulo de Especialista em Diagn\u00f3stico por Imagem: Atua\u00e7\u00e3o Exclusiva Ultra-Sonografia Geral (CBR\/CRM), 28\/08\/2005.<\/p>\n<h3>Cursos, Congressos e Jornadas<\/h3>\n<p>Congresso Brasileiro de Radiologia, CBR, Curitiba \u2013 PR, outubro de 2006.<\/p>\n<p>57\u00ba Encontro do Clube de Radiologia do Interior do Paran\u00e1 \u2013 Dr. Sebasti\u00e3o Orlando Le\u00e3o de Carvalho, SRP, Foz do Igua\u00e7u &#8211; PR, mar\u00e7o de 2006.<\/p>\n<p>Congresso Brasileiro de Radiologia, CBR, Bras\u00edlia &#8211; DF, novembro de 2005.<\/p>\n<p>Jornada Paulista de Radiologia, CBR\/SPR, S\u00e3o Paulo &#8211; SP, abril de 2005.<\/p>\n<p>Jornada Centro-Oeste de Radiologia \u2013 CBR, Bras\u00edlia &#8211; DF, junho de 2003.<\/p>\n<p>II Simp\u00f3sio de Radiologia de T\u00f3rax de Bras\u00edlia \u2013 Sociedade Brasiliense de Doen\u00e7as Tor\u00e1cicas, setembro de 2003.<\/p>\n<p>I Jornada Unificada de Residentes e Preceptores da SES-DF, Bras\u00edlia \u2013 DF, outubro de 2002.<\/p>\n<p>I Simp\u00f3sio de Radiologia de T\u00f3rax de Bras\u00edlia \u2013 Sociedade Brasiliense de Doen\u00e7as Tor\u00e1cicas, agosto de 2002.<\/p>\n<p>Curso de Vigil\u00e2ncia Epidemiol\u00f3gica para residentes \u2013 GVEI\/DIVEP\/SES-DF, agosto de 2002.<\/p>\n<p>Curso de Atualiza\u00e7\u00e3o em Diagn\u00f3stico por Imagem \u2013 CBR, Bras\u00edlia &#8211; DF, maio de 2002.<\/p>\n<p>Curso de Controle de Infec\u00e7\u00e3o Hospitalar, GDF\/SES\/HRT, Bras\u00edlia \u2013 DF, maio de 2002.<\/p>\n<p>Curso de No\u00e7\u00f5es B\u00e1sicas de Prote\u00e7\u00e3o Radiol\u00f3gica (Escopia) \u2013 SAPRA, Bras\u00edlia \u2013 DF, maio de 2002.<\/p>\n<p>Curso de Ultrassonografia Obst\u00e9trico Morfol\u00f3gico Avan\u00e7ado, realizado no per\u00edodo de 21 de julho a 27 de julho de 2019. S\u00e3o Paulo.<\/p>\n<p>Atualiza\u00e7\u00e3o em Choque Anafil\u00e1tico e Reanima\u00e7\u00e3o Cardiopulmonar em 17\/06\/2019.<\/p>\n<h3>Experi\u00eancia Profissional<\/h3>\n<p>Hospital S\u00e3o Lucas \u2013 Bras\u00edlia \u2013 DF \u2013 Ultra-sonografista de outubro a dezembro de 2003.<\/p>\n<p>Cl\u00ednica Imagem \u2013 Ceil\u00e2ndia \u2013 DF \u2013 Radiologista de fevereiro a dezembro, 2003.<\/p>\n<p>HMCC \u2013 Hospital Ministro Costa Cavalcanti (Vita.imagem) Foz do Igua\u00e7u \u2013 PR \u2013 Radiologista, desde janeiro\/2004 at\u00e9 o momento.<\/p>\n<p>&nbsp;<\/p>\n<p>Qualquer d\u00favida ou algo que queira dizer ao Dr. Pedro Leonardo Cabral Fernandes, por favor preencha o formul\u00e1rio abaixo que ele te responder\u00e1 em assim que poss\u00edvel. Mais sobre os outros m\u00e9dicos, <a href=\"https:\/\/www.vitaimagem.com.br\/medicos\/\">clique aqui.<\/a><\/p>\n","protected":false},"featured_media":3043,"template":"","tags":[],"class_list":["post-2309","medicos","type-medicos","status-publish","has-post-thumbnail","hentry"],"acf":[],"yoast_head":"<!-- This site is optimized with the Yoast SEO plugin v25.1 - https:\/\/yoast.com\/wordpress\/plugins\/seo\/ -->\n<title>Dr. Pedro Leonardo Cabral Fernandes - M\u00e9dico Radiologista | Vita Imagem<\/title>\n<meta name=\"description\" content=\"M\u00e9dico Radiologista com 20 anos de experi\u00eancia, Dr. Pedro Leonardo Cabral Fernandes \u00e9 formado na Universidade de Bras\u00edlia (UnB) em 2001\" \/>\n<meta name=\"robots\" content=\"index, follow, max-snippet:-1, max-image-preview:large, max-video-preview:-1\" \/>\n<link rel=\"canonical\" href=\"https:\/\/www.vitaimagem.com.br\/es\/medicos\/dr-pedro-leonardo-cabral-fernandes\/\" \/>\n<meta property=\"og:locale\" content=\"es_ES\" \/>\n<meta property=\"og:type\" content=\"article\" \/>\n<meta property=\"og:title\" content=\"Dr. Pedro Leonardo Cabral Fernandes - M\u00e9dico Radiologista | Vita Imagem\" \/>\n<meta property=\"og:description\" content=\"M\u00e9dico Radiologista com 20 anos de experi\u00eancia, Dr. Pedro Leonardo Cabral Fernandes \u00e9 formado na Universidade de Bras\u00edlia (UnB) em 2001\" \/>\n<meta property=\"og:url\" content=\"https:\/\/www.vitaimagem.com.br\/es\/medicos\/dr-pedro-leonardo-cabral-fernandes\/\" \/>\n<meta property=\"og:site_name\" content=\"Vita Imagem\" \/>\n<meta property=\"article:modified_time\" content=\"2021-03-24T15:01:07+00:00\" \/>\n<meta property=\"og:image\" content=\"https:\/\/www.vitaimagem.com.br\/wp-content\/uploads\/2021\/03\/doutor_pedro.png\" \/>\n\t<meta property=\"og:image:width\" content=\"600\" \/>\n\t<meta property=\"og:image:height\" content=\"600\" \/>\n\t<meta property=\"og:image:type\" content=\"image\/png\" \/>\n<meta name=\"twitter:card\" content=\"summary_large_image\" \/>\n<meta name=\"twitter:label1\" content=\"Tiempo de lectura\" \/>\n\t<meta name=\"twitter:data1\" content=\"2 minutos\" \/>\n<script type=\"application\/ld+json\" class=\"yoast-schema-graph\">{\"@context\":\"https:\/\/schema.org\",\"@graph\":[{\"@type\":\"WebPage\",\"@id\":\"https:\/\/www.vitaimagem.com.br\/es\/medicos\/dr-pedro-leonardo-cabral-fernandes\/\",\"url\":\"https:\/\/www.vitaimagem.com.br\/es\/medicos\/dr-pedro-leonardo-cabral-fernandes\/\",\"name\":\"Dr. Pedro Leonardo Cabral Fernandes - M\u00e9dico Radiologista | Vita Imagem\",\"isPartOf\":{\"@id\":\"https:\/\/www.vitaimagem.com.br\/es\/#website\"},\"primaryImageOfPage\":{\"@id\":\"https:\/\/www.vitaimagem.com.br\/es\/medicos\/dr-pedro-leonardo-cabral-fernandes\/#primaryimage\"},\"image\":{\"@id\":\"https:\/\/www.vitaimagem.com.br\/es\/medicos\/dr-pedro-leonardo-cabral-fernandes\/#primaryimage\"},\"thumbnailUrl\":\"https:\/\/www.vitaimagem.com.br\/wp-content\/uploads\/2021\/03\/doutor_pedro.png\",\"datePublished\":\"2018-05-28T21:17:31+00:00\",\"dateModified\":\"2021-03-24T15:01:07+00:00\",\"description\":\"M\u00e9dico Radiologista com 20 anos de experi\u00eancia, Dr. Pedro Leonardo Cabral Fernandes \u00e9 formado na Universidade de Bras\u00edlia (UnB) em 2001\",\"breadcrumb\":{\"@id\":\"https:\/\/www.vitaimagem.com.br\/es\/medicos\/dr-pedro-leonardo-cabral-fernandes\/#breadcrumb\"},\"inLanguage\":\"es\",\"potentialAction\":[{\"@type\":\"ReadAction\",\"target\":[\"https:\/\/www.vitaimagem.com.br\/es\/medicos\/dr-pedro-leonardo-cabral-fernandes\/\"]}]},{\"@type\":\"ImageObject\",\"inLanguage\":\"es\",\"@id\":\"https:\/\/www.vitaimagem.com.br\/es\/medicos\/dr-pedro-leonardo-cabral-fernandes\/#primaryimage\",\"url\":\"https:\/\/www.vitaimagem.com.br\/wp-content\/uploads\/2021\/03\/doutor_pedro.png\",\"contentUrl\":\"https:\/\/www.vitaimagem.com.br\/wp-content\/uploads\/2021\/03\/doutor_pedro.png\",\"width\":600,\"height\":600},{\"@type\":\"BreadcrumbList\",\"@id\":\"https:\/\/www.vitaimagem.com.br\/es\/medicos\/dr-pedro-leonardo-cabral-fernandes\/#breadcrumb\",\"itemListElement\":[{\"@type\":\"ListItem\",\"position\":1,\"name\":\"Home\",\"item\":\"https:\/\/www.vitaimagem.com.br\/es\/\"},{\"@type\":\"ListItem\",\"position\":2,\"name\":\"Dr. Pedro Leonardo Cabral Fernandes\"}]},{\"@type\":\"WebSite\",\"@id\":\"https:\/\/www.vitaimagem.com.br\/es\/#website\",\"url\":\"https:\/\/www.vitaimagem.com.br\/es\/\",\"name\":\"Vita Imagem\",\"description\":\"Tecnologia a Favor da Vida - Foz do Igua\u00e7u - PR\",\"publisher\":{\"@id\":\"https:\/\/www.vitaimagem.com.br\/es\/#organization\"},\"potentialAction\":[{\"@type\":\"SearchAction\",\"target\":{\"@type\":\"EntryPoint\",\"urlTemplate\":\"https:\/\/www.vitaimagem.com.br\/es\/?s={search_term_string}\"},\"query-input\":{\"@type\":\"PropertyValueSpecification\",\"valueRequired\":true,\"valueName\":\"search_term_string\"}}],\"inLanguage\":\"es\"},{\"@type\":\"Organization\",\"@id\":\"https:\/\/www.vitaimagem.com.br\/es\/#organization\",\"name\":\"Vita Imagem\",\"url\":\"https:\/\/www.vitaimagem.com.br\/es\/\",\"logo\":{\"@type\":\"ImageObject\",\"inLanguage\":\"es\",\"@id\":\"https:\/\/www.vitaimagem.com.br\/es\/#\/schema\/logo\/image\/\",\"url\":\"https:\/\/www.vitaimagem.com.br\/wp-content\/uploads\/2019\/05\/logo-da-vita-imagem.png\",\"contentUrl\":\"https:\/\/www.vitaimagem.com.br\/wp-content\/uploads\/2019\/05\/logo-da-vita-imagem.png\",\"width\":1166,\"height\":714,\"caption\":\"Vita Imagem\"},\"image\":{\"@id\":\"https:\/\/www.vitaimagem.com.br\/es\/#\/schema\/logo\/image\/\"}}]}<\/script>\n<!-- \/ Yoast SEO plugin. -->","yoast_head_json":{"title":"Dr. Pedro Leonardo Cabral Fernandes - M\u00e9dico Radiologista | Vita Imagem","description":"M\u00e9dico Radiologista com 20 anos de experi\u00eancia, Dr. Pedro Leonardo Cabral Fernandes \u00e9 formado na Universidade de Bras\u00edlia (UnB) em 2001","robots":{"index":"index","follow":"follow","max-snippet":"max-snippet:-1","max-image-preview":"max-image-preview:large","max-video-preview":"max-video-preview:-1"},"canonical":"https:\/\/www.vitaimagem.com.br\/es\/medicos\/dr-pedro-leonardo-cabral-fernandes\/","og_locale":"es_ES","og_type":"article","og_title":"Dr. Pedro Leonardo Cabral Fernandes - M\u00e9dico Radiologista | Vita Imagem","og_description":"M\u00e9dico Radiologista com 20 anos de experi\u00eancia, Dr. Pedro Leonardo Cabral Fernandes \u00e9 formado na Universidade de Bras\u00edlia (UnB) em 2001","og_url":"https:\/\/www.vitaimagem.com.br\/es\/medicos\/dr-pedro-leonardo-cabral-fernandes\/","og_site_name":"Vita Imagem","article_modified_time":"2021-03-24T15:01:07+00:00","og_image":[{"width":600,"height":600,"url":"https:\/\/www.vitaimagem.com.br\/wp-content\/uploads\/2021\/03\/doutor_pedro.png","type":"image\/png"}],"twitter_card":"summary_large_image","twitter_misc":{"Tiempo de lectura":"2 minutos"},"schema":{"@context":"https:\/\/schema.org","@graph":[{"@type":"WebPage","@id":"https:\/\/www.vitaimagem.com.br\/es\/medicos\/dr-pedro-leonardo-cabral-fernandes\/","url":"https:\/\/www.vitaimagem.com.br\/es\/medicos\/dr-pedro-leonardo-cabral-fernandes\/","name":"Dr. Pedro Leonardo Cabral Fernandes - M\u00e9dico Radiologista | Vita Imagem","isPartOf":{"@id":"https:\/\/www.vitaimagem.com.br\/es\/#website"},"primaryImageOfPage":{"@id":"https:\/\/www.vitaimagem.com.br\/es\/medicos\/dr-pedro-leonardo-cabral-fernandes\/#primaryimage"},"image":{"@id":"https:\/\/www.vitaimagem.com.br\/es\/medicos\/dr-pedro-leonardo-cabral-fernandes\/#primaryimage"},"thumbnailUrl":"https:\/\/www.vitaimagem.com.br\/wp-content\/uploads\/2021\/03\/doutor_pedro.png","datePublished":"2018-05-28T21:17:31+00:00","dateModified":"2021-03-24T15:01:07+00:00","description":"M\u00e9dico Radiologista com 20 anos de experi\u00eancia, Dr. Pedro Leonardo Cabral Fernandes \u00e9 formado na Universidade de Bras\u00edlia (UnB) em 2001","breadcrumb":{"@id":"https:\/\/www.vitaimagem.com.br\/es\/medicos\/dr-pedro-leonardo-cabral-fernandes\/#breadcrumb"},"inLanguage":"es","potentialAction":[{"@type":"ReadAction","target":["https:\/\/www.vitaimagem.com.br\/es\/medicos\/dr-pedro-leonardo-cabral-fernandes\/"]}]},{"@type":"ImageObject","inLanguage":"es","@id":"https:\/\/www.vitaimagem.com.br\/es\/medicos\/dr-pedro-leonardo-cabral-fernandes\/#primaryimage","url":"https:\/\/www.vitaimagem.com.br\/wp-content\/uploads\/2021\/03\/doutor_pedro.png","contentUrl":"https:\/\/www.vitaimagem.com.br\/wp-content\/uploads\/2021\/03\/doutor_pedro.png","width":600,"height":600},{"@type":"BreadcrumbList","@id":"https:\/\/www.vitaimagem.com.br\/es\/medicos\/dr-pedro-leonardo-cabral-fernandes\/#breadcrumb","itemListElement":[{"@type":"ListItem","position":1,"name":"Home","item":"https:\/\/www.vitaimagem.com.br\/es\/"},{"@type":"ListItem","position":2,"name":"Dr. Pedro Leonardo Cabral Fernandes"}]},{"@type":"WebSite","@id":"https:\/\/www.vitaimagem.com.br\/es\/#website","url":"https:\/\/www.vitaimagem.com.br\/es\/","name":"Vita Imagem","description":"Tecnologia a Favor da Vida - Foz do Igua\u00e7u - PR","publisher":{"@id":"https:\/\/www.vitaimagem.com.br\/es\/#organization"},"potentialAction":[{"@type":"SearchAction","target":{"@type":"EntryPoint","urlTemplate":"https:\/\/www.vitaimagem.com.br\/es\/?s={search_term_string}"},"query-input":{"@type":"PropertyValueSpecification","valueRequired":true,"valueName":"search_term_string"}}],"inLanguage":"es"},{"@type":"Organization","@id":"https:\/\/www.vitaimagem.com.br\/es\/#organization","name":"Vita Imagem","url":"https:\/\/www.vitaimagem.com.br\/es\/","logo":{"@type":"ImageObject","inLanguage":"es","@id":"https:\/\/www.vitaimagem.com.br\/es\/#\/schema\/logo\/image\/","url":"https:\/\/www.vitaimagem.com.br\/wp-content\/uploads\/2019\/05\/logo-da-vita-imagem.png","contentUrl":"https:\/\/www.vitaimagem.com.br\/wp-content\/uploads\/2019\/05\/logo-da-vita-imagem.png","width":1166,"height":714,"caption":"Vita Imagem"},"image":{"@id":"https:\/\/www.vitaimagem.com.br\/es\/#\/schema\/logo\/image\/"}}]}},"_links":{"self":[{"href":"https:\/\/www.vitaimagem.com.br\/es\/wp-json\/wp\/v2\/medicos\/2309","targetHints":{"allow":["GET"]}}],"collection":[{"href":"https:\/\/www.vitaimagem.com.br\/es\/wp-json\/wp\/v2\/medicos"}],"about":[{"href":"https:\/\/www.vitaimagem.com.br\/es\/wp-json\/wp\/v2\/types\/medicos"}],"wp:featuredmedia":[{"embeddable":true,"href":"https:\/\/www.vitaimagem.com.br\/es\/wp-json\/wp\/v2\/media\/3043"}],"wp:attachment":[{"href":"https:\/\/www.vitaimagem.com.br\/es\/wp-json\/wp\/v2\/media?parent=2309"}],"wp:term":[{"taxonomy":"post_tag","embeddable":true,"href":"https:\/\/www.vitaimagem.com.br\/es\/wp-json\/wp\/v2\/tags?post=2309"}],"curies":[{"name":"wp","href":"https:\/\/api.w.org\/{rel}","templated":true}]}}