{"id":2302,"date":"2018-05-28T18:15:58","date_gmt":"2018-05-28T21:15:58","guid":{"rendered":"http:\/\/vitaimagem.astronauta.cc\/?post_type=medicos&#038;p=2302"},"modified":"2021-03-24T11:56:59","modified_gmt":"2021-03-24T14:56:59","slug":"dra-flavia-coelho-doliveira","status":"publish","type":"medicos","link":"https:\/\/www.vitaimagem.com.br\/es\/medicos\/dra-flavia-coelho-doliveira\/","title":{"rendered":"Dra. Flavia Coelho D&#8217;Oliveira"},"content":{"rendered":"<p>Dra. Flavia Coelho D&#8217;Oliveira \u00e9 formado na Universidade Estadual do Rio de Janeiro desde 2010 e parte integrante da equipe da equipe m\u00e9dicos radiologistas da Vita.Imagem<\/p>\n<h2>Forma\u00e7\u00e3o<\/h2>\n<p>Bacharel em Medicina pela <a href=\"http:\/\/www.unirio.br\/\" target=\"_blank\" rel=\"noopener noreferrer\">Universidade Federal do Estado do Rio de Janeiro \u2013 UNIRIO<\/a><\/p>\n<ul>\n<li>06\/2010.<\/li>\n<\/ul>\n<p>Resid\u00eancia em Radiologia e Diagn\u00f3stico por Imagem no Hospital Federal Cardoso Fontes<\/p>\n<ul>\n<li>2011 a 2014<\/li>\n<\/ul>\n<p>Est\u00e1gio de R3 no Hospital Quinta D\u00b4Or<\/p>\n<ul>\n<li>2013\/2014<\/li>\n<\/ul>\n<p>R4 em Resson\u00e2ncia Magn\u00e9tica no Hospital Quinta D\u00b4Or \u2013 in\u00edcio fevereiro 2014, t\u00e9rmino em janeiro<\/p>\n<ul>\n<li>2015<\/li>\n<\/ul>\n<h3>Cursos, Congressos e Semin\u00e1rios<\/h3>\n<p>Programa Completo de Aperfei\u00e7oamento em Ecografia Vascular com Doppler \u2013 CETRUS<\/p>\n<ul>\n<li>2016\/2017<\/li>\n<li>430 horas<\/li>\n<\/ul>\n<p>Curso de Ultrassonografia Tireoide com Doppler e Cervical Avan\u00e7ado \u2013 FATESA<\/p>\n<ul>\n<li>2015<\/li>\n<li>32 horas<\/li>\n<\/ul>\n<p>Curso de Ultrassonografia Doppler Hep\u00e1tico e Aortorrenal \u2013 FATESA<\/p>\n<ul>\n<li>2015<\/li>\n<li>32 horas<\/li>\n<\/ul>\n<p>Imagine<\/p>\n<ul>\n<li>2013 \u2013 InRad<\/li>\n<\/ul>\n<p>IV Congresso Paulista de Ultrassonografia<\/p>\n<p>XI Encontro de Radiologia e Diagn\u00f3stico por Imagem do InRad<\/p>\n<ul>\n<li>2013<\/li>\n<\/ul>\n<p>Curso de Ultrassonografia Musculoesquel\u00e9tica \u2013 CETRUS<\/p>\n<ul>\n<li>50 horas te\u00f3rico-pr\u00e1tico \u2013 18 a 23\/agosto\/2012<\/li>\n<\/ul>\n<p>XL Congresso Brasileiro de Radiologia \u2013 Col\u00e9gio Brasileiro de Radiologia<\/p>\n<ul>\n<li>24 horas &#8211; 12 a 15\/outubro\/2011<\/li>\n<\/ul>\n<p>Curso de Assist\u00eancia \u00e0 Vida em Radiologia \u2013 Col\u00e9gio Brasileiro de Radiologia e Associa\u00e7\u00e3o M\u00e9dica Brasileira<\/p>\n<ul>\n<li>14\/outubro\/2011<\/li>\n<\/ul>\n<p>II Congresso da ANERJ \u2013 Associa\u00e7\u00e3o de Neurologia do Estado do Rio de Janeiro e I Simp\u00f3sio de Neurointensivismo da ABN \/ ANERJ<\/p>\n<ul>\n<li>\u00a026 a 28\/mar\u00e7o\/2009<\/li>\n<\/ul>\n<p>VII Congresso M\u00e9dico dos Hospitais P\u00fablicos de Emerg\u00eancia do RJ<\/p>\n<ul>\n<li>14\/junho\/2008<\/li>\n<\/ul>\n<p>XXVI Simp\u00f3sio Internacional de Atualiza\u00e7\u00e3o em Gastroenterologia<\/p>\n<ul>\n<li>02\/junho\/2007<\/li>\n<\/ul>\n<p>Jornada de Tuberculose para Profissionais de Sa\u00fade \u2013 SOPTERJ \/ Minist\u00e9rio de Sa\u00fade<\/p>\n<ul>\n<li>30\/setembro\/2006<\/li>\n<\/ul>\n<p>Curso de Atendimento de Emerg\u00eancia no Tr\u00e2nsito \u2013 SOS VIDAS<\/p>\n<ul>\n<li>14 horas &#8211; novembro\/2006<\/li>\n<\/ul>\n<p>Curso de Urg\u00eancias Abdominais \u2013 Col\u00e9gio Brasileiro de Cirurgi\u00f5es<\/p>\n<ul>\n<li>10 horas &#8211; outubro\/2006<\/li>\n<\/ul>\n<h3>Est\u00e1gios<\/h3>\n<p>Hospital Quinta D`Or (Rio de Janeiro) \u2013 \u00c1rea: Tomografia Computadorizada e Resson\u00e2ncia Magn\u00e9tica \u2013 R3<\/p>\n<ul>\n<li>2013 a 2014<\/li>\n<\/ul>\n<p>Centro Estadual de Diagn\u00f3stico por Imagem \u2013 Rio Imagem (Rio de Janeiro) \u2013 \u00c1rea: Resson\u00e2ncia Magn\u00e9tica<\/p>\n<ul>\n<li>2013 (tr\u00eas meses)<\/li>\n<\/ul>\n<p>Maternidade Leila Diniz (Rio de Janeiro) \u2013 \u00c1rea: Ultrassonografia Obst\u00e9trica<\/p>\n<ul>\n<li>2012 (dois meses)<\/li>\n<\/ul>\n<p>Hospital Municipal Jesus (Rio de Janeiro) \u2013 \u00c1rea: Radiologia Pedi\u00e1trica<\/p>\n<ul>\n<li>2011 (dois meses)<\/li>\n<\/ul>\n<p>Hospital Estadual Alberto Torres (S\u00e3o Gon\u00e7alo,RJ) \u2013 \u00c1rea: CTI<\/p>\n<ul>\n<li>2010 (cinco meses)<\/li>\n<\/ul>\n<p>Instituto de Neurologia Deolindo Couto \/ UFRJ \u2013 \u00c1rea: Neurologia<\/p>\n<ul>\n<li>2009 (quatro meses)<\/li>\n<\/ul>\n<p>Casa de Sa\u00fade S\u00e3o Jos\u00e9 (S\u00e3o Gon\u00e7alo, RJ) \u2013 \u00c1rea: CTI<\/p>\n<ul>\n<li>2009 (doze meses)<\/li>\n<\/ul>\n<p>Hospital de Cust\u00f3dia e Tratamento Psiqui\u00e1trico Henrique Roxo (Niter\u00f3i, RJ) \u2013 \u00c1rea: Psiquiatria<\/p>\n<ul>\n<li>2007 a 2009<\/li>\n<\/ul>\n<p>Hospital do Andara\u00ed (Rio de Janeiro, RJ) \u2013 \u00c1rea: Emerg\u00eancia<\/p>\n<ul>\n<li>2007 a 2008<\/li>\n<\/ul>\n<p>Maternidade PR\u00d3-MATRE (Rio de Janeiro, RJ) \u2013 \u00c1rea: Obstetr\u00edcia<\/p>\n<ul>\n<li>2008 (tr\u00eas meses)<\/li>\n<\/ul>\n<h3>Atividade profissional<\/h3>\n<p>Rede Labs\/Fleury unidade Madureira (Rio de Janeiro) \u2013 \u00c1rea: Resson\u00e2ncia Magn\u00e9tica e Tomografia Computadorizada; desde dezembro\/2016.<\/p>\n<p>Hospital Federal Cardoso Fontes (Rio de Janeiro) \u2013 \u00c1rea: Tomografia Computadorizada, Radiografia Convencional e Ultrassonografia (rotina e emerg\u00eancia); desde junho\/2016.<\/p>\n<p>Hospital Estadual Alberto Torres (S\u00e3o Gon\u00e7alo) \u2013 \u00c1rea: Tomografia Computadorizada e Ultrassonografia (rotina e emerg\u00eancia); desde dezembro\/2014.<\/p>\n<p>Hospital Norte D`Or (Rio de Janeiro) \u2013 \u00c1rea: Tomografia Computadorizada e Ultrassonografia (rotina e emerg\u00eancia); desde outubro\/2013.<\/p>\n<p>Hospital Quinta D`Or (Rio de Janeiro) \u2013 \u00c1rea: Resson\u00e2ncia Magn\u00e9tica, Tomografia Computadorizada, Radiografia Convencional e Ultrassonografia (rotina e emerg\u00eancia); de outubro\/2013 a agosto\/2016.<\/p>\n<p>Centro Estadual de Diagn\u00f3stico por Imagem \u2013 Rio Imagem (Rio de Janeiro) \u2013 \u00c1rea: Ultrassonografia; mar\u00e7o a maio\/2016.<\/p>\n<p>Hospital Icara\u00ed (Niter\u00f3i) \u2013 \u00c1rea: Tomografia Computadorizada e Radiografia Convencional; outubro\/2013 a setembro\/2014.<\/p>\n<p>Hospital Estadual Azevedo Lima (Niter\u00f3i) \u2013 \u00c1rea: Tomografia Computadorizada; de junho a outubro\/2013.<\/p>\n<p>Hospital Rios D`Or (Rio de Janeiro) \u2013 \u00c1rea: Tomografia Computadorizada, Radiografia Convencional e Ultrassonografia (rotina e emerg\u00eancia); novembro\/2012 a novembro\/2014.<\/p>\n<p>Hospital Municipal Evandro Freire (Rio de Janeiro) \u2013 \u00c1rea: Tomografia Computadorizada e Ultrassonografia (emerg\u00eancia); fevereiro a junho\/2013<\/p>\n<p>Cl\u00ednica de Sa\u00fade da Fam\u00edlia Dalmir Salgado (Rio de Janeiro) \u2013 \u00c1rea: Ultrassonografia (rotina); mar\u00e7o\/2012 a julho\/2013.<\/p>\n<p>HCSG &#8211; Hospital e Cl\u00ednica S\u00e3o Gon\u00e7alo (S\u00e3o Gon\u00e7alo) \u2013 \u00c1rea: Tomografia Computadorizada, Radiografia Convencional e Ultrassonografia (emerg\u00eancia); janeiro\/2012 a abril\/2014.<\/p>\n<p>UPA \u2013 Jardim Iris (S\u00e3o Jo\u00e3o de Meriti) \u2013 \u00c1rea: Emerg\u00eancia; de julho a dezembro\/2011<\/p>\n<p>UPA \u2013 Coluband\u00ea (S\u00e3o Gon\u00e7alo) \u2013 \u00c1rea: Emerg\u00eancia; de mar\u00e7o a julho\/2011<\/p>\n<p>HEAT \u2013 Hospital Estadual Alberto Torres (S\u00e3o Gon\u00e7alo, RJ) \u2013 \u00c1rea: CTI; de setembro\/2010 a janeiro\/2011.<\/p>\n<p>HCN \u2013 Hospital de Cl\u00ednicas de Niter\u00f3i (Niter\u00f3i, RJ) \u2013 \u00c1rea: Emerg\u00eancia; de julho a agosto\/2010<\/p>\n<p>Qualquer d\u00favida ou algo que queira dizer a Dra. Flavia Coelho D&#8217;Oliveira, por favor preencha o formul\u00e1rio abaixo que ela te responder\u00e1 em assim que poss\u00edvel. Mais sobre os outros m\u00e9dicos, <a href=\"https:\/\/www.vitaimagem.com.br\/medicos\/\">clique aqui.<\/a><\/p>\n","protected":false},"featured_media":2326,"template":"","tags":[],"class_list":["post-2302","medicos","type-medicos","status-publish","has-post-thumbnail","hentry"],"acf":[],"yoast_head":"<!-- This site is optimized with the Yoast SEO plugin v25.1 - https:\/\/yoast.com\/wordpress\/plugins\/seo\/ -->\n<title>Dra. Flavia Coelho D&#039;Oliveira - Vita Imagem em Foz do Igua\u00e7u<\/title>\n<meta name=\"description\" content=\"Dra. Flavia Coelho D&#039;Oliveira \u00e9 formado na Universidade Estadual do Rio de Janeiro desde 2010 e parte integrante da equipe da equipe m\u00e9dicos radiologistas\" \/>\n<meta name=\"robots\" content=\"index, follow, max-snippet:-1, max-image-preview:large, max-video-preview:-1\" \/>\n<link rel=\"canonical\" href=\"https:\/\/www.vitaimagem.com.br\/es\/medicos\/dra-flavia-coelho-doliveira\/\" \/>\n<meta property=\"og:locale\" content=\"es_ES\" \/>\n<meta property=\"og:type\" content=\"article\" \/>\n<meta property=\"og:title\" content=\"Dra. Flavia Coelho D&#039;Oliveira - Vita Imagem em Foz do Igua\u00e7u\" \/>\n<meta property=\"og:description\" content=\"Dra. Flavia Coelho D&#039;Oliveira \u00e9 formado na Universidade Estadual do Rio de Janeiro desde 2010 e parte integrante da equipe da equipe m\u00e9dicos radiologistas\" \/>\n<meta property=\"og:url\" content=\"https:\/\/www.vitaimagem.com.br\/es\/medicos\/dra-flavia-coelho-doliveira\/\" \/>\n<meta property=\"og:site_name\" content=\"Vita Imagem\" \/>\n<meta property=\"article:modified_time\" content=\"2021-03-24T14:56:59+00:00\" \/>\n<meta property=\"og:image\" content=\"https:\/\/www.vitaimagem.com.br\/wp-content\/uploads\/2018\/05\/drflavia.png\" \/>\n\t<meta property=\"og:image:width\" content=\"600\" \/>\n\t<meta property=\"og:image:height\" content=\"600\" \/>\n\t<meta property=\"og:image:type\" content=\"image\/png\" \/>\n<meta name=\"twitter:card\" content=\"summary_large_image\" \/>\n<meta name=\"twitter:label1\" content=\"Tiempo de lectura\" \/>\n\t<meta name=\"twitter:data1\" content=\"4 minutos\" \/>\n<script type=\"application\/ld+json\" class=\"yoast-schema-graph\">{\"@context\":\"https:\/\/schema.org\",\"@graph\":[{\"@type\":\"WebPage\",\"@id\":\"https:\/\/www.vitaimagem.com.br\/es\/medicos\/dra-flavia-coelho-doliveira\/\",\"url\":\"https:\/\/www.vitaimagem.com.br\/es\/medicos\/dra-flavia-coelho-doliveira\/\",\"name\":\"Dra. Flavia Coelho D'Oliveira - Vita Imagem em Foz do Igua\u00e7u\",\"isPartOf\":{\"@id\":\"https:\/\/www.vitaimagem.com.br\/es\/#website\"},\"primaryImageOfPage\":{\"@id\":\"https:\/\/www.vitaimagem.com.br\/es\/medicos\/dra-flavia-coelho-doliveira\/#primaryimage\"},\"image\":{\"@id\":\"https:\/\/www.vitaimagem.com.br\/es\/medicos\/dra-flavia-coelho-doliveira\/#primaryimage\"},\"thumbnailUrl\":\"https:\/\/www.vitaimagem.com.br\/wp-content\/uploads\/2018\/05\/drflavia.png\",\"datePublished\":\"2018-05-28T21:15:58+00:00\",\"dateModified\":\"2021-03-24T14:56:59+00:00\",\"description\":\"Dra. Flavia Coelho D'Oliveira \u00e9 formado na Universidade Estadual do Rio de Janeiro desde 2010 e parte integrante da equipe da equipe m\u00e9dicos radiologistas\",\"breadcrumb\":{\"@id\":\"https:\/\/www.vitaimagem.com.br\/es\/medicos\/dra-flavia-coelho-doliveira\/#breadcrumb\"},\"inLanguage\":\"es\",\"potentialAction\":[{\"@type\":\"ReadAction\",\"target\":[\"https:\/\/www.vitaimagem.com.br\/es\/medicos\/dra-flavia-coelho-doliveira\/\"]}]},{\"@type\":\"ImageObject\",\"inLanguage\":\"es\",\"@id\":\"https:\/\/www.vitaimagem.com.br\/es\/medicos\/dra-flavia-coelho-doliveira\/#primaryimage\",\"url\":\"https:\/\/www.vitaimagem.com.br\/wp-content\/uploads\/2018\/05\/drflavia.png\",\"contentUrl\":\"https:\/\/www.vitaimagem.com.br\/wp-content\/uploads\/2018\/05\/drflavia.png\",\"width\":600,\"height\":600,\"caption\":\"Dra. Flavia Coelho D'Oliveira - M\u00e9dica da equipe da Vita.Imagem\"},{\"@type\":\"BreadcrumbList\",\"@id\":\"https:\/\/www.vitaimagem.com.br\/es\/medicos\/dra-flavia-coelho-doliveira\/#breadcrumb\",\"itemListElement\":[{\"@type\":\"ListItem\",\"position\":1,\"name\":\"Home\",\"item\":\"https:\/\/www.vitaimagem.com.br\/es\/\"},{\"@type\":\"ListItem\",\"position\":2,\"name\":\"Dra. Flavia Coelho D&#8217;Oliveira\"}]},{\"@type\":\"WebSite\",\"@id\":\"https:\/\/www.vitaimagem.com.br\/es\/#website\",\"url\":\"https:\/\/www.vitaimagem.com.br\/es\/\",\"name\":\"Vita Imagem\",\"description\":\"Tecnologia a Favor da Vida - Foz do Igua\u00e7u - PR\",\"publisher\":{\"@id\":\"https:\/\/www.vitaimagem.com.br\/es\/#organization\"},\"potentialAction\":[{\"@type\":\"SearchAction\",\"target\":{\"@type\":\"EntryPoint\",\"urlTemplate\":\"https:\/\/www.vitaimagem.com.br\/es\/?s={search_term_string}\"},\"query-input\":{\"@type\":\"PropertyValueSpecification\",\"valueRequired\":true,\"valueName\":\"search_term_string\"}}],\"inLanguage\":\"es\"},{\"@type\":\"Organization\",\"@id\":\"https:\/\/www.vitaimagem.com.br\/es\/#organization\",\"name\":\"Vita Imagem\",\"url\":\"https:\/\/www.vitaimagem.com.br\/es\/\",\"logo\":{\"@type\":\"ImageObject\",\"inLanguage\":\"es\",\"@id\":\"https:\/\/www.vitaimagem.com.br\/es\/#\/schema\/logo\/image\/\",\"url\":\"https:\/\/www.vitaimagem.com.br\/wp-content\/uploads\/2019\/05\/logo-da-vita-imagem.png\",\"contentUrl\":\"https:\/\/www.vitaimagem.com.br\/wp-content\/uploads\/2019\/05\/logo-da-vita-imagem.png\",\"width\":1166,\"height\":714,\"caption\":\"Vita Imagem\"},\"image\":{\"@id\":\"https:\/\/www.vitaimagem.com.br\/es\/#\/schema\/logo\/image\/\"}}]}<\/script>\n<!-- \/ Yoast SEO plugin. -->","yoast_head_json":{"title":"Dra. Flavia Coelho D'Oliveira - Vita Imagem em Foz do Igua\u00e7u","description":"Dra. Flavia Coelho D'Oliveira \u00e9 formado na Universidade Estadual do Rio de Janeiro desde 2010 e parte integrante da equipe da equipe m\u00e9dicos radiologistas","robots":{"index":"index","follow":"follow","max-snippet":"max-snippet:-1","max-image-preview":"max-image-preview:large","max-video-preview":"max-video-preview:-1"},"canonical":"https:\/\/www.vitaimagem.com.br\/es\/medicos\/dra-flavia-coelho-doliveira\/","og_locale":"es_ES","og_type":"article","og_title":"Dra. Flavia Coelho D'Oliveira - Vita Imagem em Foz do Igua\u00e7u","og_description":"Dra. Flavia Coelho D'Oliveira \u00e9 formado na Universidade Estadual do Rio de Janeiro desde 2010 e parte integrante da equipe da equipe m\u00e9dicos radiologistas","og_url":"https:\/\/www.vitaimagem.com.br\/es\/medicos\/dra-flavia-coelho-doliveira\/","og_site_name":"Vita Imagem","article_modified_time":"2021-03-24T14:56:59+00:00","og_image":[{"width":600,"height":600,"url":"https:\/\/www.vitaimagem.com.br\/wp-content\/uploads\/2018\/05\/drflavia.png","type":"image\/png"}],"twitter_card":"summary_large_image","twitter_misc":{"Tiempo de lectura":"4 minutos"},"schema":{"@context":"https:\/\/schema.org","@graph":[{"@type":"WebPage","@id":"https:\/\/www.vitaimagem.com.br\/es\/medicos\/dra-flavia-coelho-doliveira\/","url":"https:\/\/www.vitaimagem.com.br\/es\/medicos\/dra-flavia-coelho-doliveira\/","name":"Dra. Flavia Coelho D'Oliveira - Vita Imagem em Foz do Igua\u00e7u","isPartOf":{"@id":"https:\/\/www.vitaimagem.com.br\/es\/#website"},"primaryImageOfPage":{"@id":"https:\/\/www.vitaimagem.com.br\/es\/medicos\/dra-flavia-coelho-doliveira\/#primaryimage"},"image":{"@id":"https:\/\/www.vitaimagem.com.br\/es\/medicos\/dra-flavia-coelho-doliveira\/#primaryimage"},"thumbnailUrl":"https:\/\/www.vitaimagem.com.br\/wp-content\/uploads\/2018\/05\/drflavia.png","datePublished":"2018-05-28T21:15:58+00:00","dateModified":"2021-03-24T14:56:59+00:00","description":"Dra. Flavia Coelho D'Oliveira \u00e9 formado na Universidade Estadual do Rio de Janeiro desde 2010 e parte integrante da equipe da equipe m\u00e9dicos radiologistas","breadcrumb":{"@id":"https:\/\/www.vitaimagem.com.br\/es\/medicos\/dra-flavia-coelho-doliveira\/#breadcrumb"},"inLanguage":"es","potentialAction":[{"@type":"ReadAction","target":["https:\/\/www.vitaimagem.com.br\/es\/medicos\/dra-flavia-coelho-doliveira\/"]}]},{"@type":"ImageObject","inLanguage":"es","@id":"https:\/\/www.vitaimagem.com.br\/es\/medicos\/dra-flavia-coelho-doliveira\/#primaryimage","url":"https:\/\/www.vitaimagem.com.br\/wp-content\/uploads\/2018\/05\/drflavia.png","contentUrl":"https:\/\/www.vitaimagem.com.br\/wp-content\/uploads\/2018\/05\/drflavia.png","width":600,"height":600,"caption":"Dra. Flavia Coelho D'Oliveira - M\u00e9dica da equipe da Vita.Imagem"},{"@type":"BreadcrumbList","@id":"https:\/\/www.vitaimagem.com.br\/es\/medicos\/dra-flavia-coelho-doliveira\/#breadcrumb","itemListElement":[{"@type":"ListItem","position":1,"name":"Home","item":"https:\/\/www.vitaimagem.com.br\/es\/"},{"@type":"ListItem","position":2,"name":"Dra. Flavia Coelho D&#8217;Oliveira"}]},{"@type":"WebSite","@id":"https:\/\/www.vitaimagem.com.br\/es\/#website","url":"https:\/\/www.vitaimagem.com.br\/es\/","name":"Vita Imagem","description":"Tecnologia a Favor da Vida - Foz do Igua\u00e7u - PR","publisher":{"@id":"https:\/\/www.vitaimagem.com.br\/es\/#organization"},"potentialAction":[{"@type":"SearchAction","target":{"@type":"EntryPoint","urlTemplate":"https:\/\/www.vitaimagem.com.br\/es\/?s={search_term_string}"},"query-input":{"@type":"PropertyValueSpecification","valueRequired":true,"valueName":"search_term_string"}}],"inLanguage":"es"},{"@type":"Organization","@id":"https:\/\/www.vitaimagem.com.br\/es\/#organization","name":"Vita Imagem","url":"https:\/\/www.vitaimagem.com.br\/es\/","logo":{"@type":"ImageObject","inLanguage":"es","@id":"https:\/\/www.vitaimagem.com.br\/es\/#\/schema\/logo\/image\/","url":"https:\/\/www.vitaimagem.com.br\/wp-content\/uploads\/2019\/05\/logo-da-vita-imagem.png","contentUrl":"https:\/\/www.vitaimagem.com.br\/wp-content\/uploads\/2019\/05\/logo-da-vita-imagem.png","width":1166,"height":714,"caption":"Vita Imagem"},"image":{"@id":"https:\/\/www.vitaimagem.com.br\/es\/#\/schema\/logo\/image\/"}}]}},"_links":{"self":[{"href":"https:\/\/www.vitaimagem.com.br\/es\/wp-json\/wp\/v2\/medicos\/2302","targetHints":{"allow":["GET"]}}],"collection":[{"href":"https:\/\/www.vitaimagem.com.br\/es\/wp-json\/wp\/v2\/medicos"}],"about":[{"href":"https:\/\/www.vitaimagem.com.br\/es\/wp-json\/wp\/v2\/types\/medicos"}],"wp:featuredmedia":[{"embeddable":true,"href":"https:\/\/www.vitaimagem.com.br\/es\/wp-json\/wp\/v2\/media\/2326"}],"wp:attachment":[{"href":"https:\/\/www.vitaimagem.com.br\/es\/wp-json\/wp\/v2\/media?parent=2302"}],"wp:term":[{"taxonomy":"post_tag","embeddable":true,"href":"https:\/\/www.vitaimagem.com.br\/es\/wp-json\/wp\/v2\/tags?post=2302"}],"curies":[{"name":"wp","href":"https:\/\/api.w.org\/{rel}","templated":true}]}}