{"id":2299,"date":"2018-05-28T18:15:16","date_gmt":"2018-05-28T21:15:16","guid":{"rendered":"http:\/\/vitaimagem.astronauta.cc\/?post_type=medicos&#038;p=2299"},"modified":"2021-03-02T02:04:21","modified_gmt":"2021-03-02T05:04:21","slug":"dra-elaine-lucia-rossoni","status":"publish","type":"medicos","link":"https:\/\/www.vitaimagem.com.br\/es\/medicos\/dra-elaine-lucia-rossoni\/","title":{"rendered":"Dra. Elaine Lucia Rossoni"},"content":{"rendered":"<p>Dra. Elaine Lucia Rossoni \u00e9 formado na Universidade Federal do Rio Grande do Sul desde 1980 e parte importante da equipe da equipe m\u00e9dica de radiologistas da Vita.Imagem.<\/p>\n<h2>Forma\u00e7\u00e3o<\/h2>\n<p>Curso de Medicina da <a href=\"http:\/\/www.ufrgs.br\/ufrgs\/inicial\" target=\"_blank\" rel=\"noopener noreferrer\">Universidade Federal do Rio Grande do Sul<\/a> &#8211; Porto Alegre &#8211; RS<\/p>\n<ul>\n<li>Conclu\u00eddo em 1980.<\/li>\n<\/ul>\n<p>Curso de Especializa\u00e7\u00e3o em Radiodiagn\u00f3stico da Universidade Pontif\u00edcia Cat\u00f3lica do Rio de Janeiro, sob orienta\u00e7\u00e3o do Professor Nicola Caminha, com dura\u00e7\u00e3o de dois anos, carga hor\u00e1ria de 1890 horas<\/p>\n<ul>\n<li>Conclu\u00eddo em 1985.<\/li>\n<\/ul>\n<p>Curso de Ultra-sonografia Abdominal e P\u00e9lvica, com carga hor\u00e1ria de 240 horas, ministrado pelo Professor Luiz Antonio Bail\u00e3o e Dra. Maria Cristina Rizzi<\/p>\n<ul>\n<li>09 de outubro a 03 de novembro de 1995.<\/li>\n<\/ul>\n<p>T\u00edtulo de Especialista em Radiodiagn\u00f3stico pelo Col\u00e9gio Brasileiro de radiologia.<\/p>\n<p>Registro do T\u00edtulo de Especialista no CRM-PR n\u00ba 7014.<\/p>\n<h3>Cursos, Congressos e Jornadas<\/h3>\n<p>Simp\u00f3sio Multidisciplinar das Doen\u00e7as Mam\u00e1rias<\/p>\n<ul>\n<li>28 e 29 de mar\u00e7o de 2003.<\/li>\n<\/ul>\n<p>XXXIII Congresso Brasileiro de Radiologia e II Jornada Sudeste de Radiologia<\/p>\n<ul>\n<li>12 a 14 de novembro de 2004.<\/li>\n<\/ul>\n<p>II F\u00f3rum Nacional de Mobiliza\u00e7\u00e3o e Defesa Profissional, nos dias 14 e 15 de agosto de 2004.<\/p>\n<p>II Congresso Internacional de Especialidades Pedi\u00e1tricas \u2013 Congresso Crian\u00e7a<\/p>\n<ul>\n<li>2005<\/li>\n<\/ul>\n<p>57\u00ba Encontro do Clube de Radiologia do Paran\u00e1,<\/p>\n<ul>\n<li>25 e 26 de mar\u00e7o de 2006.<\/li>\n<\/ul>\n<p>XXXV Congresso Brasileiro de Radiologia, X Congresso Latino-Americano de Radiologia Pedi\u00e1trica, IV Jornada Sul de Radiologia e Diagn\u00f3stico por Imagem<\/p>\n<ul>\n<li>12 a 14 de outubro de 2006, Curitiba \u2013 PR.<\/li>\n<\/ul>\n<p>XII Jornada M\u00e9dica Multidisciplinar da Associa\u00e7\u00e3o M\u00e9dica do Paran\u00e1 e CRM-PR<\/p>\n<ul>\n<li>10 e 11 de novembro de 2006, Foz do Igua\u00e7u \u2013 PR.<\/li>\n<\/ul>\n<p>XLIII Congresso Brasileiro de Radiologia e XVII Congresso Latino Americano de Radiologia Pedi\u00e1trica, realizado de 09 a 11 de outubro de 2014, no Riocentro, no Rio de Janeiro.<\/p>\n<p>Atualiza\u00e7\u00e3o em Choque Anafil\u00e1tico e Reanima\u00e7\u00e3o Cardiopulmonar em 17\/07\/2019.<\/p>\n<h3>Experi\u00eancia Profissional<\/h3>\n<p>M\u00e9dica s\u00f3cia e respons\u00e1vel T\u00e9cnico da Cl\u00ednica Vita Imagem de Foz do Igua\u00e7u<\/p>\n<ul>\n<li>1995 at\u00e9 o momento.<\/li>\n<\/ul>\n<p>M\u00e9dica Radiologista do Centro de Especialidades M\u00e9dicas da Prefeitura Municipal de Foz do Igua\u00e7u<\/p>\n<ul>\n<li>1992.<\/li>\n<\/ul>\n<p>M\u00e9dica assistente da Cl\u00ednica M\u00e9dica do Hospital Naval Nossa Senhora da Gl\u00f3ria<\/p>\n<ul>\n<li>01\/09\/1981 a 1\/06\/1984.<\/li>\n<\/ul>\n<p>M\u00e9dica assistente do Setor de Radiologia do Hospital Naval Nossa Senhora da Gl\u00f3ria e do Hospital Naval Marc\u00edlio Dias<\/p>\n<ul>\n<li>01\/06\/01984 a 15\/05\/1987.<\/li>\n<\/ul>\n<p>M\u00e9dica respons\u00e1vel pelo Setor de Radiologia do Hospital Hidrel\u00e9trica de Itaipu, ora denominado Hospital Ministro Costa Cavalcanti<\/p>\n<ul>\n<li>27\/07\/1987 a 24\/11\/1994.<\/li>\n<\/ul>\n<p>M\u00e9dica radiologista da Santa Casa de Miseric\u00f3rdia de Foz do Igua\u00e7u<\/p>\n<ul>\n<li>01\/04\/1991 a 07\/12\/1995.<\/li>\n<\/ul>\n<p>Qualquer d\u00favida ou algo que queira dizer a Dra. Elaine Lucia Rossoni, por favor preencha o formul\u00e1rio abaixo que ela te responder\u00e1 em assim que poss\u00edvel. Mais sobre os outros m\u00e9dicos, <a href=\"https:\/\/www.vitaimagem.com.br\/medicos\/\">clique aqui.<\/a><\/p>\n","protected":false},"featured_media":2314,"template":"","tags":[],"class_list":["post-2299","medicos","type-medicos","status-publish","has-post-thumbnail","hentry"],"acf":[],"yoast_head":"<!-- This site is optimized with the Yoast SEO plugin v25.1 - https:\/\/yoast.com\/wordpress\/plugins\/seo\/ -->\n<title>Dra. Elaine Lucia Rossoni - Vita Imagem em Foz do Igua\u00e7u<\/title>\n<meta name=\"description\" content=\"Dra. Elaine Lucia Rossoni \u00e9 formado na Universidade Federal do Rio Grande do Sul desde 1980 e parte importante da equipe da equipe m\u00e9dica de radiologistas\" \/>\n<meta name=\"robots\" content=\"index, follow, max-snippet:-1, max-image-preview:large, max-video-preview:-1\" \/>\n<link rel=\"canonical\" href=\"https:\/\/www.vitaimagem.com.br\/es\/medicos\/dra-elaine-lucia-rossoni\/\" \/>\n<meta property=\"og:locale\" content=\"es_ES\" \/>\n<meta property=\"og:type\" content=\"article\" \/>\n<meta property=\"og:title\" content=\"Dra. Elaine Lucia Rossoni - Vita Imagem em Foz do Igua\u00e7u\" \/>\n<meta property=\"og:description\" content=\"Dra. Elaine Lucia Rossoni \u00e9 formado na Universidade Federal do Rio Grande do Sul desde 1980 e parte importante da equipe da equipe m\u00e9dica de radiologistas\" \/>\n<meta property=\"og:url\" content=\"https:\/\/www.vitaimagem.com.br\/es\/medicos\/dra-elaine-lucia-rossoni\/\" \/>\n<meta property=\"og:site_name\" content=\"Vita Imagem\" \/>\n<meta property=\"article:modified_time\" content=\"2021-03-02T05:04:21+00:00\" \/>\n<meta property=\"og:image\" content=\"https:\/\/www.vitaimagem.com.br\/wp-content\/uploads\/2018\/05\/drelaine.png\" \/>\n\t<meta property=\"og:image:width\" content=\"600\" \/>\n\t<meta property=\"og:image:height\" content=\"600\" \/>\n\t<meta property=\"og:image:type\" content=\"image\/png\" \/>\n<meta name=\"twitter:card\" content=\"summary_large_image\" \/>\n<meta name=\"twitter:label1\" content=\"Tiempo de lectura\" \/>\n\t<meta name=\"twitter:data1\" content=\"2 minutos\" \/>\n<script type=\"application\/ld+json\" class=\"yoast-schema-graph\">{\"@context\":\"https:\/\/schema.org\",\"@graph\":[{\"@type\":\"WebPage\",\"@id\":\"https:\/\/www.vitaimagem.com.br\/es\/medicos\/dra-elaine-lucia-rossoni\/\",\"url\":\"https:\/\/www.vitaimagem.com.br\/es\/medicos\/dra-elaine-lucia-rossoni\/\",\"name\":\"Dra. Elaine Lucia Rossoni - Vita Imagem em Foz do Igua\u00e7u\",\"isPartOf\":{\"@id\":\"https:\/\/www.vitaimagem.com.br\/es\/#website\"},\"primaryImageOfPage\":{\"@id\":\"https:\/\/www.vitaimagem.com.br\/es\/medicos\/dra-elaine-lucia-rossoni\/#primaryimage\"},\"image\":{\"@id\":\"https:\/\/www.vitaimagem.com.br\/es\/medicos\/dra-elaine-lucia-rossoni\/#primaryimage\"},\"thumbnailUrl\":\"https:\/\/www.vitaimagem.com.br\/wp-content\/uploads\/2018\/05\/drelaine.png\",\"datePublished\":\"2018-05-28T21:15:16+00:00\",\"dateModified\":\"2021-03-02T05:04:21+00:00\",\"description\":\"Dra. Elaine Lucia Rossoni \u00e9 formado na Universidade Federal do Rio Grande do Sul desde 1980 e parte importante da equipe da equipe m\u00e9dica de radiologistas\",\"breadcrumb\":{\"@id\":\"https:\/\/www.vitaimagem.com.br\/es\/medicos\/dra-elaine-lucia-rossoni\/#breadcrumb\"},\"inLanguage\":\"es\",\"potentialAction\":[{\"@type\":\"ReadAction\",\"target\":[\"https:\/\/www.vitaimagem.com.br\/es\/medicos\/dra-elaine-lucia-rossoni\/\"]}]},{\"@type\":\"ImageObject\",\"inLanguage\":\"es\",\"@id\":\"https:\/\/www.vitaimagem.com.br\/es\/medicos\/dra-elaine-lucia-rossoni\/#primaryimage\",\"url\":\"https:\/\/www.vitaimagem.com.br\/wp-content\/uploads\/2018\/05\/drelaine.png\",\"contentUrl\":\"https:\/\/www.vitaimagem.com.br\/wp-content\/uploads\/2018\/05\/drelaine.png\",\"width\":600,\"height\":600,\"caption\":\"Dra. Elaine Lucia Rossoni - Equipe da Vita.Imagem em Foz\"},{\"@type\":\"BreadcrumbList\",\"@id\":\"https:\/\/www.vitaimagem.com.br\/es\/medicos\/dra-elaine-lucia-rossoni\/#breadcrumb\",\"itemListElement\":[{\"@type\":\"ListItem\",\"position\":1,\"name\":\"Home\",\"item\":\"https:\/\/www.vitaimagem.com.br\/es\/\"},{\"@type\":\"ListItem\",\"position\":2,\"name\":\"Dra. Elaine Lucia Rossoni\"}]},{\"@type\":\"WebSite\",\"@id\":\"https:\/\/www.vitaimagem.com.br\/es\/#website\",\"url\":\"https:\/\/www.vitaimagem.com.br\/es\/\",\"name\":\"Vita Imagem\",\"description\":\"Tecnologia a Favor da Vida - Foz do Igua\u00e7u - PR\",\"publisher\":{\"@id\":\"https:\/\/www.vitaimagem.com.br\/es\/#organization\"},\"potentialAction\":[{\"@type\":\"SearchAction\",\"target\":{\"@type\":\"EntryPoint\",\"urlTemplate\":\"https:\/\/www.vitaimagem.com.br\/es\/?s={search_term_string}\"},\"query-input\":{\"@type\":\"PropertyValueSpecification\",\"valueRequired\":true,\"valueName\":\"search_term_string\"}}],\"inLanguage\":\"es\"},{\"@type\":\"Organization\",\"@id\":\"https:\/\/www.vitaimagem.com.br\/es\/#organization\",\"name\":\"Vita Imagem\",\"url\":\"https:\/\/www.vitaimagem.com.br\/es\/\",\"logo\":{\"@type\":\"ImageObject\",\"inLanguage\":\"es\",\"@id\":\"https:\/\/www.vitaimagem.com.br\/es\/#\/schema\/logo\/image\/\",\"url\":\"https:\/\/www.vitaimagem.com.br\/wp-content\/uploads\/2019\/05\/logo-da-vita-imagem.png\",\"contentUrl\":\"https:\/\/www.vitaimagem.com.br\/wp-content\/uploads\/2019\/05\/logo-da-vita-imagem.png\",\"width\":1166,\"height\":714,\"caption\":\"Vita Imagem\"},\"image\":{\"@id\":\"https:\/\/www.vitaimagem.com.br\/es\/#\/schema\/logo\/image\/\"}}]}<\/script>\n<!-- \/ Yoast SEO plugin. -->","yoast_head_json":{"title":"Dra. Elaine Lucia Rossoni - Vita Imagem em Foz do Igua\u00e7u","description":"Dra. Elaine Lucia Rossoni \u00e9 formado na Universidade Federal do Rio Grande do Sul desde 1980 e parte importante da equipe da equipe m\u00e9dica de radiologistas","robots":{"index":"index","follow":"follow","max-snippet":"max-snippet:-1","max-image-preview":"max-image-preview:large","max-video-preview":"max-video-preview:-1"},"canonical":"https:\/\/www.vitaimagem.com.br\/es\/medicos\/dra-elaine-lucia-rossoni\/","og_locale":"es_ES","og_type":"article","og_title":"Dra. Elaine Lucia Rossoni - Vita Imagem em Foz do Igua\u00e7u","og_description":"Dra. Elaine Lucia Rossoni \u00e9 formado na Universidade Federal do Rio Grande do Sul desde 1980 e parte importante da equipe da equipe m\u00e9dica de radiologistas","og_url":"https:\/\/www.vitaimagem.com.br\/es\/medicos\/dra-elaine-lucia-rossoni\/","og_site_name":"Vita Imagem","article_modified_time":"2021-03-02T05:04:21+00:00","og_image":[{"width":600,"height":600,"url":"https:\/\/www.vitaimagem.com.br\/wp-content\/uploads\/2018\/05\/drelaine.png","type":"image\/png"}],"twitter_card":"summary_large_image","twitter_misc":{"Tiempo de lectura":"2 minutos"},"schema":{"@context":"https:\/\/schema.org","@graph":[{"@type":"WebPage","@id":"https:\/\/www.vitaimagem.com.br\/es\/medicos\/dra-elaine-lucia-rossoni\/","url":"https:\/\/www.vitaimagem.com.br\/es\/medicos\/dra-elaine-lucia-rossoni\/","name":"Dra. Elaine Lucia Rossoni - Vita Imagem em Foz do Igua\u00e7u","isPartOf":{"@id":"https:\/\/www.vitaimagem.com.br\/es\/#website"},"primaryImageOfPage":{"@id":"https:\/\/www.vitaimagem.com.br\/es\/medicos\/dra-elaine-lucia-rossoni\/#primaryimage"},"image":{"@id":"https:\/\/www.vitaimagem.com.br\/es\/medicos\/dra-elaine-lucia-rossoni\/#primaryimage"},"thumbnailUrl":"https:\/\/www.vitaimagem.com.br\/wp-content\/uploads\/2018\/05\/drelaine.png","datePublished":"2018-05-28T21:15:16+00:00","dateModified":"2021-03-02T05:04:21+00:00","description":"Dra. Elaine Lucia Rossoni \u00e9 formado na Universidade Federal do Rio Grande do Sul desde 1980 e parte importante da equipe da equipe m\u00e9dica de radiologistas","breadcrumb":{"@id":"https:\/\/www.vitaimagem.com.br\/es\/medicos\/dra-elaine-lucia-rossoni\/#breadcrumb"},"inLanguage":"es","potentialAction":[{"@type":"ReadAction","target":["https:\/\/www.vitaimagem.com.br\/es\/medicos\/dra-elaine-lucia-rossoni\/"]}]},{"@type":"ImageObject","inLanguage":"es","@id":"https:\/\/www.vitaimagem.com.br\/es\/medicos\/dra-elaine-lucia-rossoni\/#primaryimage","url":"https:\/\/www.vitaimagem.com.br\/wp-content\/uploads\/2018\/05\/drelaine.png","contentUrl":"https:\/\/www.vitaimagem.com.br\/wp-content\/uploads\/2018\/05\/drelaine.png","width":600,"height":600,"caption":"Dra. Elaine Lucia Rossoni - Equipe da Vita.Imagem em Foz"},{"@type":"BreadcrumbList","@id":"https:\/\/www.vitaimagem.com.br\/es\/medicos\/dra-elaine-lucia-rossoni\/#breadcrumb","itemListElement":[{"@type":"ListItem","position":1,"name":"Home","item":"https:\/\/www.vitaimagem.com.br\/es\/"},{"@type":"ListItem","position":2,"name":"Dra. Elaine Lucia Rossoni"}]},{"@type":"WebSite","@id":"https:\/\/www.vitaimagem.com.br\/es\/#website","url":"https:\/\/www.vitaimagem.com.br\/es\/","name":"Vita Imagem","description":"Tecnologia a Favor da Vida - Foz do Igua\u00e7u - PR","publisher":{"@id":"https:\/\/www.vitaimagem.com.br\/es\/#organization"},"potentialAction":[{"@type":"SearchAction","target":{"@type":"EntryPoint","urlTemplate":"https:\/\/www.vitaimagem.com.br\/es\/?s={search_term_string}"},"query-input":{"@type":"PropertyValueSpecification","valueRequired":true,"valueName":"search_term_string"}}],"inLanguage":"es"},{"@type":"Organization","@id":"https:\/\/www.vitaimagem.com.br\/es\/#organization","name":"Vita Imagem","url":"https:\/\/www.vitaimagem.com.br\/es\/","logo":{"@type":"ImageObject","inLanguage":"es","@id":"https:\/\/www.vitaimagem.com.br\/es\/#\/schema\/logo\/image\/","url":"https:\/\/www.vitaimagem.com.br\/wp-content\/uploads\/2019\/05\/logo-da-vita-imagem.png","contentUrl":"https:\/\/www.vitaimagem.com.br\/wp-content\/uploads\/2019\/05\/logo-da-vita-imagem.png","width":1166,"height":714,"caption":"Vita Imagem"},"image":{"@id":"https:\/\/www.vitaimagem.com.br\/es\/#\/schema\/logo\/image\/"}}]}},"_links":{"self":[{"href":"https:\/\/www.vitaimagem.com.br\/es\/wp-json\/wp\/v2\/medicos\/2299","targetHints":{"allow":["GET"]}}],"collection":[{"href":"https:\/\/www.vitaimagem.com.br\/es\/wp-json\/wp\/v2\/medicos"}],"about":[{"href":"https:\/\/www.vitaimagem.com.br\/es\/wp-json\/wp\/v2\/types\/medicos"}],"wp:featuredmedia":[{"embeddable":true,"href":"https:\/\/www.vitaimagem.com.br\/es\/wp-json\/wp\/v2\/media\/2314"}],"wp:attachment":[{"href":"https:\/\/www.vitaimagem.com.br\/es\/wp-json\/wp\/v2\/media?parent=2299"}],"wp:term":[{"taxonomy":"post_tag","embeddable":true,"href":"https:\/\/www.vitaimagem.com.br\/es\/wp-json\/wp\/v2\/tags?post=2299"}],"curies":[{"name":"wp","href":"https:\/\/api.w.org\/{rel}","templated":true}]}}