{"id":2297,"date":"2018-05-28T18:14:31","date_gmt":"2018-05-28T21:14:31","guid":{"rendered":"http:\/\/vitaimagem.astronauta.cc\/?post_type=medicos&#038;p=2297"},"modified":"2023-04-05T12:09:29","modified_gmt":"2023-04-05T15:09:29","slug":"dr-cristiano-ferrari-siqueira","status":"publish","type":"medicos","link":"https:\/\/www.vitaimagem.com.br\/es\/medicos\/dr-cristiano-ferrari-siqueira\/","title":{"rendered":"Dr. Cristiano Ferrari Siqueira"},"content":{"rendered":"<div class=\"fusion-fullwidth fullwidth-box fusion-builder-row-1 fusion-flex-container nonhundred-percent-fullwidth non-hundred-percent-height-scrolling\" style=\"--awb-border-radius-top-left:0px;--awb-border-radius-top-right:0px;--awb-border-radius-bottom-right:0px;--awb-border-radius-bottom-left:0px;--awb-flex-wrap:wrap;\" ><div class=\"fusion-builder-row fusion-row fusion-flex-align-items-flex-start fusion-flex-content-wrap\" style=\"max-width:1248px;margin-left: calc(-4% \/ 2 );margin-right: calc(-4% \/ 2 );\"><div class=\"fusion-layout-column fusion_builder_column fusion-builder-column-0 fusion_builder_column_1_1 1_1 fusion-flex-column\" style=\"--awb-bg-size:cover;--awb-width-large:100%;--awb-margin-top-large:0px;--awb-spacing-right-large:1.92%;--awb-margin-bottom-large:0px;--awb-spacing-left-large:1.92%;--awb-width-medium:100%;--awb-spacing-right-medium:1.92%;--awb-spacing-left-medium:1.92%;--awb-width-small:100%;--awb-spacing-right-small:1.92%;--awb-spacing-left-small:1.92%;\"><div class=\"fusion-column-wrapper fusion-flex-justify-content-flex-start fusion-content-layout-column\"><div class=\"fusion-text fusion-text-1\"><p>M\u00e9dico Nuclear com 25 anos de experi\u00eancia, Dr. Cristiano Ferrari Siqueira \u00e9 formado na Universidade de Juiz de Fora em 1997, parte integrante da equipe da Vita.Imagem desde 2018.<\/p>\n<h2>Forma\u00e7\u00e3o<\/h2>\n<p>Curso de Medicina na Universidade Federal de Juiz de Fora<\/p>\n<ul>\n<li>1991 a 1997<\/li>\n<\/ul>\n<p>Especializa\u00e7\u00e3o em Medicina Nuclear pela Nuclear Medcenter\/CBR\/CNEN<\/p>\n<ul>\n<li>1998 a 2000<\/li>\n<\/ul>\n<p>Mestrado em Ci\u00eancias Farmac\u00eauticas pela Universidade Federal de Minas Gerais<\/p>\n<ul>\n<li>2000 a 2002<\/li>\n<\/ul>\n<h3>Cursos, Congressos e Semin\u00e1rios<\/h3>\n<p>27\u00ba Congresso Brasileiro de Radiologia \u2013 Feocromocitoma multifocal: avalia\u00e7\u00e3o cintilogr\u00e1fica com iodo-131 MIBG. \u2013 Belo Horizonte \u2013 MG<\/p>\n<ul>\n<li>1998<\/li>\n<\/ul>\n<p>Alasbimn Journal \u2013 Hipertrophic osteoartropathy: report of 2 cases. \u2013 Alasbimn \u2013 Santiago<\/p>\n<ul>\n<li>1999<\/li>\n<\/ul>\n<p>Advances in Nuclear Medicine and in Radiopharmaceuticals \u2013 Fractionation of mercaptoacetyltriglycine acid and biodistribution study \u2013 Cabo Frio<\/p>\n<ul>\n<li>2002<\/li>\n<\/ul>\n<p>13\u00ba Congresso Mundial de Mastologia \u2013 Therapeutic performace of melilotus officinalis in postmastectomy lymphedema using upper extremity lymphoscintigraphy \u2013 Recife<\/p>\n<ul>\n<li>2004<\/li>\n<\/ul>\n<p>13\u00ba Congresso Mundial de Mastologia \u2013 The learning curve of standardization of breast cancer sentinel node biopsy at the Hospital das Cl\u00ednicas da UFMG \u2013 Recife<\/p>\n<ul>\n<li>2004<\/li>\n<\/ul>\n<p>13\u00ba Congresso Mundial de Mastologia \u2013 Comparative study for sentinel node localization through periareolar radiopharmaceutical injection an peritumoral blue dye injection \u2013 Recife<\/p>\n<ul>\n<li>2004<\/li>\n<\/ul>\n<p>22\u00ba Congresso Brasileiro de Biologia e Medicina Nuclear \u2013 Mapeamento linf\u00e1tico com 99m Tc-fitato e detec\u00e7\u00e3o do linfonodo sentinela em c\u00e2ncer de colo uterino \u2013 55 casos \u2013 Aracaju<\/p>\n<ul>\n<li>2004<\/li>\n<\/ul>\n<p>57TH Annual Meeting of American Academy of Neurology \u2013 Neuropsychological performance and brain SPECT imaging in adult patients with Sydenham\u2019s chorea \u2013 Miami Beach<\/p>\n<ul>\n<li>2005<\/li>\n<\/ul>\n<p>30\u00ba Encontro Mineiro de Ginecologistas e Obstetras \u2013 Curva de aprendizado para a padroniza\u00e7\u00e3o da t\u00e9cnica da bi\u00f3psia do linfonodo sentinela no HC-UFMG \u2013 Po\u00e7os de Caldas<\/p>\n<ul>\n<li>2005<\/li>\n<\/ul>\n<p>35\u00ba Jornada Paulista de Radiologia \u2013 Avalia\u00e7\u00e3o cintilogr\u00e1fica qualitativa e quantitativa do linfedema de membros inferiores \u2013 Revista Imagem \u2013 S\u00e3o Paulo<\/p>\n<ul>\n<li>2005<\/li>\n<\/ul>\n<p>36\u00ba Jornada Paulista de Radiologia \u2013 Localiza\u00e7\u00e3o do linfonodo sentinela em paciente com tumor de mama utilizando 99m Tc-Dextran periareolar e azul patente peritumoral \u2013 Revista Imagem \u2013 S\u00e3o Paulo<\/p>\n<ul>\n<li>2006<\/li>\n<\/ul>\n<p>14\u00ba Congresso Mundial de Ultrassonografia em Medicina e Biologia (WFUMB 2013)\/ 16\u00ba Congresso Latino Americano de Ultrassom ( FLAUS 2013)\/ 43\u00ba Jornada Paulista de Radiologia (JPR 2013), realizado de 2 a 5 de maio de 2013, no Transam\u00e9rica Expo Center, em S\u00e3o Paulo, Brasil.<\/p>\n<p>Curso Especializa\u00e7\u00e3o em Educa\u00e7\u00e3o M\u00e9dica, realizado no per\u00edodo entre 20 de mar\u00e7o e 13 de dezembro de 2014 \u2013 Universidade Federal da Integra\u00e7\u00e3o Latino-Americano.<\/p>\n<p>Congressista da 47\u00ba Jornada Paulista de Radiologia (JPR 2017) evento realizado de 04 a 07 de maio de 2017, no Transamerica Expo Center, em S\u00e3o Paulo, Brasil.<\/p>\n<p>Atualiza\u00e7\u00e3o em Choque Anafil\u00e1tico e Reanima\u00e7\u00e3o Cardiopulmonar em 17\/07\/2019.<\/p>\n<h3>Experi\u00eancia Profissional<\/h3>\n<p>Professor do Curso de Medicina da Universidade Federal da Integra\u00e7\u00e3o Latinoamericana &#8211; 2015<\/p>\n<p>Ecograf N\u00facleo de Diagn\u00f3stico Cardiovascular Ltda. \u2013 2000 a 2008<\/p>\n<p>Uni\u00e3o Educacional do Vale do A\u00e7o \u2013 UNIVA\u00c7O \u2013 2003 a 2007<\/p>\n<\/div><\/div><\/div><\/div><\/div>\n","protected":false},"featured_media":3049,"template":"","tags":[],"class_list":["post-2297","medicos","type-medicos","status-publish","has-post-thumbnail","hentry"],"acf":[],"yoast_head":"<!-- This site is optimized with the Yoast SEO plugin v25.1 - https:\/\/yoast.com\/wordpress\/plugins\/seo\/ -->\n<title>Dr. Cristiano Ferrari Siqueira - Vita Imagem em Foz do Igua\u00e7u<\/title>\n<meta name=\"description\" content=\"M\u00e9dico Radiologista com 25 anos de experi\u00eancia, Dr. Cristiano Ferrari Siqueira \u00e9 formado na Universidade de Juiz de Fora em 1997\" \/>\n<meta name=\"robots\" content=\"index, follow, max-snippet:-1, max-image-preview:large, max-video-preview:-1\" \/>\n<link rel=\"canonical\" href=\"https:\/\/www.vitaimagem.com.br\/es\/medicos\/dr-cristiano-ferrari-siqueira\/\" \/>\n<meta property=\"og:locale\" content=\"es_ES\" \/>\n<meta property=\"og:type\" content=\"article\" \/>\n<meta property=\"og:title\" content=\"Dr. Cristiano Ferrari Siqueira - Vita Imagem em Foz do Igua\u00e7u\" \/>\n<meta property=\"og:description\" content=\"M\u00e9dico Radiologista com 25 anos de experi\u00eancia, Dr. Cristiano Ferrari Siqueira \u00e9 formado na Universidade de Juiz de Fora em 1997\" \/>\n<meta property=\"og:url\" content=\"https:\/\/www.vitaimagem.com.br\/es\/medicos\/dr-cristiano-ferrari-siqueira\/\" \/>\n<meta property=\"og:site_name\" content=\"Vita Imagem\" \/>\n<meta property=\"article:modified_time\" content=\"2023-04-05T15:09:29+00:00\" \/>\n<meta property=\"og:image\" content=\"https:\/\/www.vitaimagem.com.br\/wp-content\/uploads\/2021\/03\/doutor_cristiano.png\" \/>\n\t<meta property=\"og:image:width\" content=\"600\" \/>\n\t<meta property=\"og:image:height\" content=\"600\" \/>\n\t<meta property=\"og:image:type\" content=\"image\/png\" \/>\n<meta name=\"twitter:card\" content=\"summary_large_image\" \/>\n<meta name=\"twitter:label1\" content=\"Tiempo de lectura\" \/>\n\t<meta name=\"twitter:data1\" content=\"3 minutos\" \/>\n<script type=\"application\/ld+json\" class=\"yoast-schema-graph\">{\"@context\":\"https:\/\/schema.org\",\"@graph\":[{\"@type\":\"WebPage\",\"@id\":\"https:\/\/www.vitaimagem.com.br\/es\/medicos\/dr-cristiano-ferrari-siqueira\/\",\"url\":\"https:\/\/www.vitaimagem.com.br\/es\/medicos\/dr-cristiano-ferrari-siqueira\/\",\"name\":\"Dr. Cristiano Ferrari Siqueira - Vita Imagem em Foz do Igua\u00e7u\",\"isPartOf\":{\"@id\":\"https:\/\/www.vitaimagem.com.br\/es\/#website\"},\"primaryImageOfPage\":{\"@id\":\"https:\/\/www.vitaimagem.com.br\/es\/medicos\/dr-cristiano-ferrari-siqueira\/#primaryimage\"},\"image\":{\"@id\":\"https:\/\/www.vitaimagem.com.br\/es\/medicos\/dr-cristiano-ferrari-siqueira\/#primaryimage\"},\"thumbnailUrl\":\"https:\/\/www.vitaimagem.com.br\/wp-content\/uploads\/2021\/03\/doutor_cristiano.png\",\"datePublished\":\"2018-05-28T21:14:31+00:00\",\"dateModified\":\"2023-04-05T15:09:29+00:00\",\"description\":\"M\u00e9dico Radiologista com 25 anos de experi\u00eancia, Dr. Cristiano Ferrari Siqueira \u00e9 formado na Universidade de Juiz de Fora em 1997\",\"breadcrumb\":{\"@id\":\"https:\/\/www.vitaimagem.com.br\/es\/medicos\/dr-cristiano-ferrari-siqueira\/#breadcrumb\"},\"inLanguage\":\"es\",\"potentialAction\":[{\"@type\":\"ReadAction\",\"target\":[\"https:\/\/www.vitaimagem.com.br\/es\/medicos\/dr-cristiano-ferrari-siqueira\/\"]}]},{\"@type\":\"ImageObject\",\"inLanguage\":\"es\",\"@id\":\"https:\/\/www.vitaimagem.com.br\/es\/medicos\/dr-cristiano-ferrari-siqueira\/#primaryimage\",\"url\":\"https:\/\/www.vitaimagem.com.br\/wp-content\/uploads\/2021\/03\/doutor_cristiano.png\",\"contentUrl\":\"https:\/\/www.vitaimagem.com.br\/wp-content\/uploads\/2021\/03\/doutor_cristiano.png\",\"width\":600,\"height\":600},{\"@type\":\"BreadcrumbList\",\"@id\":\"https:\/\/www.vitaimagem.com.br\/es\/medicos\/dr-cristiano-ferrari-siqueira\/#breadcrumb\",\"itemListElement\":[{\"@type\":\"ListItem\",\"position\":1,\"name\":\"Home\",\"item\":\"https:\/\/www.vitaimagem.com.br\/es\/\"},{\"@type\":\"ListItem\",\"position\":2,\"name\":\"Dr. Cristiano Ferrari Siqueira\"}]},{\"@type\":\"WebSite\",\"@id\":\"https:\/\/www.vitaimagem.com.br\/es\/#website\",\"url\":\"https:\/\/www.vitaimagem.com.br\/es\/\",\"name\":\"Vita Imagem\",\"description\":\"Tecnologia a Favor da Vida - Foz do Igua\u00e7u - PR\",\"publisher\":{\"@id\":\"https:\/\/www.vitaimagem.com.br\/es\/#organization\"},\"potentialAction\":[{\"@type\":\"SearchAction\",\"target\":{\"@type\":\"EntryPoint\",\"urlTemplate\":\"https:\/\/www.vitaimagem.com.br\/es\/?s={search_term_string}\"},\"query-input\":{\"@type\":\"PropertyValueSpecification\",\"valueRequired\":true,\"valueName\":\"search_term_string\"}}],\"inLanguage\":\"es\"},{\"@type\":\"Organization\",\"@id\":\"https:\/\/www.vitaimagem.com.br\/es\/#organization\",\"name\":\"Vita Imagem\",\"url\":\"https:\/\/www.vitaimagem.com.br\/es\/\",\"logo\":{\"@type\":\"ImageObject\",\"inLanguage\":\"es\",\"@id\":\"https:\/\/www.vitaimagem.com.br\/es\/#\/schema\/logo\/image\/\",\"url\":\"https:\/\/www.vitaimagem.com.br\/wp-content\/uploads\/2019\/05\/logo-da-vita-imagem.png\",\"contentUrl\":\"https:\/\/www.vitaimagem.com.br\/wp-content\/uploads\/2019\/05\/logo-da-vita-imagem.png\",\"width\":1166,\"height\":714,\"caption\":\"Vita Imagem\"},\"image\":{\"@id\":\"https:\/\/www.vitaimagem.com.br\/es\/#\/schema\/logo\/image\/\"}}]}<\/script>\n<!-- \/ Yoast SEO plugin. -->","yoast_head_json":{"title":"Dr. Cristiano Ferrari Siqueira - Vita Imagem em Foz do Igua\u00e7u","description":"M\u00e9dico Radiologista com 25 anos de experi\u00eancia, Dr. Cristiano Ferrari Siqueira \u00e9 formado na Universidade de Juiz de Fora em 1997","robots":{"index":"index","follow":"follow","max-snippet":"max-snippet:-1","max-image-preview":"max-image-preview:large","max-video-preview":"max-video-preview:-1"},"canonical":"https:\/\/www.vitaimagem.com.br\/es\/medicos\/dr-cristiano-ferrari-siqueira\/","og_locale":"es_ES","og_type":"article","og_title":"Dr. Cristiano Ferrari Siqueira - Vita Imagem em Foz do Igua\u00e7u","og_description":"M\u00e9dico Radiologista com 25 anos de experi\u00eancia, Dr. Cristiano Ferrari Siqueira \u00e9 formado na Universidade de Juiz de Fora em 1997","og_url":"https:\/\/www.vitaimagem.com.br\/es\/medicos\/dr-cristiano-ferrari-siqueira\/","og_site_name":"Vita Imagem","article_modified_time":"2023-04-05T15:09:29+00:00","og_image":[{"width":600,"height":600,"url":"https:\/\/www.vitaimagem.com.br\/wp-content\/uploads\/2021\/03\/doutor_cristiano.png","type":"image\/png"}],"twitter_card":"summary_large_image","twitter_misc":{"Tiempo de lectura":"3 minutos"},"schema":{"@context":"https:\/\/schema.org","@graph":[{"@type":"WebPage","@id":"https:\/\/www.vitaimagem.com.br\/es\/medicos\/dr-cristiano-ferrari-siqueira\/","url":"https:\/\/www.vitaimagem.com.br\/es\/medicos\/dr-cristiano-ferrari-siqueira\/","name":"Dr. Cristiano Ferrari Siqueira - Vita Imagem em Foz do Igua\u00e7u","isPartOf":{"@id":"https:\/\/www.vitaimagem.com.br\/es\/#website"},"primaryImageOfPage":{"@id":"https:\/\/www.vitaimagem.com.br\/es\/medicos\/dr-cristiano-ferrari-siqueira\/#primaryimage"},"image":{"@id":"https:\/\/www.vitaimagem.com.br\/es\/medicos\/dr-cristiano-ferrari-siqueira\/#primaryimage"},"thumbnailUrl":"https:\/\/www.vitaimagem.com.br\/wp-content\/uploads\/2021\/03\/doutor_cristiano.png","datePublished":"2018-05-28T21:14:31+00:00","dateModified":"2023-04-05T15:09:29+00:00","description":"M\u00e9dico Radiologista com 25 anos de experi\u00eancia, Dr. Cristiano Ferrari Siqueira \u00e9 formado na Universidade de Juiz de Fora em 1997","breadcrumb":{"@id":"https:\/\/www.vitaimagem.com.br\/es\/medicos\/dr-cristiano-ferrari-siqueira\/#breadcrumb"},"inLanguage":"es","potentialAction":[{"@type":"ReadAction","target":["https:\/\/www.vitaimagem.com.br\/es\/medicos\/dr-cristiano-ferrari-siqueira\/"]}]},{"@type":"ImageObject","inLanguage":"es","@id":"https:\/\/www.vitaimagem.com.br\/es\/medicos\/dr-cristiano-ferrari-siqueira\/#primaryimage","url":"https:\/\/www.vitaimagem.com.br\/wp-content\/uploads\/2021\/03\/doutor_cristiano.png","contentUrl":"https:\/\/www.vitaimagem.com.br\/wp-content\/uploads\/2021\/03\/doutor_cristiano.png","width":600,"height":600},{"@type":"BreadcrumbList","@id":"https:\/\/www.vitaimagem.com.br\/es\/medicos\/dr-cristiano-ferrari-siqueira\/#breadcrumb","itemListElement":[{"@type":"ListItem","position":1,"name":"Home","item":"https:\/\/www.vitaimagem.com.br\/es\/"},{"@type":"ListItem","position":2,"name":"Dr. Cristiano Ferrari Siqueira"}]},{"@type":"WebSite","@id":"https:\/\/www.vitaimagem.com.br\/es\/#website","url":"https:\/\/www.vitaimagem.com.br\/es\/","name":"Vita Imagem","description":"Tecnologia a Favor da Vida - Foz do Igua\u00e7u - PR","publisher":{"@id":"https:\/\/www.vitaimagem.com.br\/es\/#organization"},"potentialAction":[{"@type":"SearchAction","target":{"@type":"EntryPoint","urlTemplate":"https:\/\/www.vitaimagem.com.br\/es\/?s={search_term_string}"},"query-input":{"@type":"PropertyValueSpecification","valueRequired":true,"valueName":"search_term_string"}}],"inLanguage":"es"},{"@type":"Organization","@id":"https:\/\/www.vitaimagem.com.br\/es\/#organization","name":"Vita Imagem","url":"https:\/\/www.vitaimagem.com.br\/es\/","logo":{"@type":"ImageObject","inLanguage":"es","@id":"https:\/\/www.vitaimagem.com.br\/es\/#\/schema\/logo\/image\/","url":"https:\/\/www.vitaimagem.com.br\/wp-content\/uploads\/2019\/05\/logo-da-vita-imagem.png","contentUrl":"https:\/\/www.vitaimagem.com.br\/wp-content\/uploads\/2019\/05\/logo-da-vita-imagem.png","width":1166,"height":714,"caption":"Vita Imagem"},"image":{"@id":"https:\/\/www.vitaimagem.com.br\/es\/#\/schema\/logo\/image\/"}}]}},"_links":{"self":[{"href":"https:\/\/www.vitaimagem.com.br\/es\/wp-json\/wp\/v2\/medicos\/2297","targetHints":{"allow":["GET"]}}],"collection":[{"href":"https:\/\/www.vitaimagem.com.br\/es\/wp-json\/wp\/v2\/medicos"}],"about":[{"href":"https:\/\/www.vitaimagem.com.br\/es\/wp-json\/wp\/v2\/types\/medicos"}],"wp:featuredmedia":[{"embeddable":true,"href":"https:\/\/www.vitaimagem.com.br\/es\/wp-json\/wp\/v2\/media\/3049"}],"wp:attachment":[{"href":"https:\/\/www.vitaimagem.com.br\/es\/wp-json\/wp\/v2\/media?parent=2297"}],"wp:term":[{"taxonomy":"post_tag","embeddable":true,"href":"https:\/\/www.vitaimagem.com.br\/es\/wp-json\/wp\/v2\/tags?post=2297"}],"curies":[{"name":"wp","href":"https:\/\/api.w.org\/{rel}","templated":true}]}}