{"id":2296,"date":"2018-05-28T18:14:16","date_gmt":"2018-05-28T21:14:16","guid":{"rendered":"http:\/\/vitaimagem.astronauta.cc\/?post_type=medicos&#038;p=2296"},"modified":"2021-03-02T01:33:08","modified_gmt":"2021-03-02T04:33:08","slug":"dr-christovao-conde-peres-junior","status":"publish","type":"medicos","link":"https:\/\/www.vitaimagem.com.br\/es\/medicos\/dr-christovao-conde-peres-junior\/","title":{"rendered":"Dr. Christ\u00f3v\u00e3o Conde Peres Junior"},"content":{"rendered":"<p>Dr. Christ\u00f3v\u00e3o Conde Peres Junior \u00e9 m\u00e9dico radiologista especializado com mais de 30 anos de experi\u00eancia, formado na Universidade Federal do Paran\u00e1 e parte integrante da equipe da equipe da Vita.Imagem.<\/p>\n<h3>Forma\u00e7\u00e3o<\/h3>\n<p><strong>\u00a0<\/strong>Curso de Medicina da <a href=\"https:\/\/www.ufpr.br\/portalufpr\/\" target=\"_blank\" rel=\"noopener\">Universidade Federal do Paran\u00e1<\/a> \u2013 Curitiba \u2013 PR<\/p>\n<ul>\n<li>1982 a 1987<\/li>\n<\/ul>\n<p>Resid\u00eancia M\u00e9dica na \u00e1rea de cirurgia geral no Hospital das Cl\u00ednicas da Universidade Federal do Paran\u00e1 \u2013 Curitiba \u2013 PR<\/p>\n<ul>\n<li>1988 a 1990<\/li>\n<\/ul>\n<p>Curso de P\u00f3s-Gradua\u00e7\u00e3o <em>Lato Sensu<\/em> MBA Gest\u00e3o Empresarial em Cooperativas com 360 horas-aula, pela Funda\u00e7\u00e3o Getulio Vargas \u2013 Porto Velho &#8211; RO<\/p>\n<ul>\n<li>2001 a 2003<\/li>\n<\/ul>\n<p>Curso de P\u00f3s-Gradua\u00e7\u00e3o <em>Lato Sensu <\/em>Doc\u00eancia Universit\u00e1ria com 390 horas-aula, pela Universidade Luterana do Brasil \u2013 Canoas \u2013 RS<\/p>\n<ul>\n<li>Conclus\u00e3o em 14 de junho de 2005<\/li>\n<\/ul>\n<p>Registro do T\u00edtulo de Especialista no CRM-PR n\u00ba. 14273.<\/p>\n<h3>Cursos, Congressos e Semin\u00e1rios<\/h3>\n<p>I Semin\u00e1rio de Princ\u00edpios de Anatomia e Patologia Radiol\u00f3gicas, promovido pelo Centro de Estudos do Hospital Nossa Senhora da Gra\u00e7as \u2013 Curitiba, 13 a 17 de maio de 1985.<\/p>\n<p>Curso B\u00e1sico de Ecografia em Ginecologia, Obstetr\u00edcia, Medicina Interna e Extra Abdominal, com carga hor\u00e1ria de 240 horas, no Instituto Forlanini de Pneumo-Radiologia, Curitiba de 01 a 30 de abril de 1990.<\/p>\n<p>IV Congresso Latino Americano de Esterelidade e Fertilidade participa\u00e7\u00e3o nas seguintes atividades:<\/p>\n<ul>\n<li>Congressista<\/li>\n<li>Tutorial de Microcirurgia, Endoscopia, Ultrassonografia e Laborat\u00f3rio \u2013 Carga hor\u00e1ria de 16h<\/li>\n<li>Curso Avan\u00e7ado de Ecografia<\/li>\n<li>S\u00e3o Paulo, 26 a 30 de junho de 1993.<\/li>\n<\/ul>\n<p>Curso de Ultrassonografia em Doppler, com carga hor\u00e1ria te\u00f3rico-pr\u00e1tica de 40h, no Centro de Treinamento em Ultrassonografia de S\u00e3o Paulo. S\u00e3o Paulo, de 05 a 09 de agosto de 1996.<\/p>\n<p>VII Congress Of The World Federation for ultrasound in medicine and Biology<\/p>\n<p>Buenos Aires, Argentina, de 01 a 05 de setembro de 1997.<\/p>\n<p>Curso de Ultrassonografia M\u00fasculo Esquel\u00e9tica, com carga hor\u00e1ria te\u00f3rico-pr\u00e1tica de 40 horas, no Centro de Treinamento em Ultrassonografia de S\u00e3o Paulo. S\u00e3o Paulo, de 11 a 15 de dezembro de 1997.<\/p>\n<p>Curso Continuado de Ultrassonografia do Col\u00e9gio Brasileiro de Radiologia<br \/>\nS\u00e3o Paulo, de 07 a 08 de mar\u00e7o de 1998.<\/p>\n<p>IV Curso de Atualiza\u00e7\u00e3o em Ultrassonografia, Tomografia Computadorizada e Resson\u00e2ncia Magn\u00e9tica<br \/>\nS\u00e3o Paulo, de 10 a 12 de outubro de 1998.<\/p>\n<p>29\u00ba Jornada Paulista de Radiologia<br \/>\nS\u00e3o Paulo, de 22 a 25 de abril de 1999.<\/p>\n<p>Curso Intensivo Te\u00f3rico-pr\u00e1tico de Cardiologia e Ecocardiografia Fetal<br \/>\nS\u00e3o Paulo, de 18, 19 e 20 de junho de 1999.<\/p>\n<p>Curso de Atualiza\u00e7\u00e3o em Ultrassonografia Ginecol\u00f3gica e Obst\u00e9trica<br \/>\nPorto Velho, de 13 a 14 de julho de 2001.<\/p>\n<p>VII Curso \u201cProf. Dr. Feres Secaf\u201d de atualiza\u00e7\u00e3o em US TC\/RM.<br \/>\nS\u00e3o Paulo, de 22 a 24 de agosto de 2003.<\/p>\n<p>Curso de Doppler Vascular Avan\u00e7ado \u2013 Arterial Car\u00f3tidas e Vertebrais, Arterial e Venoso Perif\u00e9rico<\/p>\n<ul>\n<li>Carga te\u00f3rico-pr\u00e1tico de 45h<\/li>\n<li>S\u00e3o Paulo, de 1 a 4 de julho de 2004.<\/li>\n<\/ul>\n<p>Curso Intensivo Avan\u00e7ado de Ultrassonografia em M\u00fasculo Esquel\u00e9tica<\/p>\n<ul>\n<li>Carga te\u00f3rico-pr\u00e1tico de 25h<\/li>\n<li>S\u00e3o Paulo, de 16 a 18 de junho de 2005.<\/li>\n<\/ul>\n<p>XXXV Congresso Brasileiro de Radiologia, X Congresso Latino-Americano de Radiologia Pedi\u00e1trica, IV Jornanda Sul de Radiologia e Diagn\u00f3stico por Imagem<\/p>\n<ul>\n<li>Curitiba, de 12 a 14 de outubro de 2006.<\/li>\n<li>Curso de Mamografia<\/li>\n<li>Carga te\u00f3rico-pr\u00e1tico de 22h<\/li>\n<li>S\u00e3o Paulo, de 27 a 29 de setembro de 2007.<\/li>\n<\/ul>\n<p>XLIV \u2013 Congresso Brasileiro de Radiologia \u2013 Realizado de 08 \u00e0 10 de outubro 2015, No Centro de Conven\u00e7\u00f5es Sulam\u00e9rica, no Rio de Janeiro\/RJ.<\/p>\n<ul>\n<li>Atualiza\u00e7\u00e3o em Choque Anafil\u00e1tico e Reanima\u00e7\u00e3o Cardiopulmonar em 17\/07\/2019.<\/li>\n<\/ul>\n<p>XLVIII Congresso Brasileiro de Radiologia e XXIX Jornada Norte-Nordeste, realizado de 10 a 12 de outubro de 2019, no Centro de Eventos do Cear\u00e1, na cidade de Fortaleza.<\/p>\n<p>Qualquer d\u00favida ou algo que queira dizer ao Dr. Christ\u00f3v\u00e3o Conde Peres Junior, por favor preencha o formul\u00e1rio abaixo que ele te responder\u00e1 em assim que poss\u00edvel. Mais sobre os outros m\u00e9dicos, <a href=\"https:\/\/www.vitaimagem.com.br\/medicos\/\">clique aqui.<\/a><\/p>\n","protected":false},"featured_media":2311,"template":"","tags":[],"class_list":["post-2296","medicos","type-medicos","status-publish","has-post-thumbnail","hentry"],"acf":[],"yoast_head":"<!-- This site is optimized with the Yoast SEO plugin v25.1 - https:\/\/yoast.com\/wordpress\/plugins\/seo\/ -->\n<title>Dr. Christ\u00f3v\u00e3o Conde Peres Junior Radiologista - Vita Imagem<\/title>\n<meta name=\"description\" content=\"M\u00e9dico Radiologista especializado em Ultrassonografias e exames de imagem diversos Dr. Christ\u00f3v\u00e3o Conde Peres Junior vai te auxiliar em todos os processos\" \/>\n<meta name=\"robots\" content=\"index, follow, max-snippet:-1, max-image-preview:large, max-video-preview:-1\" \/>\n<link rel=\"canonical\" href=\"https:\/\/www.vitaimagem.com.br\/es\/medicos\/dr-christovao-conde-peres-junior\/\" \/>\n<meta property=\"og:locale\" content=\"es_ES\" \/>\n<meta property=\"og:type\" content=\"article\" \/>\n<meta property=\"og:title\" content=\"Dr. Christ\u00f3v\u00e3o Conde Peres Junior Radiologista - Vita Imagem\" \/>\n<meta property=\"og:description\" content=\"M\u00e9dico Radiologista especializado em Ultrassonografias e exames de imagem diversos Dr. Christ\u00f3v\u00e3o Conde Peres Junior vai te auxiliar em todos os processos\" \/>\n<meta property=\"og:url\" content=\"https:\/\/www.vitaimagem.com.br\/es\/medicos\/dr-christovao-conde-peres-junior\/\" \/>\n<meta property=\"og:site_name\" content=\"Vita Imagem\" \/>\n<meta property=\"article:modified_time\" content=\"2021-03-02T04:33:08+00:00\" \/>\n<meta property=\"og:image\" content=\"https:\/\/www.vitaimagem.com.br\/wp-content\/uploads\/2018\/05\/drcristovao.png\" \/>\n\t<meta property=\"og:image:width\" content=\"600\" \/>\n\t<meta property=\"og:image:height\" content=\"600\" \/>\n\t<meta property=\"og:image:type\" content=\"image\/png\" \/>\n<meta name=\"twitter:card\" content=\"summary_large_image\" \/>\n<meta name=\"twitter:label1\" content=\"Tiempo de lectura\" \/>\n\t<meta name=\"twitter:data1\" content=\"3 minutos\" \/>\n<script type=\"application\/ld+json\" class=\"yoast-schema-graph\">{\"@context\":\"https:\/\/schema.org\",\"@graph\":[{\"@type\":\"WebPage\",\"@id\":\"https:\/\/www.vitaimagem.com.br\/es\/medicos\/dr-christovao-conde-peres-junior\/\",\"url\":\"https:\/\/www.vitaimagem.com.br\/es\/medicos\/dr-christovao-conde-peres-junior\/\",\"name\":\"Dr. Christ\u00f3v\u00e3o Conde Peres Junior Radiologista - Vita Imagem\",\"isPartOf\":{\"@id\":\"https:\/\/www.vitaimagem.com.br\/es\/#website\"},\"primaryImageOfPage\":{\"@id\":\"https:\/\/www.vitaimagem.com.br\/es\/medicos\/dr-christovao-conde-peres-junior\/#primaryimage\"},\"image\":{\"@id\":\"https:\/\/www.vitaimagem.com.br\/es\/medicos\/dr-christovao-conde-peres-junior\/#primaryimage\"},\"thumbnailUrl\":\"https:\/\/www.vitaimagem.com.br\/wp-content\/uploads\/2018\/05\/drcristovao.png\",\"datePublished\":\"2018-05-28T21:14:16+00:00\",\"dateModified\":\"2021-03-02T04:33:08+00:00\",\"description\":\"M\u00e9dico Radiologista especializado em Ultrassonografias e exames de imagem diversos Dr. Christ\u00f3v\u00e3o Conde Peres Junior vai te auxiliar em todos os processos\",\"breadcrumb\":{\"@id\":\"https:\/\/www.vitaimagem.com.br\/es\/medicos\/dr-christovao-conde-peres-junior\/#breadcrumb\"},\"inLanguage\":\"es\",\"potentialAction\":[{\"@type\":\"ReadAction\",\"target\":[\"https:\/\/www.vitaimagem.com.br\/es\/medicos\/dr-christovao-conde-peres-junior\/\"]}]},{\"@type\":\"ImageObject\",\"inLanguage\":\"es\",\"@id\":\"https:\/\/www.vitaimagem.com.br\/es\/medicos\/dr-christovao-conde-peres-junior\/#primaryimage\",\"url\":\"https:\/\/www.vitaimagem.com.br\/wp-content\/uploads\/2018\/05\/drcristovao.png\",\"contentUrl\":\"https:\/\/www.vitaimagem.com.br\/wp-content\/uploads\/2018\/05\/drcristovao.png\",\"width\":600,\"height\":600,\"caption\":\"Dr. Christovan Conde Peres Junior\"},{\"@type\":\"BreadcrumbList\",\"@id\":\"https:\/\/www.vitaimagem.com.br\/es\/medicos\/dr-christovao-conde-peres-junior\/#breadcrumb\",\"itemListElement\":[{\"@type\":\"ListItem\",\"position\":1,\"name\":\"Home\",\"item\":\"https:\/\/www.vitaimagem.com.br\/es\/\"},{\"@type\":\"ListItem\",\"position\":2,\"name\":\"Dr. Christ\u00f3v\u00e3o Conde Peres Junior\"}]},{\"@type\":\"WebSite\",\"@id\":\"https:\/\/www.vitaimagem.com.br\/es\/#website\",\"url\":\"https:\/\/www.vitaimagem.com.br\/es\/\",\"name\":\"Vita Imagem\",\"description\":\"Tecnologia a Favor da Vida - Foz do Igua\u00e7u - PR\",\"publisher\":{\"@id\":\"https:\/\/www.vitaimagem.com.br\/es\/#organization\"},\"potentialAction\":[{\"@type\":\"SearchAction\",\"target\":{\"@type\":\"EntryPoint\",\"urlTemplate\":\"https:\/\/www.vitaimagem.com.br\/es\/?s={search_term_string}\"},\"query-input\":{\"@type\":\"PropertyValueSpecification\",\"valueRequired\":true,\"valueName\":\"search_term_string\"}}],\"inLanguage\":\"es\"},{\"@type\":\"Organization\",\"@id\":\"https:\/\/www.vitaimagem.com.br\/es\/#organization\",\"name\":\"Vita Imagem\",\"url\":\"https:\/\/www.vitaimagem.com.br\/es\/\",\"logo\":{\"@type\":\"ImageObject\",\"inLanguage\":\"es\",\"@id\":\"https:\/\/www.vitaimagem.com.br\/es\/#\/schema\/logo\/image\/\",\"url\":\"https:\/\/www.vitaimagem.com.br\/wp-content\/uploads\/2019\/05\/logo-da-vita-imagem.png\",\"contentUrl\":\"https:\/\/www.vitaimagem.com.br\/wp-content\/uploads\/2019\/05\/logo-da-vita-imagem.png\",\"width\":1166,\"height\":714,\"caption\":\"Vita Imagem\"},\"image\":{\"@id\":\"https:\/\/www.vitaimagem.com.br\/es\/#\/schema\/logo\/image\/\"}}]}<\/script>\n<!-- \/ Yoast SEO plugin. -->","yoast_head_json":{"title":"Dr. Christ\u00f3v\u00e3o Conde Peres Junior Radiologista - Vita Imagem","description":"M\u00e9dico Radiologista especializado em Ultrassonografias e exames de imagem diversos Dr. Christ\u00f3v\u00e3o Conde Peres Junior vai te auxiliar em todos os processos","robots":{"index":"index","follow":"follow","max-snippet":"max-snippet:-1","max-image-preview":"max-image-preview:large","max-video-preview":"max-video-preview:-1"},"canonical":"https:\/\/www.vitaimagem.com.br\/es\/medicos\/dr-christovao-conde-peres-junior\/","og_locale":"es_ES","og_type":"article","og_title":"Dr. Christ\u00f3v\u00e3o Conde Peres Junior Radiologista - Vita Imagem","og_description":"M\u00e9dico Radiologista especializado em Ultrassonografias e exames de imagem diversos Dr. Christ\u00f3v\u00e3o Conde Peres Junior vai te auxiliar em todos os processos","og_url":"https:\/\/www.vitaimagem.com.br\/es\/medicos\/dr-christovao-conde-peres-junior\/","og_site_name":"Vita Imagem","article_modified_time":"2021-03-02T04:33:08+00:00","og_image":[{"width":600,"height":600,"url":"https:\/\/www.vitaimagem.com.br\/wp-content\/uploads\/2018\/05\/drcristovao.png","type":"image\/png"}],"twitter_card":"summary_large_image","twitter_misc":{"Tiempo de lectura":"3 minutos"},"schema":{"@context":"https:\/\/schema.org","@graph":[{"@type":"WebPage","@id":"https:\/\/www.vitaimagem.com.br\/es\/medicos\/dr-christovao-conde-peres-junior\/","url":"https:\/\/www.vitaimagem.com.br\/es\/medicos\/dr-christovao-conde-peres-junior\/","name":"Dr. Christ\u00f3v\u00e3o Conde Peres Junior Radiologista - Vita Imagem","isPartOf":{"@id":"https:\/\/www.vitaimagem.com.br\/es\/#website"},"primaryImageOfPage":{"@id":"https:\/\/www.vitaimagem.com.br\/es\/medicos\/dr-christovao-conde-peres-junior\/#primaryimage"},"image":{"@id":"https:\/\/www.vitaimagem.com.br\/es\/medicos\/dr-christovao-conde-peres-junior\/#primaryimage"},"thumbnailUrl":"https:\/\/www.vitaimagem.com.br\/wp-content\/uploads\/2018\/05\/drcristovao.png","datePublished":"2018-05-28T21:14:16+00:00","dateModified":"2021-03-02T04:33:08+00:00","description":"M\u00e9dico Radiologista especializado em Ultrassonografias e exames de imagem diversos Dr. Christ\u00f3v\u00e3o Conde Peres Junior vai te auxiliar em todos os processos","breadcrumb":{"@id":"https:\/\/www.vitaimagem.com.br\/es\/medicos\/dr-christovao-conde-peres-junior\/#breadcrumb"},"inLanguage":"es","potentialAction":[{"@type":"ReadAction","target":["https:\/\/www.vitaimagem.com.br\/es\/medicos\/dr-christovao-conde-peres-junior\/"]}]},{"@type":"ImageObject","inLanguage":"es","@id":"https:\/\/www.vitaimagem.com.br\/es\/medicos\/dr-christovao-conde-peres-junior\/#primaryimage","url":"https:\/\/www.vitaimagem.com.br\/wp-content\/uploads\/2018\/05\/drcristovao.png","contentUrl":"https:\/\/www.vitaimagem.com.br\/wp-content\/uploads\/2018\/05\/drcristovao.png","width":600,"height":600,"caption":"Dr. Christovan Conde Peres Junior"},{"@type":"BreadcrumbList","@id":"https:\/\/www.vitaimagem.com.br\/es\/medicos\/dr-christovao-conde-peres-junior\/#breadcrumb","itemListElement":[{"@type":"ListItem","position":1,"name":"Home","item":"https:\/\/www.vitaimagem.com.br\/es\/"},{"@type":"ListItem","position":2,"name":"Dr. Christ\u00f3v\u00e3o Conde Peres Junior"}]},{"@type":"WebSite","@id":"https:\/\/www.vitaimagem.com.br\/es\/#website","url":"https:\/\/www.vitaimagem.com.br\/es\/","name":"Vita Imagem","description":"Tecnologia a Favor da Vida - Foz do Igua\u00e7u - PR","publisher":{"@id":"https:\/\/www.vitaimagem.com.br\/es\/#organization"},"potentialAction":[{"@type":"SearchAction","target":{"@type":"EntryPoint","urlTemplate":"https:\/\/www.vitaimagem.com.br\/es\/?s={search_term_string}"},"query-input":{"@type":"PropertyValueSpecification","valueRequired":true,"valueName":"search_term_string"}}],"inLanguage":"es"},{"@type":"Organization","@id":"https:\/\/www.vitaimagem.com.br\/es\/#organization","name":"Vita Imagem","url":"https:\/\/www.vitaimagem.com.br\/es\/","logo":{"@type":"ImageObject","inLanguage":"es","@id":"https:\/\/www.vitaimagem.com.br\/es\/#\/schema\/logo\/image\/","url":"https:\/\/www.vitaimagem.com.br\/wp-content\/uploads\/2019\/05\/logo-da-vita-imagem.png","contentUrl":"https:\/\/www.vitaimagem.com.br\/wp-content\/uploads\/2019\/05\/logo-da-vita-imagem.png","width":1166,"height":714,"caption":"Vita Imagem"},"image":{"@id":"https:\/\/www.vitaimagem.com.br\/es\/#\/schema\/logo\/image\/"}}]}},"_links":{"self":[{"href":"https:\/\/www.vitaimagem.com.br\/es\/wp-json\/wp\/v2\/medicos\/2296","targetHints":{"allow":["GET"]}}],"collection":[{"href":"https:\/\/www.vitaimagem.com.br\/es\/wp-json\/wp\/v2\/medicos"}],"about":[{"href":"https:\/\/www.vitaimagem.com.br\/es\/wp-json\/wp\/v2\/types\/medicos"}],"wp:featuredmedia":[{"embeddable":true,"href":"https:\/\/www.vitaimagem.com.br\/es\/wp-json\/wp\/v2\/media\/2311"}],"wp:attachment":[{"href":"https:\/\/www.vitaimagem.com.br\/es\/wp-json\/wp\/v2\/media?parent=2296"}],"wp:term":[{"taxonomy":"post_tag","embeddable":true,"href":"https:\/\/www.vitaimagem.com.br\/es\/wp-json\/wp\/v2\/tags?post=2296"}],"curies":[{"name":"wp","href":"https:\/\/api.w.org\/{rel}","templated":true}]}}