{"id":2203,"date":"2018-04-13T01:11:06","date_gmt":"2018-04-13T04:11:06","guid":{"rendered":"http:\/\/vitaimagem.astronauta.cc\/?post_type=medicos&#038;p=2203"},"modified":"2021-03-24T11:54:49","modified_gmt":"2021-03-24T14:54:49","slug":"dr-alexsandro-rodrigues-de-oliveira","status":"publish","type":"medicos","link":"https:\/\/www.vitaimagem.com.br\/es\/medicos\/dr-alexsandro-rodrigues-de-oliveira\/","title":{"rendered":"Dr. Alexsandro Rodrigues de Oliveira"},"content":{"rendered":"<p>M\u00e9dico Radiologista com 25 anos de experi\u00eancia, Dr. Alexsandro Rodrigues de Oliveira \u00e9 formado na Universidade de Juiz de Fora em 1996 e parte integrante da equipe da equipe da Vita.Imagem.<\/p>\r\n<h2>Forma\u00e7\u00e3o<\/h2>\r\n<p>Curso de Medicina na <a href=\"https:\/\/www2.ufjf.br\/ufjf\/\" target=\"_blank\" rel=\"noopener noreferrer\">Universidade Federal de Juiz de Fora<\/a><\/p>\r\n<ul>\r\n<li>Janeiro\/1991 a dezembro\/1996<\/li>\r\n<\/ul>\r\n<p>Especializa\u00e7\u00e3o de Radiologia no Centro de Diagn\u00f3stico da Santa Casa de Belo Horizonte<\/p>\r\n<ul>\r\n<li>Janeiro de 1997 a dezembro de 1999<\/li>\r\n<\/ul>\r\n<p>Especializa\u00e7\u00e3o em Diagn\u00f3stico por Imagem com \u00canfase em Resson\u00e2ncia Magn\u00e9tica na Cl\u00ednica Imagem em Florian\u00f3polis \u2013 SC<\/p>\r\n<ul>\r\n<li>Abril de 2000 a outubro de 2001<\/li>\r\n<\/ul>\r\n<p>Membro Titular do Col\u00e9gio Brasileiro de Radiologia (Diagn\u00f3stico por Imagem), aprovado em outubro de 2006.<\/p>\r\n<h3>Cursos, Congressos e Semin\u00e1rios<\/h3>\r\n<p>Pr\u00e9-Congresso do XXVII Congresso Brasileiro de Radiologia e VI Congresso Brasileiro de Ultrassonografia &#8211; Belo Horizonte \u2013 MG<\/p>\r\n<ul>\r\n<li>04 a 07 de setembro de 1998<\/li>\r\n<li>36horas<\/li>\r\n<\/ul>\r\n<p>Ultra Som Ginecol\u00f3gico e Obst\u00e9trico &#8211; Centro de Estudos e Pesquisas Cl\u00f3vis Salgado (CEPECS) Belo Horizonte \u2013 MG<\/p>\r\n<ul>\r\n<li>12 a 30 de abril de 1999<\/li>\r\n<li>60 horas<\/li>\r\n<\/ul>\r\n<p>Atualiza\u00e7\u00e3o em Diagn\u00f3stico por Imagem em Pneumologia &#8211; Hospital Universit\u00e1rio Pedro Ernesto da UERJ<\/p>\r\n<ul>\r\n<li>14, 15, 21 e 22 de junho de 1996<\/li>\r\n<li>48 horas<\/li>\r\n<\/ul>\r\n<p>XXVII Congresso Brasileiro de Radiologia \/ VI Congresso Brasileiro de Ultra-Sonografia &#8211; Belo Horizonte \u2013 MG<\/p>\r\n<ul>\r\n<li>04 a 07 de setembro de 1998<\/li>\r\n<\/ul>\r\n<p>I Congresso de Imagenologia da Mulher da Sociedade de Ginecologia e Obstetr\u00edcia de Minas Gerais &#8211; Belo Horizonte \u2013 MG<\/p>\r\n<ul>\r\n<li>12 a 14 de agosto de 1999<\/li>\r\n<\/ul>\r\n<p>XXIX Congresso Brasileiro de Radiologia &#8211; Salvador \u2013 BA<\/p>\r\n<ul>\r\n<li>11 a 15 de novembro de 2000<\/li>\r\n<\/ul>\r\n<p>XXXII Jornada Paulista de Radiologia &#8211; S\u00e3o Paulo \u2013 SP<\/p>\r\n<ul>\r\n<li>27 a 30 de abril de 2002<\/li>\r\n<\/ul>\r\n<p>XXXI Congresso Brasileiro de Radiologia &#8211; S\u00e3o Paulo \u2013 SP<\/p>\r\n<ul>\r\n<li>24 a 27 de outubro de 2002<\/li>\r\n<\/ul>\r\n<p>Atualiza\u00e7\u00e3o em Choque Anafil\u00e1tico e Reanima\u00e7\u00e3o Cardiopulmonar em 17\/07\/2019.<\/p>\r\n<h3>Experi\u00eancia Profissional<\/h3>\r\n<p>Plantonista em Radiologia do Pronto Socorro do Hospital Jo\u00e3o XXIII \u2013 FHEMIG, Belo Horizonte \u2013 MG.<\/p>\r\n<ul>\r\n<li>Agosto de 1999 a mar\u00e7o de 2000<\/li>\r\n<\/ul>\r\n<p>M\u00e9dico Radiologista do Hospital Ministro Costa Cavalcanti em Foz do Igua\u00e7u \u2013 PR Outubro de 2001 at\u00e9 o momento.<\/p>\r\n<p>Qualquer d\u00favida ou algo que queira dizer ao Dr. Alexsandro Rodrigues de Oliveira, por favor preencha o formul\u00e1rio abaixo que ele te responder\u00e1 em assim que poss\u00edvel. Mais sobre os outros m\u00e9dicos, <a href=\"https:\/\/www.vitaimagem.com.br\/medicos\/\">clique aqui.<\/a><\/p>\r\n\r\n<p>&nbsp;<\/p>\r\n","protected":false},"featured_media":2329,"template":"","tags":[],"class_list":["post-2203","medicos","type-medicos","status-publish","has-post-thumbnail","hentry"],"acf":[],"yoast_head":"<!-- This site is optimized with the Yoast SEO plugin v25.1 - https:\/\/yoast.com\/wordpress\/plugins\/seo\/ -->\n<title>Dr. Alexsandro Rodrigues de Oliveira - Vita Imagem<\/title>\n<meta name=\"description\" content=\"M\u00e9dico Radiologista com 25 anos de experi\u00eancia, Dr. Alexsandro Rodrigues de Oliveira \u00e9 formado na Universidade de Juiz de Fora em 1996\" \/>\n<meta name=\"robots\" content=\"index, follow, max-snippet:-1, max-image-preview:large, max-video-preview:-1\" \/>\n<link rel=\"canonical\" href=\"https:\/\/www.vitaimagem.com.br\/es\/medicos\/dr-alexsandro-rodrigues-de-oliveira\/\" \/>\n<meta property=\"og:locale\" content=\"es_ES\" \/>\n<meta property=\"og:type\" content=\"article\" \/>\n<meta property=\"og:title\" content=\"Dr. Alexsandro Rodrigues de Oliveira - Vita Imagem\" \/>\n<meta property=\"og:description\" content=\"M\u00e9dico Radiologista com 25 anos de experi\u00eancia, Dr. Alexsandro Rodrigues de Oliveira \u00e9 formado na Universidade de Juiz de Fora em 1996\" \/>\n<meta property=\"og:url\" content=\"https:\/\/www.vitaimagem.com.br\/es\/medicos\/dr-alexsandro-rodrigues-de-oliveira\/\" \/>\n<meta property=\"og:site_name\" content=\"Vita Imagem\" \/>\n<meta property=\"article:modified_time\" content=\"2021-03-24T14:54:49+00:00\" \/>\n<meta property=\"og:image\" content=\"https:\/\/www.vitaimagem.com.br\/wp-content\/uploads\/2018\/05\/dralex.png\" \/>\n\t<meta property=\"og:image:width\" content=\"600\" \/>\n\t<meta property=\"og:image:height\" content=\"600\" \/>\n\t<meta property=\"og:image:type\" content=\"image\/png\" \/>\n<meta name=\"twitter:card\" content=\"summary_large_image\" \/>\n<meta name=\"twitter:label1\" content=\"Tiempo de lectura\" \/>\n\t<meta name=\"twitter:data1\" content=\"2 minutos\" \/>\n<script type=\"application\/ld+json\" class=\"yoast-schema-graph\">{\"@context\":\"https:\/\/schema.org\",\"@graph\":[{\"@type\":\"WebPage\",\"@id\":\"https:\/\/www.vitaimagem.com.br\/es\/medicos\/dr-alexsandro-rodrigues-de-oliveira\/\",\"url\":\"https:\/\/www.vitaimagem.com.br\/es\/medicos\/dr-alexsandro-rodrigues-de-oliveira\/\",\"name\":\"Dr. Alexsandro Rodrigues de Oliveira - Vita Imagem\",\"isPartOf\":{\"@id\":\"https:\/\/www.vitaimagem.com.br\/es\/#website\"},\"primaryImageOfPage\":{\"@id\":\"https:\/\/www.vitaimagem.com.br\/es\/medicos\/dr-alexsandro-rodrigues-de-oliveira\/#primaryimage\"},\"image\":{\"@id\":\"https:\/\/www.vitaimagem.com.br\/es\/medicos\/dr-alexsandro-rodrigues-de-oliveira\/#primaryimage\"},\"thumbnailUrl\":\"https:\/\/www.vitaimagem.com.br\/wp-content\/uploads\/2018\/05\/dralex.png\",\"datePublished\":\"2018-04-13T04:11:06+00:00\",\"dateModified\":\"2021-03-24T14:54:49+00:00\",\"description\":\"M\u00e9dico Radiologista com 25 anos de experi\u00eancia, Dr. Alexsandro Rodrigues de Oliveira \u00e9 formado na Universidade de Juiz de Fora em 1996\",\"breadcrumb\":{\"@id\":\"https:\/\/www.vitaimagem.com.br\/es\/medicos\/dr-alexsandro-rodrigues-de-oliveira\/#breadcrumb\"},\"inLanguage\":\"es\",\"potentialAction\":[{\"@type\":\"ReadAction\",\"target\":[\"https:\/\/www.vitaimagem.com.br\/es\/medicos\/dr-alexsandro-rodrigues-de-oliveira\/\"]}]},{\"@type\":\"ImageObject\",\"inLanguage\":\"es\",\"@id\":\"https:\/\/www.vitaimagem.com.br\/es\/medicos\/dr-alexsandro-rodrigues-de-oliveira\/#primaryimage\",\"url\":\"https:\/\/www.vitaimagem.com.br\/wp-content\/uploads\/2018\/05\/dralex.png\",\"contentUrl\":\"https:\/\/www.vitaimagem.com.br\/wp-content\/uploads\/2018\/05\/dralex.png\",\"width\":600,\"height\":600,\"caption\":\"Dr. Alexsandro Rodrigues de Oliveira - M\u00e9dico da Vita.Imagem em Foz do Igua\u00e7u\"},{\"@type\":\"BreadcrumbList\",\"@id\":\"https:\/\/www.vitaimagem.com.br\/es\/medicos\/dr-alexsandro-rodrigues-de-oliveira\/#breadcrumb\",\"itemListElement\":[{\"@type\":\"ListItem\",\"position\":1,\"name\":\"Home\",\"item\":\"https:\/\/www.vitaimagem.com.br\/es\/\"},{\"@type\":\"ListItem\",\"position\":2,\"name\":\"Dr. Alexsandro Rodrigues de Oliveira\"}]},{\"@type\":\"WebSite\",\"@id\":\"https:\/\/www.vitaimagem.com.br\/es\/#website\",\"url\":\"https:\/\/www.vitaimagem.com.br\/es\/\",\"name\":\"Vita Imagem\",\"description\":\"Tecnologia a Favor da Vida - Foz do Igua\u00e7u - PR\",\"publisher\":{\"@id\":\"https:\/\/www.vitaimagem.com.br\/es\/#organization\"},\"potentialAction\":[{\"@type\":\"SearchAction\",\"target\":{\"@type\":\"EntryPoint\",\"urlTemplate\":\"https:\/\/www.vitaimagem.com.br\/es\/?s={search_term_string}\"},\"query-input\":{\"@type\":\"PropertyValueSpecification\",\"valueRequired\":true,\"valueName\":\"search_term_string\"}}],\"inLanguage\":\"es\"},{\"@type\":\"Organization\",\"@id\":\"https:\/\/www.vitaimagem.com.br\/es\/#organization\",\"name\":\"Vita Imagem\",\"url\":\"https:\/\/www.vitaimagem.com.br\/es\/\",\"logo\":{\"@type\":\"ImageObject\",\"inLanguage\":\"es\",\"@id\":\"https:\/\/www.vitaimagem.com.br\/es\/#\/schema\/logo\/image\/\",\"url\":\"https:\/\/www.vitaimagem.com.br\/wp-content\/uploads\/2019\/05\/logo-da-vita-imagem.png\",\"contentUrl\":\"https:\/\/www.vitaimagem.com.br\/wp-content\/uploads\/2019\/05\/logo-da-vita-imagem.png\",\"width\":1166,\"height\":714,\"caption\":\"Vita Imagem\"},\"image\":{\"@id\":\"https:\/\/www.vitaimagem.com.br\/es\/#\/schema\/logo\/image\/\"}}]}<\/script>\n<!-- \/ Yoast SEO plugin. -->","yoast_head_json":{"title":"Dr. Alexsandro Rodrigues de Oliveira - Vita Imagem","description":"M\u00e9dico Radiologista com 25 anos de experi\u00eancia, Dr. Alexsandro Rodrigues de Oliveira \u00e9 formado na Universidade de Juiz de Fora em 1996","robots":{"index":"index","follow":"follow","max-snippet":"max-snippet:-1","max-image-preview":"max-image-preview:large","max-video-preview":"max-video-preview:-1"},"canonical":"https:\/\/www.vitaimagem.com.br\/es\/medicos\/dr-alexsandro-rodrigues-de-oliveira\/","og_locale":"es_ES","og_type":"article","og_title":"Dr. Alexsandro Rodrigues de Oliveira - Vita Imagem","og_description":"M\u00e9dico Radiologista com 25 anos de experi\u00eancia, Dr. Alexsandro Rodrigues de Oliveira \u00e9 formado na Universidade de Juiz de Fora em 1996","og_url":"https:\/\/www.vitaimagem.com.br\/es\/medicos\/dr-alexsandro-rodrigues-de-oliveira\/","og_site_name":"Vita Imagem","article_modified_time":"2021-03-24T14:54:49+00:00","og_image":[{"width":600,"height":600,"url":"https:\/\/www.vitaimagem.com.br\/wp-content\/uploads\/2018\/05\/dralex.png","type":"image\/png"}],"twitter_card":"summary_large_image","twitter_misc":{"Tiempo de lectura":"2 minutos"},"schema":{"@context":"https:\/\/schema.org","@graph":[{"@type":"WebPage","@id":"https:\/\/www.vitaimagem.com.br\/es\/medicos\/dr-alexsandro-rodrigues-de-oliveira\/","url":"https:\/\/www.vitaimagem.com.br\/es\/medicos\/dr-alexsandro-rodrigues-de-oliveira\/","name":"Dr. Alexsandro Rodrigues de Oliveira - Vita Imagem","isPartOf":{"@id":"https:\/\/www.vitaimagem.com.br\/es\/#website"},"primaryImageOfPage":{"@id":"https:\/\/www.vitaimagem.com.br\/es\/medicos\/dr-alexsandro-rodrigues-de-oliveira\/#primaryimage"},"image":{"@id":"https:\/\/www.vitaimagem.com.br\/es\/medicos\/dr-alexsandro-rodrigues-de-oliveira\/#primaryimage"},"thumbnailUrl":"https:\/\/www.vitaimagem.com.br\/wp-content\/uploads\/2018\/05\/dralex.png","datePublished":"2018-04-13T04:11:06+00:00","dateModified":"2021-03-24T14:54:49+00:00","description":"M\u00e9dico Radiologista com 25 anos de experi\u00eancia, Dr. Alexsandro Rodrigues de Oliveira \u00e9 formado na Universidade de Juiz de Fora em 1996","breadcrumb":{"@id":"https:\/\/www.vitaimagem.com.br\/es\/medicos\/dr-alexsandro-rodrigues-de-oliveira\/#breadcrumb"},"inLanguage":"es","potentialAction":[{"@type":"ReadAction","target":["https:\/\/www.vitaimagem.com.br\/es\/medicos\/dr-alexsandro-rodrigues-de-oliveira\/"]}]},{"@type":"ImageObject","inLanguage":"es","@id":"https:\/\/www.vitaimagem.com.br\/es\/medicos\/dr-alexsandro-rodrigues-de-oliveira\/#primaryimage","url":"https:\/\/www.vitaimagem.com.br\/wp-content\/uploads\/2018\/05\/dralex.png","contentUrl":"https:\/\/www.vitaimagem.com.br\/wp-content\/uploads\/2018\/05\/dralex.png","width":600,"height":600,"caption":"Dr. Alexsandro Rodrigues de Oliveira - M\u00e9dico da Vita.Imagem em Foz do Igua\u00e7u"},{"@type":"BreadcrumbList","@id":"https:\/\/www.vitaimagem.com.br\/es\/medicos\/dr-alexsandro-rodrigues-de-oliveira\/#breadcrumb","itemListElement":[{"@type":"ListItem","position":1,"name":"Home","item":"https:\/\/www.vitaimagem.com.br\/es\/"},{"@type":"ListItem","position":2,"name":"Dr. Alexsandro Rodrigues de Oliveira"}]},{"@type":"WebSite","@id":"https:\/\/www.vitaimagem.com.br\/es\/#website","url":"https:\/\/www.vitaimagem.com.br\/es\/","name":"Vita Imagem","description":"Tecnologia a Favor da Vida - Foz do Igua\u00e7u - PR","publisher":{"@id":"https:\/\/www.vitaimagem.com.br\/es\/#organization"},"potentialAction":[{"@type":"SearchAction","target":{"@type":"EntryPoint","urlTemplate":"https:\/\/www.vitaimagem.com.br\/es\/?s={search_term_string}"},"query-input":{"@type":"PropertyValueSpecification","valueRequired":true,"valueName":"search_term_string"}}],"inLanguage":"es"},{"@type":"Organization","@id":"https:\/\/www.vitaimagem.com.br\/es\/#organization","name":"Vita Imagem","url":"https:\/\/www.vitaimagem.com.br\/es\/","logo":{"@type":"ImageObject","inLanguage":"es","@id":"https:\/\/www.vitaimagem.com.br\/es\/#\/schema\/logo\/image\/","url":"https:\/\/www.vitaimagem.com.br\/wp-content\/uploads\/2019\/05\/logo-da-vita-imagem.png","contentUrl":"https:\/\/www.vitaimagem.com.br\/wp-content\/uploads\/2019\/05\/logo-da-vita-imagem.png","width":1166,"height":714,"caption":"Vita Imagem"},"image":{"@id":"https:\/\/www.vitaimagem.com.br\/es\/#\/schema\/logo\/image\/"}}]}},"_links":{"self":[{"href":"https:\/\/www.vitaimagem.com.br\/es\/wp-json\/wp\/v2\/medicos\/2203","targetHints":{"allow":["GET"]}}],"collection":[{"href":"https:\/\/www.vitaimagem.com.br\/es\/wp-json\/wp\/v2\/medicos"}],"about":[{"href":"https:\/\/www.vitaimagem.com.br\/es\/wp-json\/wp\/v2\/types\/medicos"}],"wp:featuredmedia":[{"embeddable":true,"href":"https:\/\/www.vitaimagem.com.br\/es\/wp-json\/wp\/v2\/media\/2329"}],"wp:attachment":[{"href":"https:\/\/www.vitaimagem.com.br\/es\/wp-json\/wp\/v2\/media?parent=2203"}],"wp:term":[{"taxonomy":"post_tag","embeddable":true,"href":"https:\/\/www.vitaimagem.com.br\/es\/wp-json\/wp\/v2\/tags?post=2203"}],"curies":[{"name":"wp","href":"https:\/\/api.w.org\/{rel}","templated":true}]}}